 
{"id":730,"date":"2023-01-09T14:23:54","date_gmt":"2023-01-09T13:23:54","guid":{"rendered":"https:\/\/zpe.uni-siegen.de\/unbrk-kommunal\/?page_id=730"},"modified":"2025-10-17T12:19:54","modified_gmt":"2025-10-17T10:19:54","slug":"neuigkeiten-in-leichter-sprache","status":"publish","type":"page","link":"https:\/\/zpe.uni-siegen.de\/unbrk-kommunal\/neuigkeiten-in-leichter-sprache\/","title":{"rendered":"Neuigkeiten in Leichter Sprache"},"content":{"rendered":"<div id=\"pl-gb730-69f1d0e1babda\"  class=\"panel-layout\" ><div id=\"pg-gb730-69f1d0e1babda-0\"  class=\"panel-grid panel-no-style\" ><div id=\"pgc-gb730-69f1d0e1babda-0-0\"  class=\"panel-grid-cell\" ><div id=\"panel-gb730-69f1d0e1babda-0-0-0\" class=\"so-panel widget widget_text panel-first-child panel-last-child\" data-index=\"0\" ><div class=\"panel-widget-style panel-widget-style-for-gb730-69f1d0e1babda-0-0-0\" >\t\t\t<div class=\"textwidget\"><p><strong>Es gibt einen neuen Newsletter (Oktober 2025)<\/strong><\/p>\n<\/div>\n\t\t<\/div><\/div><\/div><\/div><div id=\"pg-gb730-69f1d0e1babda-1\"  class=\"panel-grid panel-no-style\" ><div id=\"pgc-gb730-69f1d0e1babda-1-0\"  class=\"panel-grid-cell\" ><div id=\"panel-gb730-69f1d0e1babda-1-0-0\" class=\"so-panel widget widget_text panel-first-child panel-last-child\" data-index=\"1\" ><div class=\"panel-widget-style panel-widget-style-for-gb730-69f1d0e1babda-1-0-0\" >\t\t\t<div class=\"textwidget\"><p>Wir haben einen neuen Newsletter gemacht.<\/p>\n<p>Das ist der sechste und letzte Newsletter von unserem Projekt:<\/p>\n<p>Das Projekt ist jetzt zu Ende.<\/p>\n<p>Der Newsletter ist in Leichter Sprache.<\/p>\n<p>Den Newsletter finden Sie, <a href=\"https:\/\/zpe.uni-siegen.de\/unbrk-kommunal\/wp-content\/uploads\/sites\/2\/2025\/10\/UN-BRK-kommunal_Newsletter_LS_06_2025.pdf\">wenn Sie auf diesen Text klicken<\/a>.<\/p>\n<\/div>\n\t\t<\/div><\/div><\/div><div id=\"pgc-gb730-69f1d0e1babda-1-1\"  class=\"panel-grid-cell\" ><div id=\"panel-gb730-69f1d0e1babda-1-1-0\" class=\"so-panel widget widget_media_image panel-first-child panel-last-child\" data-index=\"2\" ><img loading=\"lazy\" decoding=\"async\" width=\"300\" height=\"260\" src=\"https:\/\/zpe.uni-siegen.de\/unbrk-kommunal\/wp-content\/uploads\/sites\/2\/2022\/11\/email-300x260.png\" class=\"image wp-image-558  attachment-medium size-medium\" alt=\"\" style=\"max-width: 100%; height: auto;\" srcset=\"https:\/\/zpe.uni-siegen.de\/unbrk-kommunal\/wp-content\/uploads\/sites\/2\/2022\/11\/email-300x260.png 300w, https:\/\/zpe.uni-siegen.de\/unbrk-kommunal\/wp-content\/uploads\/sites\/2\/2022\/11\/email-1024x888.png 1024w, https:\/\/zpe.uni-siegen.de\/unbrk-kommunal\/wp-content\/uploads\/sites\/2\/2022\/11\/email-768x666.png 768w, https:\/\/zpe.uni-siegen.de\/unbrk-kommunal\/wp-content\/uploads\/sites\/2\/2022\/11\/email-1536x1332.png 1536w, https:\/\/zpe.uni-siegen.de\/unbrk-kommunal\/wp-content\/uploads\/sites\/2\/2022\/11\/email.png 1949w\" sizes=\"auto, (max-width: 300px) 100vw, 300px\" \/><\/div><\/div><\/div><\/div>\n\n\n<hr class=\"wp-block-separator has-alpha-channel-opacity\" \/>\n\n\n<div id=\"pl-gb730-69f1d0e1bb453\"  class=\"panel-layout wp-block-siteorigin-panels-layout-block panel-layout\" ><div id=\"pg-gb730-69f1d0e1bb453-0\"  class=\"panel-grid panel-no-style\" ><div id=\"pgc-gb730-69f1d0e1bb453-0-0\"  class=\"panel-grid-cell\" ><div id=\"panel-gb730-69f1d0e1bb453-0-0-0\" class=\"so-panel widget widget_text panel-first-child panel-last-child\" data-index=\"0\" ><div class=\"panel-widget-style panel-widget-style-for-gb730-69f1d0e1bb453-0-0-0\" >\t\t\t<div class=\"textwidget\"><p><strong>Es gibt einen zweiten Bericht \u00fcber unsere Forschung ( Juli 2025)<\/strong><\/p>\n<\/div>\n\t\t<\/div><\/div><\/div><\/div><div id=\"pg-gb730-69f1d0e1bb453-1\"  class=\"panel-grid panel-no-style\" ><div id=\"pgc-gb730-69f1d0e1bb453-1-0\"  class=\"panel-grid-cell\" ><div id=\"panel-gb730-69f1d0e1bb453-1-0-0\" class=\"so-panel widget widget_text panel-first-child panel-last-child\" data-index=\"1\" ><div class=\"panel-widget-style panel-widget-style-for-gb730-69f1d0e1bb453-1-0-0\" >\t\t\t<div class=\"textwidget\"><p>Wir haben einen zweiten Bericht \u00fcber unsere Forschung geschrieben.<\/p>\n<p>Wichtige Ergebnisse haben wir in Leichte Sprache \u00fcbersetzt.<\/p>\n<p>Die Ergebnisse finden Sie, <a href=\"https:\/\/zpe.uni-siegen.de\/unbrk-kommunal\/wp-content\/uploads\/sites\/2\/2025\/07\/Zweiter_Zwischen-Bericht_UN-BRK-kommunal_LS.pdf\">wenn Sie auf diesen Text klicken<\/a>.<\/p>\n<\/div>\n\t\t<\/div><\/div><\/div><div id=\"pgc-gb730-69f1d0e1bb453-1-1\"  class=\"panel-grid-cell\" ><div id=\"panel-gb730-69f1d0e1bb453-1-1-0\" class=\"so-panel widget widget_media_image panel-first-child panel-last-child\" data-index=\"2\" ><img loading=\"lazy\" decoding=\"async\" width=\"278\" height=\"300\" src=\"https:\/\/zpe.uni-siegen.de\/unbrk-kommunal\/wp-content\/uploads\/sites\/2\/2023\/02\/heft-278x300.png\" class=\"image wp-image-1125  attachment-medium size-medium\" alt=\"\" style=\"max-width: 100%; height: auto;\" srcset=\"https:\/\/zpe.uni-siegen.de\/unbrk-kommunal\/wp-content\/uploads\/sites\/2\/2023\/02\/heft-278x300.png 278w, https:\/\/zpe.uni-siegen.de\/unbrk-kommunal\/wp-content\/uploads\/sites\/2\/2023\/02\/heft.png 463w\" sizes=\"auto, (max-width: 278px) 100vw, 278px\" \/><\/div><\/div><\/div><\/div>\n\n\n<hr class=\"wp-block-separator has-alpha-channel-opacity\" \/>\n\n\n<div id=\"pl-gb730-69f1d0e1bba14\"  class=\"panel-layout\" ><div id=\"pg-gb730-69f1d0e1bba14-0\"  class=\"panel-grid panel-no-style\" ><div id=\"pgc-gb730-69f1d0e1bba14-0-0\"  class=\"panel-grid-cell\" ><div id=\"panel-gb730-69f1d0e1bba14-0-0-0\" class=\"so-panel widget widget_text panel-first-child panel-last-child\" data-index=\"0\" ><div class=\"panel-widget-style panel-widget-style-for-gb730-69f1d0e1bba14-0-0-0\" >\t\t\t<div class=\"textwidget\"><p><strong>Es gibt einen neuen Newsletter ( Juni 2025)<\/strong><\/p>\n<\/div>\n\t\t<\/div><\/div><\/div><\/div><div id=\"pg-gb730-69f1d0e1bba14-1\"  class=\"panel-grid panel-no-style\" ><div id=\"pgc-gb730-69f1d0e1bba14-1-0\"  class=\"panel-grid-cell\" ><div id=\"panel-gb730-69f1d0e1bba14-1-0-0\" class=\"so-panel widget widget_text panel-first-child panel-last-child\" data-index=\"1\" ><div class=\"panel-widget-style panel-widget-style-for-gb730-69f1d0e1bba14-1-0-0\" >\t\t\t<div class=\"textwidget\"><p>Wir haben einen neuen Newsletter erstellt.<\/p>\n<p>Das ist der f\u00fcnfte Newsletter von dem Projekt.<\/p>\n<p>Den Newsletter gibt es in Leichter Sprache.<\/p>\n<p>Den Newsletter finden Sie, <a href=\"https:\/\/zpe.uni-siegen.de\/unbrk-kommunal\/wp-content\/uploads\/sites\/2\/2025\/06\/Newsletter-in-Leichter-Sprache_UN-BRK-kommunal_05_2025.pdf\">wenn Sie auf diesen Text klicken.<\/a><\/p>\n<\/div>\n\t\t<\/div><\/div><\/div><div id=\"pgc-gb730-69f1d0e1bba14-1-1\"  class=\"panel-grid-cell\" ><div id=\"panel-gb730-69f1d0e1bba14-1-1-0\" class=\"so-panel widget widget_media_image panel-first-child panel-last-child\" data-index=\"2\" ><img loading=\"lazy\" decoding=\"async\" width=\"300\" height=\"260\" src=\"https:\/\/zpe.uni-siegen.de\/unbrk-kommunal\/wp-content\/uploads\/sites\/2\/2022\/11\/email-300x260.png\" class=\"image wp-image-558  attachment-medium size-medium\" alt=\"\" style=\"max-width: 100%; height: auto;\" srcset=\"https:\/\/zpe.uni-siegen.de\/unbrk-kommunal\/wp-content\/uploads\/sites\/2\/2022\/11\/email-300x260.png 300w, https:\/\/zpe.uni-siegen.de\/unbrk-kommunal\/wp-content\/uploads\/sites\/2\/2022\/11\/email-1024x888.png 1024w, https:\/\/zpe.uni-siegen.de\/unbrk-kommunal\/wp-content\/uploads\/sites\/2\/2022\/11\/email-768x666.png 768w, https:\/\/zpe.uni-siegen.de\/unbrk-kommunal\/wp-content\/uploads\/sites\/2\/2022\/11\/email-1536x1332.png 1536w, https:\/\/zpe.uni-siegen.de\/unbrk-kommunal\/wp-content\/uploads\/sites\/2\/2022\/11\/email.png 1949w\" sizes=\"auto, (max-width: 300px) 100vw, 300px\" \/><\/div><\/div><\/div><\/div>\n\n\n<hr class=\"wp-block-separator has-alpha-channel-opacity\" \/>\n\n\n<div id=\"pl-gb730-69f1d0e1bbdde\"  class=\"panel-layout\" ><div id=\"pg-gb730-69f1d0e1bbdde-0\"  class=\"panel-grid panel-no-style\" ><div id=\"pgc-gb730-69f1d0e1bbdde-0-0\"  class=\"panel-grid-cell\" ><div id=\"panel-gb730-69f1d0e1bbdde-0-0-0\" class=\"so-panel widget widget_text panel-first-child panel-last-child\" data-index=\"0\" ><div class=\"panel-widget-style panel-widget-style-for-gb730-69f1d0e1bbdde-0-0-0\" >\t\t\t<div class=\"textwidget\"><p><strong>Es gibt ein Glossar (April 2025)<\/strong><\/p>\n<\/div>\n\t\t<\/div><\/div><\/div><\/div><div id=\"pg-gb730-69f1d0e1bbdde-1\"  class=\"panel-grid panel-no-style\" ><div id=\"pgc-gb730-69f1d0e1bbdde-1-0\"  class=\"panel-grid-cell\" ><div id=\"panel-gb730-69f1d0e1bbdde-1-0-0\" class=\"so-panel widget widget_text panel-first-child panel-last-child\" data-index=\"1\" ><div class=\"panel-widget-style panel-widget-style-for-gb730-69f1d0e1bbdde-1-0-0\" >\t\t\t<div class=\"textwidget\"><p>Wir haben ein Glossar gemacht.<\/p>\n<p>Ein Glossar ist eine Liste mit W\u00f6rtern.<\/p>\n<p>Im Glossar werden schwierige W\u00f6rter erkl\u00e4rt.<\/p>\n<p>Diese W\u00f6rter sind wichtig f\u00fcr die Planung in einer Gemeinde, einer Stadt oder einem Kreis.<\/p>\n<p>Die W\u00f6rter sind wichtig f\u00fcr den UN-Vertrag und das Projekt.<\/p>\n<p>Das Glossar finden Sie, <a href=\"https:\/\/zpe.uni-siegen.de\/unbrk-kommunal\/wp-content\/uploads\/sites\/2\/2025\/05\/Glossar-in-Leichter-Sprache_UN-BRK-kommunal_final.pdf\">wenn Sie auf diesen Text klicken<\/a>.<\/p>\n<\/div>\n\t\t<\/div><\/div><\/div><div id=\"pgc-gb730-69f1d0e1bbdde-1-1\"  class=\"panel-grid-cell\" ><div id=\"panel-gb730-69f1d0e1bbdde-1-1-0\" class=\"so-panel widget widget_media_image panel-first-child panel-last-child\" data-index=\"2\" ><img loading=\"lazy\" decoding=\"async\" width=\"278\" height=\"300\" src=\"https:\/\/zpe.uni-siegen.de\/unbrk-kommunal\/wp-content\/uploads\/sites\/2\/2023\/02\/heft-278x300.png\" class=\"image wp-image-1125  attachment-medium size-medium\" alt=\"\" style=\"max-width: 100%; height: auto;\" srcset=\"https:\/\/zpe.uni-siegen.de\/unbrk-kommunal\/wp-content\/uploads\/sites\/2\/2023\/02\/heft-278x300.png 278w, https:\/\/zpe.uni-siegen.de\/unbrk-kommunal\/wp-content\/uploads\/sites\/2\/2023\/02\/heft.png 463w\" sizes=\"auto, (max-width: 278px) 100vw, 278px\" \/><\/div><\/div><\/div><\/div>\n\n\n<hr class=\"wp-block-separator has-alpha-channel-opacity\" \/>\n\n\n<div id=\"pl-gb730-69f1d0e1bc179\"  class=\"panel-layout\" ><div id=\"pg-gb730-69f1d0e1bc179-0\"  class=\"panel-grid panel-no-style\" ><div id=\"pgc-gb730-69f1d0e1bc179-0-0\"  class=\"panel-grid-cell\" ><div id=\"panel-gb730-69f1d0e1bc179-0-0-0\" class=\"so-panel widget widget_text panel-first-child panel-last-child\" data-index=\"0\" ><div class=\"panel-widget-style panel-widget-style-for-gb730-69f1d0e1bc179-0-0-0\" >\t\t\t<div class=\"textwidget\"><p><strong>Es gibt einen neuen Newsletter (Dezember 2024)<\/strong><\/p>\n<\/div>\n\t\t<\/div><\/div><\/div><\/div><div id=\"pg-gb730-69f1d0e1bc179-1\"  class=\"panel-grid panel-no-style\" ><div id=\"pgc-gb730-69f1d0e1bc179-1-0\"  class=\"panel-grid-cell\" ><div id=\"panel-gb730-69f1d0e1bc179-1-0-0\" class=\"so-panel widget widget_text panel-first-child panel-last-child\" data-index=\"1\" ><div class=\"panel-widget-style panel-widget-style-for-gb730-69f1d0e1bc179-1-0-0\" >\t\t\t<div class=\"textwidget\"><p>Wir haben einen neuen Newsletter erstellt.<\/p>\n<p>Das ist der vierte Newsletter von dem Projekt.<\/p>\n<p>Den Newsletter gibt es in Leichter Sprache.<\/p>\n<p>Den Newsletter finden Sie, <a href=\"https:\/\/zpe.uni-siegen.de\/unbrk-kommunal\/wp-content\/uploads\/sites\/2\/2024\/12\/UN-BRK-kommunal_Zusammenfassung_Newsletter_04_2024_LS.pdf\">wenn Sie auf diesen Text klicken<\/a>.<\/p>\n<\/div>\n\t\t<\/div><\/div><\/div><div id=\"pgc-gb730-69f1d0e1bc179-1-1\"  class=\"panel-grid-cell\" ><div id=\"panel-gb730-69f1d0e1bc179-1-1-0\" class=\"so-panel widget widget_media_image panel-first-child panel-last-child\" data-index=\"2\" ><img loading=\"lazy\" decoding=\"async\" width=\"300\" height=\"260\" src=\"https:\/\/zpe.uni-siegen.de\/unbrk-kommunal\/wp-content\/uploads\/sites\/2\/2022\/11\/email-300x260.png\" class=\"image wp-image-558  attachment-medium size-medium\" alt=\"\" style=\"max-width: 100%; height: auto;\" srcset=\"https:\/\/zpe.uni-siegen.de\/unbrk-kommunal\/wp-content\/uploads\/sites\/2\/2022\/11\/email-300x260.png 300w, https:\/\/zpe.uni-siegen.de\/unbrk-kommunal\/wp-content\/uploads\/sites\/2\/2022\/11\/email-1024x888.png 1024w, https:\/\/zpe.uni-siegen.de\/unbrk-kommunal\/wp-content\/uploads\/sites\/2\/2022\/11\/email-768x666.png 768w, https:\/\/zpe.uni-siegen.de\/unbrk-kommunal\/wp-content\/uploads\/sites\/2\/2022\/11\/email-1536x1332.png 1536w, https:\/\/zpe.uni-siegen.de\/unbrk-kommunal\/wp-content\/uploads\/sites\/2\/2022\/11\/email.png 1949w\" sizes=\"auto, (max-width: 300px) 100vw, 300px\" \/><\/div><\/div><\/div><\/div>\n\n\n<hr class=\"wp-block-separator has-alpha-channel-opacity\" \/>\n\n\n<div id=\"pl-gb730-69f1d0e1bc942\"  class=\"panel-layout\" ><div id=\"pg-gb730-69f1d0e1bc942-0\"  class=\"panel-grid panel-no-style\" ><div id=\"pgc-gb730-69f1d0e1bc942-0-0\"  class=\"panel-grid-cell\" ><div id=\"panel-gb730-69f1d0e1bc942-0-0-0\" class=\"so-panel widget widget_text panel-first-child panel-last-child\" data-index=\"0\" ><div class=\"panel-widget-style panel-widget-style-for-gb730-69f1d0e1bc942-0-0-0\" >\t\t\t<div class=\"textwidget\"><p><strong>Projekt-Team war beim Aktion-Mensch-Kongress dabei<\/strong><\/p>\n<\/div>\n\t\t<\/div><\/div><\/div><\/div><div id=\"pg-gb730-69f1d0e1bc942-1\"  class=\"panel-grid panel-no-style\" ><div id=\"pgc-gb730-69f1d0e1bc942-1-0\"  class=\"panel-grid-cell\" ><div id=\"panel-gb730-69f1d0e1bc942-1-0-0\" class=\"so-panel widget widget_text panel-first-child panel-last-child\" data-index=\"1\" ><div class=\"panel-widget-style panel-widget-style-for-gb730-69f1d0e1bc942-1-0-0\" >\t\t\t<div class=\"textwidget\"><p>Vom 26. bis 28. November 2024 fand ein Kongress statt.<\/p>\n<p>Die Aktion Mensch hat den Kongress organisiert.<\/p>\n<p>Das Thema von dem Kongress war:<\/p>\n<p><strong>Ver\u00e4nderung gestalten \u2013 Kommunen werden inklusiv<\/strong><\/p>\n<p>Das Projekt-Team aus Siegen hat teilgenommen.<\/p>\n<p>Ein Projekt-Kollege und eine Projekt-Kollegin vom Deutschen Institut f\u00fcr Menschen-Rechte haben auch teilgenommen.<\/p>\n<\/div>\n\t\t<\/div><\/div><\/div><div id=\"pgc-gb730-69f1d0e1bc942-1-1\"  class=\"panel-grid-cell\" ><div id=\"panel-gb730-69f1d0e1bc942-1-1-0\" class=\"so-panel widget widget_media_image panel-first-child panel-last-child\" data-index=\"2\" ><img loading=\"lazy\" decoding=\"async\" width=\"300\" height=\"243\" src=\"https:\/\/zpe.uni-siegen.de\/unbrk-kommunal\/wp-content\/uploads\/sites\/2\/2023\/02\/tagung-300x243.png\" class=\"image wp-image-1342  attachment-medium size-medium\" alt=\"\" style=\"max-width: 100%; height: auto;\" srcset=\"https:\/\/zpe.uni-siegen.de\/unbrk-kommunal\/wp-content\/uploads\/sites\/2\/2023\/02\/tagung-300x243.png 300w, https:\/\/zpe.uni-siegen.de\/unbrk-kommunal\/wp-content\/uploads\/sites\/2\/2023\/02\/tagung.png 618w\" sizes=\"auto, (max-width: 300px) 100vw, 300px\" \/><\/div><\/div><\/div><div id=\"pg-gb730-69f1d0e1bc942-2\"  class=\"panel-grid panel-no-style\" ><div id=\"pgc-gb730-69f1d0e1bc942-2-0\"  class=\"panel-grid-cell\" ><div id=\"panel-gb730-69f1d0e1bc942-2-0-0\" class=\"so-panel widget widget_text panel-first-child panel-last-child\" data-index=\"3\" ><div class=\"panel-widget-style panel-widget-style-for-gb730-69f1d0e1bc942-2-0-0\" >\t\t\t<div class=\"textwidget\"><p>Das Ziel vom Kongress war:<\/p>\n<p>Alle sollen \u00fcber Inklusion sprechen.<\/p>\n<p>Dabei ging es auch um den UN-Vertrag.<\/p>\n<p>Der UN-Vertrag sagt:<\/p>\n<\/div>\n\t\t<\/div><\/div><\/div><div id=\"pgc-gb730-69f1d0e1bc942-2-1\"  class=\"panel-grid-cell\" ><div id=\"panel-gb730-69f1d0e1bc942-2-1-0\" class=\"so-panel widget widget_media_image panel-first-child panel-last-child\" data-index=\"4\" ><img loading=\"lazy\" decoding=\"async\" width=\"300\" height=\"231\" src=\"https:\/\/zpe.uni-siegen.de\/unbrk-kommunal\/wp-content\/uploads\/sites\/2\/2023\/02\/inklusion-300x231.png\" class=\"image wp-image-1141  attachment-medium size-medium\" alt=\"\" style=\"max-width: 100%; height: auto;\" srcset=\"https:\/\/zpe.uni-siegen.de\/unbrk-kommunal\/wp-content\/uploads\/sites\/2\/2023\/02\/inklusion-300x231.png 300w, https:\/\/zpe.uni-siegen.de\/unbrk-kommunal\/wp-content\/uploads\/sites\/2\/2023\/02\/inklusion.png 648w\" sizes=\"auto, (max-width: 300px) 100vw, 300px\" \/><\/div><\/div><div id=\"pgc-gb730-69f1d0e1bc942-2-2\"  class=\"panel-grid-cell\" ><div id=\"panel-gb730-69f1d0e1bc942-2-2-0\" class=\"so-panel widget widget_media_image panel-first-child panel-last-child\" data-index=\"5\" ><img loading=\"lazy\" decoding=\"async\" width=\"222\" height=\"300\" src=\"https:\/\/zpe.uni-siegen.de\/unbrk-kommunal\/wp-content\/uploads\/sites\/2\/2024\/12\/UN-Vertrag-222x300.jpg\" class=\"image wp-image-2095  attachment-medium size-medium\" alt=\"\" style=\"max-width: 100%; height: auto;\" srcset=\"https:\/\/zpe.uni-siegen.de\/unbrk-kommunal\/wp-content\/uploads\/sites\/2\/2024\/12\/UN-Vertrag-222x300.jpg 222w, https:\/\/zpe.uni-siegen.de\/unbrk-kommunal\/wp-content\/uploads\/sites\/2\/2024\/12\/UN-Vertrag.jpg 283w\" sizes=\"auto, (max-width: 222px) 100vw, 222px\" \/><\/div><\/div><\/div><div id=\"pg-gb730-69f1d0e1bc942-3\"  class=\"panel-grid panel-no-style\" ><div id=\"pgc-gb730-69f1d0e1bc942-3-0\"  class=\"panel-grid-cell\" ><div id=\"panel-gb730-69f1d0e1bc942-3-0-0\" class=\"so-panel widget widget_text panel-first-child panel-last-child\" data-index=\"6\" ><div class=\"panel-widget-style panel-widget-style-for-gb730-69f1d0e1bc942-3-0-0\" >\t\t\t<div class=\"textwidget\"><p>Menschen mit Behinderung sollen \u00fcberall mitmachen k\u00f6nnen.<\/p>\n<p>Es ging um aktuelle Probleme in St\u00e4dten und Gemeinden und Land-Kreisen.<\/p>\n<p>Wie k\u00f6nnen alle mehr Teilhabe und Mit-Bestimmung haben?<\/p>\n<p>Das ist passiert:<\/p>\n<\/div>\n\t\t<\/div><\/div><\/div><\/div><div id=\"pg-gb730-69f1d0e1bc942-4\"  class=\"panel-grid panel-no-style\" ><div id=\"pgc-gb730-69f1d0e1bc942-4-0\"  class=\"panel-grid-cell\" ><div id=\"panel-gb730-69f1d0e1bc942-4-0-0\" class=\"so-panel widget widget_text panel-first-child panel-last-child\" data-index=\"7\" ><div class=\"panel-widget-style panel-widget-style-for-gb730-69f1d0e1bc942-4-0-0\" >\t\t\t<div class=\"textwidget\"><p>Albrecht Rohrmann und Leander Palleit haben auf der B\u00fchne gesprochen.<\/p>\n<p>Warum der UN-Vertrag f\u00fcr die St\u00e4dte und Gemeinden und Land-Kreise wichtig ist.<\/p>\n<p>Und wie die Teilhabe von Menschen mit Behinderungen besser werden kann.<\/p>\n<p>Das Projekt-Team und eine Projekt-Kollegin vom Deutschen Institut f\u00fcr Menschen-Rechte haben eine Arbeits-Gruppe gemacht.<\/p>\n<\/div>\n\t\t<\/div><\/div><\/div><div id=\"pgc-gb730-69f1d0e1bc942-4-1\"  class=\"panel-grid-cell\" ><div id=\"panel-gb730-69f1d0e1bc942-4-1-0\" class=\"so-panel widget widget_media_image panel-first-child panel-last-child\" data-index=\"8\" ><div style=\"width: 310px\" class=\"wp-caption alignnone\"><img loading=\"lazy\" decoding=\"async\" width=\"300\" height=\"200\" src=\"https:\/\/zpe.uni-siegen.de\/unbrk-kommunal\/wp-content\/uploads\/sites\/2\/2024\/12\/Aktion-Mensch-Kongress-Podiumsgespraech-300x200.jpg\" class=\"image wp-image-2100  attachment-medium size-medium\" alt=\"\" style=\"max-width: 100%; height: auto;\" srcset=\"https:\/\/zpe.uni-siegen.de\/unbrk-kommunal\/wp-content\/uploads\/sites\/2\/2024\/12\/Aktion-Mensch-Kongress-Podiumsgespraech-300x200.jpg 300w, https:\/\/zpe.uni-siegen.de\/unbrk-kommunal\/wp-content\/uploads\/sites\/2\/2024\/12\/Aktion-Mensch-Kongress-Podiumsgespraech-1024x681.jpg 1024w, https:\/\/zpe.uni-siegen.de\/unbrk-kommunal\/wp-content\/uploads\/sites\/2\/2024\/12\/Aktion-Mensch-Kongress-Podiumsgespraech-768x511.jpg 768w, https:\/\/zpe.uni-siegen.de\/unbrk-kommunal\/wp-content\/uploads\/sites\/2\/2024\/12\/Aktion-Mensch-Kongress-Podiumsgespraech-272x182.jpg 272w, https:\/\/zpe.uni-siegen.de\/unbrk-kommunal\/wp-content\/uploads\/sites\/2\/2024\/12\/Aktion-Mensch-Kongress-Podiumsgespraech.jpg 1500w\" sizes=\"auto, (max-width: 300px) 100vw, 300px\" \/><p class=\"wp-caption-text\">Bild-Quelle: Aktion Mensch<\/p><\/div><\/div><\/div><\/div><div id=\"pg-gb730-69f1d0e1bc942-5\"  class=\"panel-grid panel-no-style\" ><div id=\"pgc-gb730-69f1d0e1bc942-5-0\"  class=\"panel-grid-cell\" ><div id=\"panel-gb730-69f1d0e1bc942-5-0-0\" class=\"so-panel widget widget_text panel-first-child panel-last-child\" data-index=\"9\" ><div class=\"panel-widget-style panel-widget-style-for-gb730-69f1d0e1bc942-5-0-0\" >\t\t\t<div class=\"textwidget\"><p>Der Workshop hatte den Titel:<\/p>\n<p><strong>Vom Appell zur Planung<\/strong><\/p>\n<p>Es ging darum:<\/p>\n<p>Was m\u00fcssen St\u00e4dte und Gemeinden f\u00fcr Menschen mit Behinderungen tun?<\/p>\n<\/div>\n\t\t<\/div><\/div><\/div><div id=\"pgc-gb730-69f1d0e1bc942-5-1\"  class=\"panel-grid-cell\" ><div id=\"panel-gb730-69f1d0e1bc942-5-1-0\" class=\"so-panel widget widget_media_image panel-first-child panel-last-child\" data-index=\"10\" ><img loading=\"lazy\" decoding=\"async\" width=\"300\" height=\"217\" src=\"https:\/\/zpe.uni-siegen.de\/unbrk-kommunal\/wp-content\/uploads\/sites\/2\/2023\/02\/sitzung-1-300x217.png\" class=\"image wp-image-1304  attachment-medium size-medium\" alt=\"\" style=\"max-width: 100%; height: auto;\" srcset=\"https:\/\/zpe.uni-siegen.de\/unbrk-kommunal\/wp-content\/uploads\/sites\/2\/2023\/02\/sitzung-1-300x217.png 300w, https:\/\/zpe.uni-siegen.de\/unbrk-kommunal\/wp-content\/uploads\/sites\/2\/2023\/02\/sitzung-1.png 690w\" sizes=\"auto, (max-width: 300px) 100vw, 300px\" \/><\/div><\/div><\/div><div id=\"pg-gb730-69f1d0e1bc942-6\"  class=\"panel-grid panel-no-style\" ><div id=\"pgc-gb730-69f1d0e1bc942-6-0\"  class=\"panel-grid-cell\" ><div id=\"panel-gb730-69f1d0e1bc942-6-0-0\" class=\"so-panel widget widget_text panel-first-child panel-last-child\" data-index=\"11\" ><div class=\"panel-widget-style panel-widget-style-for-gb730-69f1d0e1bc942-6-0-0\" >\t\t\t<div class=\"textwidget\"><p>Wie k\u00f6nnen sie das planen?<\/p>\n<p>Wie kann der UN-Vertrag umgesetzt werden?<\/p>\n<p>Menschen aus der Selbstvertretung, aus Verwaltungen, Diensten und der Wissenschaft haben an der Arbeits-Gruppe teilgenommen.<\/p>\n<\/div>\n\t\t<\/div><\/div><\/div><div id=\"pgc-gb730-69f1d0e1bc942-6-1\"  class=\"panel-grid-cell\" ><\/div><\/div><div id=\"pg-gb730-69f1d0e1bc942-7\"  class=\"panel-grid panel-no-style\" ><div id=\"pgc-gb730-69f1d0e1bc942-7-0\"  class=\"panel-grid-cell\" ><div id=\"panel-gb730-69f1d0e1bc942-7-0-0\" class=\"so-panel widget widget_text panel-first-child panel-last-child\" data-index=\"13\" ><div class=\"panel-widget-style panel-widget-style-for-gb730-69f1d0e1bc942-7-0-0\" >\t\t\t<div class=\"textwidget\"><p>Die Teilnehmenden hatten gro\u00dfes Interesse an den Themen.<\/p>\n<p>Der Kongress war ein gro\u00dfer Erfolg.<\/p>\n<p>Viele St\u00e4dte und Gemeinden wollen mehr \u00fcber Inklusion lernen.<\/p>\n<\/div>\n\t\t<\/div><\/div><\/div><div id=\"pgc-gb730-69f1d0e1bc942-7-1\"  class=\"panel-grid-cell\" ><div id=\"panel-gb730-69f1d0e1bc942-7-1-0\" class=\"so-panel widget widget_media_image panel-first-child panel-last-child\" data-index=\"14\" ><img loading=\"lazy\" decoding=\"async\" width=\"286\" height=\"300\" src=\"https:\/\/zpe.uni-siegen.de\/unbrk-kommunal\/wp-content\/uploads\/sites\/2\/2023\/02\/smiley_lachen-286x300.png\" class=\"image wp-image-1309  attachment-medium size-medium\" alt=\"\" style=\"max-width: 100%; height: auto;\" srcset=\"https:\/\/zpe.uni-siegen.de\/unbrk-kommunal\/wp-content\/uploads\/sites\/2\/2023\/02\/smiley_lachen-286x300.png 286w, https:\/\/zpe.uni-siegen.de\/unbrk-kommunal\/wp-content\/uploads\/sites\/2\/2023\/02\/smiley_lachen.png 477w\" sizes=\"auto, (max-width: 286px) 100vw, 286px\" \/><\/div><\/div><\/div><div id=\"pg-gb730-69f1d0e1bc942-8\"  class=\"panel-grid panel-no-style\" ><div id=\"pgc-gb730-69f1d0e1bc942-8-0\"  class=\"panel-grid-cell\" ><div id=\"panel-gb730-69f1d0e1bc942-8-0-0\" class=\"so-panel widget widget_text panel-first-child panel-last-child\" data-index=\"15\" ><div class=\"panel-widget-style panel-widget-style-for-gb730-69f1d0e1bc942-8-0-0\" >\t\t\t<div class=\"textwidget\"><p>\u00a9 Lebenshilfe f\u00fcr Menschen mit geistiger Behinderung Bremen e.V., Illustrator Stefan Albers, Atelier Fleetinsel, 2013.<\/p>\n<\/div>\n\t\t<\/div><\/div><\/div><\/div><\/div>\n\n\n<hr class=\"wp-block-separator has-alpha-channel-opacity\" \/>\n\n\n<div id=\"pl-gb730-69f1d0e1be3f0\"  class=\"panel-layout\" ><div id=\"pg-gb730-69f1d0e1be3f0-0\"  class=\"panel-grid panel-no-style\" ><div id=\"pgc-gb730-69f1d0e1be3f0-0-0\"  class=\"panel-grid-cell\" ><div id=\"panel-gb730-69f1d0e1be3f0-0-0-0\" class=\"so-panel widget widget_text panel-first-child panel-last-child\" data-index=\"0\" ><div class=\"panel-widget-style panel-widget-style-for-gb730-69f1d0e1be3f0-0-0-0\" >\t\t\t<div class=\"textwidget\"><p><strong>Es gibt einen Bericht \u00fcber Internet-Seiten von St\u00e4dten und Gemeinden (September 2024)<\/strong><\/p>\n<\/div>\n\t\t<\/div><\/div><\/div><\/div><div id=\"pg-gb730-69f1d0e1be3f0-1\"  class=\"panel-grid panel-no-style\" ><div id=\"pgc-gb730-69f1d0e1be3f0-1-0\"  class=\"panel-grid-cell\" ><div id=\"panel-gb730-69f1d0e1be3f0-1-0-0\" class=\"so-panel widget widget_text panel-first-child panel-last-child\" data-index=\"1\" ><div class=\"panel-widget-style panel-widget-style-for-gb730-69f1d0e1be3f0-1-0-0\" >\t\t\t<div class=\"textwidget\"><p>Seit Juni 2024 gibt es einen Bericht \u00fcber Barriere-Freiheit von Internet-Seiten.<\/p>\n<p>Der Bericht hei\u00dft:<\/p>\n<p><strong>Atlas digitale Barriere-Freiheit<\/strong>.<\/p>\n<\/div>\n\t\t<\/div><\/div><\/div><div id=\"pgc-gb730-69f1d0e1be3f0-1-1\"  class=\"panel-grid-cell\" ><div id=\"panel-gb730-69f1d0e1be3f0-1-1-0\" class=\"so-panel widget widget_media_image panel-first-child panel-last-child\" data-index=\"2\" ><img loading=\"lazy\" decoding=\"async\" width=\"278\" height=\"300\" src=\"https:\/\/zpe.uni-siegen.de\/unbrk-kommunal\/wp-content\/uploads\/sites\/2\/2023\/02\/heft-278x300.png\" class=\"image wp-image-1125  attachment-medium size-medium\" alt=\"\" style=\"max-width: 100%; height: auto;\" srcset=\"https:\/\/zpe.uni-siegen.de\/unbrk-kommunal\/wp-content\/uploads\/sites\/2\/2023\/02\/heft-278x300.png 278w, https:\/\/zpe.uni-siegen.de\/unbrk-kommunal\/wp-content\/uploads\/sites\/2\/2023\/02\/heft.png 463w\" sizes=\"auto, (max-width: 278px) 100vw, 278px\" \/><\/div><\/div><\/div><div id=\"pg-gb730-69f1d0e1be3f0-2\"  class=\"panel-grid panel-no-style\" ><div id=\"pgc-gb730-69f1d0e1be3f0-2-0\"  class=\"panel-grid-cell\" ><div id=\"panel-gb730-69f1d0e1be3f0-2-0-0\" class=\"so-panel widget widget_text panel-first-child panel-last-child\" data-index=\"3\" ><div class=\"panel-widget-style panel-widget-style-for-gb730-69f1d0e1be3f0-2-0-0\" >\t\t\t<div class=\"textwidget\"><p>Atlas bedeutet eine Sammlung von Informationen.<\/p>\n<p>Der Atlas zeigt, wie gut Internet-Seiten von St\u00e4dten und Gemeinden zu benutzen sind.<\/p>\n<\/div>\n\t\t<\/div><\/div><\/div><div id=\"pgc-gb730-69f1d0e1be3f0-2-1\"  class=\"panel-grid-cell\" ><div id=\"panel-gb730-69f1d0e1be3f0-2-1-0\" class=\"so-panel widget widget_media_image panel-first-child panel-last-child\" data-index=\"4\" ><img loading=\"lazy\" decoding=\"async\" width=\"300\" height=\"269\" src=\"https:\/\/zpe.uni-siegen.de\/unbrk-kommunal\/wp-content\/uploads\/sites\/2\/2023\/02\/computer-300x269.png\" class=\"image wp-image-999  attachment-medium size-medium\" alt=\"\" style=\"max-width: 100%; height: auto;\" srcset=\"https:\/\/zpe.uni-siegen.de\/unbrk-kommunal\/wp-content\/uploads\/sites\/2\/2023\/02\/computer-300x269.png 300w, https:\/\/zpe.uni-siegen.de\/unbrk-kommunal\/wp-content\/uploads\/sites\/2\/2023\/02\/computer.png 557w\" sizes=\"auto, (max-width: 300px) 100vw, 300px\" \/><\/div><\/div><\/div><div id=\"pg-gb730-69f1d0e1be3f0-3\"  class=\"panel-grid panel-no-style\" ><div id=\"pgc-gb730-69f1d0e1be3f0-3-0\"  class=\"panel-grid-cell\" ><div id=\"panel-gb730-69f1d0e1be3f0-3-0-0\" class=\"so-panel widget widget_text panel-first-child panel-last-child\" data-index=\"5\" ><div class=\"panel-widget-style panel-widget-style-for-gb730-69f1d0e1be3f0-3-0-0\" >\t\t\t<div class=\"textwidget\"><p>Im Atlas sind 11-Tausend Internet-Seiten von St\u00e4dten und Gemeinden in Deutschland.<\/p>\n<p>Menschen mit Behinderungen haben die Internet-Seiten getestet.<\/p>\n<p>Und ein Computer-Programm hat die Internet-Seiten \u00fcberpr\u00fcft.<\/p>\n<p>Es wurde zum Beispiel gepr\u00fcft:<\/p>\n<\/div>\n\t\t<\/div><\/div><\/div><div id=\"pgc-gb730-69f1d0e1be3f0-3-1\"  class=\"panel-grid-cell\" ><div id=\"panel-gb730-69f1d0e1be3f0-3-1-0\" class=\"so-panel widget widget_media_image panel-first-child panel-last-child\" data-index=\"6\" ><img loading=\"lazy\" decoding=\"async\" width=\"242\" height=\"300\" src=\"https:\/\/zpe.uni-siegen.de\/unbrk-kommunal\/wp-content\/uploads\/sites\/2\/2022\/11\/deutschland-242x300.png\" class=\"image wp-image-547  attachment-medium size-medium\" alt=\"\" style=\"max-width: 100%; height: auto;\" srcset=\"https:\/\/zpe.uni-siegen.de\/unbrk-kommunal\/wp-content\/uploads\/sites\/2\/2022\/11\/deutschland-242x300.png 242w, https:\/\/zpe.uni-siegen.de\/unbrk-kommunal\/wp-content\/uploads\/sites\/2\/2022\/11\/deutschland-827x1024.png 827w, https:\/\/zpe.uni-siegen.de\/unbrk-kommunal\/wp-content\/uploads\/sites\/2\/2022\/11\/deutschland-768x950.png 768w, https:\/\/zpe.uni-siegen.de\/unbrk-kommunal\/wp-content\/uploads\/sites\/2\/2022\/11\/deutschland-1241x1536.png 1241w, https:\/\/zpe.uni-siegen.de\/unbrk-kommunal\/wp-content\/uploads\/sites\/2\/2022\/11\/deutschland-1655x2048.png 1655w, https:\/\/zpe.uni-siegen.de\/unbrk-kommunal\/wp-content\/uploads\/sites\/2\/2022\/11\/deutschland.png 1861w\" sizes=\"auto, (max-width: 242px) 100vw, 242px\" \/><\/div><\/div><\/div><div id=\"pg-gb730-69f1d0e1be3f0-4\"  class=\"panel-grid panel-no-style\" ><div id=\"pgc-gb730-69f1d0e1be3f0-4-0\"  class=\"panel-grid-cell\" ><div id=\"panel-gb730-69f1d0e1be3f0-4-0-0\" class=\"so-panel widget widget_text panel-first-child panel-last-child\" data-index=\"7\" ><div class=\"panel-widget-style panel-widget-style-for-gb730-69f1d0e1be3f0-4-0-0\" >\t\t\t<div class=\"textwidget\"><p>1. Kann man die Schrift gr\u00f6\u00dfer machen?<\/p>\n<p>2. Gibt es eine Vorlesefunktion?<\/p>\n<p>3. Gibt es Texte in Leichter Sprache?<\/p>\n<p>4. Wird Barriere-Freiheit auf der Seite erw\u00e4hnt?<\/p>\n<p>5. Kann man schnell einen Termin f\u00fcr den Personal-Ausweis finden?<\/p>\n<\/div>\n\t\t<\/div><\/div><\/div><div id=\"pgc-gb730-69f1d0e1be3f0-4-1\"  class=\"panel-grid-cell\" ><div id=\"panel-gb730-69f1d0e1be3f0-4-1-0\" class=\"so-panel widget widget_media_image panel-first-child panel-last-child\" data-index=\"8\" ><img loading=\"lazy\" decoding=\"async\" width=\"300\" height=\"255\" src=\"https:\/\/zpe.uni-siegen.de\/unbrk-kommunal\/wp-content\/uploads\/sites\/2\/2023\/02\/checkliste-300x255.png\" class=\"image wp-image-994  attachment-medium size-medium\" alt=\"\" style=\"max-width: 100%; height: auto;\" srcset=\"https:\/\/zpe.uni-siegen.de\/unbrk-kommunal\/wp-content\/uploads\/sites\/2\/2023\/02\/checkliste-300x255.png 300w, https:\/\/zpe.uni-siegen.de\/unbrk-kommunal\/wp-content\/uploads\/sites\/2\/2023\/02\/checkliste.png 588w\" sizes=\"auto, (max-width: 300px) 100vw, 300px\" \/><\/div><\/div><\/div><div id=\"pg-gb730-69f1d0e1be3f0-5\"  class=\"panel-grid panel-no-style\" ><div id=\"pgc-gb730-69f1d0e1be3f0-5-0\"  class=\"panel-grid-cell\" ><div id=\"panel-gb730-69f1d0e1be3f0-5-0-0\" class=\"so-panel widget widget_text panel-first-child panel-last-child\" data-index=\"9\" ><div class=\"panel-widget-style panel-widget-style-for-gb730-69f1d0e1be3f0-5-0-0\" >\t\t\t<div class=\"textwidget\"><p>Das Ergebnis ist:<\/p>\n<p>Die meisten Internet-Seiten von den St\u00e4dten und Gemeinden haben Probleme mit der Barriere-Freiheit.<\/p>\n<p>Leichte Sprache gibt es nur auf wenigen Internet-Seiten.<\/p>\n<p>Es gibt mehr Informationen zum Atlas in Leichter Sprache.<\/p>\n<p>Die Informationen finden Sie, <a href=\"https:\/\/atlasdigitalebarrierefreiheit.de\/leichte-sprache\/\">wenn Sie auf diesen Text klicken.<\/a><\/p>\n<\/div>\n\t\t<\/div><\/div><\/div><div id=\"pgc-gb730-69f1d0e1be3f0-5-1\"  class=\"panel-grid-cell\" ><div id=\"panel-gb730-69f1d0e1be3f0-5-1-0\" class=\"so-panel widget widget_media_image panel-first-child panel-last-child\" data-index=\"10\" ><img loading=\"lazy\" decoding=\"async\" width=\"286\" height=\"300\" src=\"https:\/\/zpe.uni-siegen.de\/unbrk-kommunal\/wp-content\/uploads\/sites\/2\/2023\/02\/smiley_traurig-286x300.png\" class=\"image wp-image-1310  attachment-medium size-medium\" alt=\"\" style=\"max-width: 100%; height: auto;\" srcset=\"https:\/\/zpe.uni-siegen.de\/unbrk-kommunal\/wp-content\/uploads\/sites\/2\/2023\/02\/smiley_traurig-286x300.png 286w, https:\/\/zpe.uni-siegen.de\/unbrk-kommunal\/wp-content\/uploads\/sites\/2\/2023\/02\/smiley_traurig.png 477w\" sizes=\"auto, (max-width: 286px) 100vw, 286px\" \/><\/div><\/div><\/div><div id=\"pg-gb730-69f1d0e1be3f0-6\"  class=\"panel-grid panel-no-style\" ><div id=\"pgc-gb730-69f1d0e1be3f0-6-0\"  class=\"panel-grid-cell\" ><div id=\"panel-gb730-69f1d0e1be3f0-6-0-0\" class=\"so-panel widget widget_text panel-first-child panel-last-child\" data-index=\"11\" ><div class=\"panel-widget-style panel-widget-style-for-gb730-69f1d0e1be3f0-6-0-0\" >\t\t\t<div class=\"textwidget\"><p>In unserem Projekt haben wir sehr viele St\u00e4dte und Gemeinden untersucht.<\/p>\n<p>Wir haben im Atlas nachgeschaut:<\/p>\n<p>Wie gut ist die Barriere-Freiheit in diesen St\u00e4dten und Gemeinden?<\/p>\n<\/div>\n\t\t<\/div><\/div><\/div><div id=\"pgc-gb730-69f1d0e1be3f0-6-1\"  class=\"panel-grid-cell\" ><div id=\"panel-gb730-69f1d0e1be3f0-6-1-0\" class=\"so-panel widget widget_media_image panel-first-child panel-last-child\" data-index=\"12\" ><img loading=\"lazy\" decoding=\"async\" width=\"300\" height=\"245\" src=\"https:\/\/zpe.uni-siegen.de\/unbrk-kommunal\/wp-content\/uploads\/sites\/2\/2023\/02\/stadt-300x245.png\" class=\"image wp-image-1325  attachment-medium size-medium\" alt=\"\" style=\"max-width: 100%; height: auto;\" srcset=\"https:\/\/zpe.uni-siegen.de\/unbrk-kommunal\/wp-content\/uploads\/sites\/2\/2023\/02\/stadt-300x245.png 300w, https:\/\/zpe.uni-siegen.de\/unbrk-kommunal\/wp-content\/uploads\/sites\/2\/2023\/02\/stadt.png 611w\" sizes=\"auto, (max-width: 300px) 100vw, 300px\" \/><\/div><\/div><\/div><div id=\"pg-gb730-69f1d0e1be3f0-7\"  class=\"panel-grid panel-no-style\" ><div id=\"pgc-gb730-69f1d0e1be3f0-7-0\"  class=\"panel-grid-cell\" ><div id=\"panel-gb730-69f1d0e1be3f0-7-0-0\" class=\"so-panel widget widget_text panel-first-child panel-last-child\" data-index=\"13\" ><div class=\"panel-widget-style panel-widget-style-for-gb730-69f1d0e1be3f0-7-0-0\" >\t\t\t<div class=\"textwidget\"><p>Wir haben gesehen:<\/p>\n<p>St\u00e4dte und Gemeinden, die einen Aktions-Plan haben, haben bessere Internet-Seiten.<\/p>\n<p>Wir denken:<\/p>\n<p>Wenn eine Stadt sich um Barriere-Freiheit k\u00fcmmert, ist die Internet-Seite besser.<\/p>\n<p>Wir wollen die Daten weiter pr\u00fcfen.<\/p>\n<p>Wir wollen zum Beispiel wissen:<\/p>\n<p>Gibt es Unterschiede zwischen St\u00e4dten und Gemeinden in den verschiedenen Bundes-L\u00e4ndern?<\/p>\n<p>Wir wollen auch wissen:<\/p>\n<p>Gibt es Unterschiede zwischen kleinen und gro\u00dfen St\u00e4dten?<\/p>\n<\/div>\n\t\t<\/div><\/div><\/div><div id=\"pgc-gb730-69f1d0e1be3f0-7-1\"  class=\"panel-grid-cell\" ><div id=\"panel-gb730-69f1d0e1be3f0-7-1-0\" class=\"so-panel widget widget_media_image panel-first-child panel-last-child\" data-index=\"14\" ><img loading=\"lazy\" decoding=\"async\" width=\"286\" height=\"300\" src=\"https:\/\/zpe.uni-siegen.de\/unbrk-kommunal\/wp-content\/uploads\/sites\/2\/2023\/02\/smiley_lachen-286x300.png\" class=\"image wp-image-1309  attachment-medium size-medium\" alt=\"\" style=\"max-width: 100%; height: auto;\" srcset=\"https:\/\/zpe.uni-siegen.de\/unbrk-kommunal\/wp-content\/uploads\/sites\/2\/2023\/02\/smiley_lachen-286x300.png 286w, https:\/\/zpe.uni-siegen.de\/unbrk-kommunal\/wp-content\/uploads\/sites\/2\/2023\/02\/smiley_lachen.png 477w\" sizes=\"auto, (max-width: 286px) 100vw, 286px\" \/><\/div><\/div><\/div><div id=\"pg-gb730-69f1d0e1be3f0-8\"  class=\"panel-grid panel-no-style\" ><div id=\"pgc-gb730-69f1d0e1be3f0-8-0\"  class=\"panel-grid-cell\" ><div id=\"panel-gb730-69f1d0e1be3f0-8-0-0\" class=\"so-panel widget widget_text panel-first-child panel-last-child\" data-index=\"15\" ><div class=\"panel-widget-style panel-widget-style-for-gb730-69f1d0e1be3f0-8-0-0\" >\t\t\t<div class=\"textwidget\"><p>Sie k\u00f6nnen auch im Atlas nachsehen:<\/p>\n<p>Wie gut ist die Internet-Seite von Ihrer Stadt?<\/p>\n<p>Vielleicht finden Sie, was verbessert werden kann.<\/p>\n<p>Den Atlas finden Sie, <a href=\"https:\/\/atlasdigitalebarrierefreiheit.de\/daten\/deutschland\/\">wenn Sie auf diesen Text klicken.<\/a><\/p>\n<\/div>\n\t\t<\/div><\/div><\/div><div id=\"pgc-gb730-69f1d0e1be3f0-8-1\"  class=\"panel-grid-cell\" ><div id=\"panel-gb730-69f1d0e1be3f0-8-1-0\" class=\"so-panel widget widget_media_image panel-first-child panel-last-child\" data-index=\"16\" ><img loading=\"lazy\" decoding=\"async\" width=\"300\" height=\"284\" src=\"https:\/\/zpe.uni-siegen.de\/unbrk-kommunal\/wp-content\/uploads\/sites\/2\/2022\/11\/internet-300x284.png\" class=\"image wp-image-557  attachment-medium size-medium\" alt=\"\" style=\"max-width: 100%; height: auto;\" srcset=\"https:\/\/zpe.uni-siegen.de\/unbrk-kommunal\/wp-content\/uploads\/sites\/2\/2022\/11\/internet-300x284.png 300w, https:\/\/zpe.uni-siegen.de\/unbrk-kommunal\/wp-content\/uploads\/sites\/2\/2022\/11\/internet-1024x971.png 1024w, https:\/\/zpe.uni-siegen.de\/unbrk-kommunal\/wp-content\/uploads\/sites\/2\/2022\/11\/internet-768x728.png 768w, https:\/\/zpe.uni-siegen.de\/unbrk-kommunal\/wp-content\/uploads\/sites\/2\/2022\/11\/internet-1536x1457.png 1536w, https:\/\/zpe.uni-siegen.de\/unbrk-kommunal\/wp-content\/uploads\/sites\/2\/2022\/11\/internet-2048x1942.png 2048w\" sizes=\"auto, (max-width: 300px) 100vw, 300px\" \/><\/div><\/div><\/div><div id=\"pg-gb730-69f1d0e1be3f0-9\"  class=\"panel-grid panel-no-style\" ><div id=\"pgc-gb730-69f1d0e1be3f0-9-0\"  class=\"panel-grid-cell\" ><div id=\"panel-gb730-69f1d0e1be3f0-9-0-0\" class=\"so-panel widget widget_text panel-first-child panel-last-child\" data-index=\"17\" ><div class=\"panel-widget-style panel-widget-style-for-gb730-69f1d0e1be3f0-9-0-0\" >\t\t\t<div class=\"textwidget\"><p>\u00a9 Lebenshilfe f\u00fcr Menschen mit geistiger Behinderung Bremen e.V., Illustrator Stefan Albers, Atelier Fleetinsel, 2013.<\/p>\n<\/div>\n\t\t<\/div><\/div><\/div><\/div><\/div>\n\n\n<hr class=\"wp-block-separator has-alpha-channel-opacity\" \/>\n\n\n<div id=\"pl-gb730-69f1d0e1bfba9\"  class=\"panel-layout wp-block-siteorigin-panels-layout-block panel-layout\" ><div id=\"pg-gb730-69f1d0e1bfba9-0\"  class=\"panel-grid panel-no-style\" ><div id=\"pgc-gb730-69f1d0e1bfba9-0-0\"  class=\"panel-grid-cell\" ><div id=\"panel-gb730-69f1d0e1bfba9-0-0-0\" class=\"so-panel widget widget_text panel-first-child panel-last-child\" data-index=\"0\" ><div class=\"panel-widget-style panel-widget-style-for-gb730-69f1d0e1bfba9-0-0-0\" >\t\t\t<div class=\"textwidget\"><p><strong>Es gibt einen Bericht \u00fcber unsere Forschung (April 2024)<\/strong><\/p>\n<\/div>\n\t\t<\/div><\/div><\/div><\/div><div id=\"pg-gb730-69f1d0e1bfba9-1\"  class=\"panel-grid panel-no-style\" ><div id=\"pgc-gb730-69f1d0e1bfba9-1-0\"  class=\"panel-grid-cell\" ><div id=\"panel-gb730-69f1d0e1bfba9-1-0-0\" class=\"so-panel widget widget_text panel-first-child panel-last-child\" data-index=\"1\" ><div class=\"panel-widget-style panel-widget-style-for-gb730-69f1d0e1bfba9-1-0-0\" >\t\t\t<div class=\"textwidget\"><p>Wir haben einen Bericht \u00fcber unsere Forschung geschrieben.<\/p>\n<p>Einige Ergebnisse haben wir in Leichte Sprache \u00fcbersetzt.<\/p>\n<p>Die Ergebnisse finden Sie, <a href=\"https:\/\/zpe.uni-siegen.de\/unbrk-kommunal\/wp-content\/uploads\/sites\/2\/2024\/04\/Haupt-Aussagen_aus_dem_ersten_Forschungs-Bericht_UN-BRK-kommunal.pdf\">wenn Sie auf diesen Text klicken<\/a>.<\/p>\n<p>Sp\u00e4ter machen wir noch einen l\u00e4ngeren Bericht.<\/p>\n<p>Dann schreiben wir das hier.<\/p>\n<\/div>\n\t\t<\/div><\/div><\/div><div id=\"pgc-gb730-69f1d0e1bfba9-1-1\"  class=\"panel-grid-cell\" ><div id=\"panel-gb730-69f1d0e1bfba9-1-1-0\" class=\"so-panel widget widget_media_image panel-first-child panel-last-child\" data-index=\"2\" ><img loading=\"lazy\" decoding=\"async\" width=\"278\" height=\"300\" src=\"https:\/\/zpe.uni-siegen.de\/unbrk-kommunal\/wp-content\/uploads\/sites\/2\/2023\/02\/heft-278x300.png\" class=\"image wp-image-1125  attachment-medium size-medium\" alt=\"\" style=\"max-width: 100%; height: auto;\" srcset=\"https:\/\/zpe.uni-siegen.de\/unbrk-kommunal\/wp-content\/uploads\/sites\/2\/2023\/02\/heft-278x300.png 278w, https:\/\/zpe.uni-siegen.de\/unbrk-kommunal\/wp-content\/uploads\/sites\/2\/2023\/02\/heft.png 463w\" sizes=\"auto, (max-width: 278px) 100vw, 278px\" \/><\/div><\/div><\/div><\/div>\n\n\n<hr class=\"wp-block-separator has-alpha-channel-opacity\" \/>\n\n\n<div id=\"pl-gb730-69f1d0e1bff50\"  class=\"panel-layout\" ><div id=\"pg-gb730-69f1d0e1bff50-0\"  class=\"panel-grid panel-no-style\" ><div id=\"pgc-gb730-69f1d0e1bff50-0-0\"  class=\"panel-grid-cell\" ><div id=\"panel-gb730-69f1d0e1bff50-0-0-0\" class=\"so-panel widget widget_text panel-first-child panel-last-child\" data-index=\"0\" ><div class=\"panel-widget-style panel-widget-style-for-gb730-69f1d0e1bff50-0-0-0\" >\t\t\t<div class=\"textwidget\"><p><strong>Es gibt einen neuen Newsletter (April 2024)<\/strong><\/p>\n<\/div>\n\t\t<\/div><\/div><\/div><\/div><div id=\"pg-gb730-69f1d0e1bff50-1\"  class=\"panel-grid panel-no-style\" ><div id=\"pgc-gb730-69f1d0e1bff50-1-0\"  class=\"panel-grid-cell\" ><div id=\"panel-gb730-69f1d0e1bff50-1-0-0\" class=\"so-panel widget widget_text panel-first-child panel-last-child\" data-index=\"1\" ><div class=\"panel-widget-style panel-widget-style-for-gb730-69f1d0e1bff50-1-0-0\" >\t\t\t<div class=\"textwidget\"><p>Wir haben einen neuen Newsletter erstellt.<\/p>\n<p>Er ist der dritte Newsletter vom Projekt.<\/p>\n<p>Der Newsletter wurde in Leichte Sprache \u00fcbersetzt.<\/p>\n<p>Den Newsletter finden Sie, <a href=\"https:\/\/zpe.uni-siegen.de\/unbrk-kommunal\/wp-content\/uploads\/sites\/2\/2024\/04\/UN-BRK-kommunal_Zusammenfassung_Newsletter_03_2024-LS.pdf\">wenn Sie auf diesen Text klicken<\/a>.<\/p>\n<\/div>\n\t\t<\/div><\/div><\/div><div id=\"pgc-gb730-69f1d0e1bff50-1-1\"  class=\"panel-grid-cell\" ><div id=\"panel-gb730-69f1d0e1bff50-1-1-0\" class=\"so-panel widget widget_media_image panel-first-child panel-last-child\" data-index=\"2\" ><img loading=\"lazy\" decoding=\"async\" width=\"300\" height=\"260\" src=\"https:\/\/zpe.uni-siegen.de\/unbrk-kommunal\/wp-content\/uploads\/sites\/2\/2023\/02\/email-300x260.png\" class=\"image wp-image-1026  attachment-medium size-medium\" alt=\"\" style=\"max-width: 100%; height: auto;\" srcset=\"https:\/\/zpe.uni-siegen.de\/unbrk-kommunal\/wp-content\/uploads\/sites\/2\/2023\/02\/email-300x260.png 300w, https:\/\/zpe.uni-siegen.de\/unbrk-kommunal\/wp-content\/uploads\/sites\/2\/2023\/02\/email.png 577w\" sizes=\"auto, (max-width: 300px) 100vw, 300px\" \/><\/div><\/div><\/div><\/div>\n\n\n<hr class=\"wp-block-separator has-alpha-channel-opacity\" \/>\n\n\n<div id=\"pl-gb730-69f1d0e1c0438\"  class=\"panel-layout\" ><div id=\"pg-gb730-69f1d0e1c0438-0\"  class=\"panel-grid panel-no-style\" ><div id=\"pgc-gb730-69f1d0e1c0438-0-0\"  class=\"panel-grid-cell\" ><div id=\"panel-gb730-69f1d0e1c0438-0-0-0\" class=\"so-panel widget widget_text panel-first-child panel-last-child\" data-index=\"0\" ><div class=\"panel-widget-style panel-widget-style-for-gb730-69f1d0e1c0438-0-0-0\" >\t\t\t<div class=\"textwidget\"><p>Wir haben einen Newsletter erstellt.<\/p>\n<p>Der Newsletter wurde in Leichte Sprache \u00fcbersetzt.<\/p>\n<p>Den Newsletter finden Sie, <a href=\"https:\/\/zpe.uni-siegen.de\/unbrk-kommunal\/wp-content\/uploads\/sites\/2\/2023\/10\/Newsletter-zum-Projekt-in-Leichter-Sprache.pdf\">wenn Sie auf diesen Text klicken<\/a>.<\/p>\n<\/div>\n\t\t<\/div><\/div><\/div><div id=\"pgc-gb730-69f1d0e1c0438-0-1\"  class=\"panel-grid-cell\" ><div id=\"panel-gb730-69f1d0e1c0438-0-1-0\" class=\"so-panel widget widget_media_image panel-first-child panel-last-child\" data-index=\"1\" ><img loading=\"lazy\" decoding=\"async\" width=\"300\" height=\"260\" src=\"https:\/\/zpe.uni-siegen.de\/unbrk-kommunal\/wp-content\/uploads\/sites\/2\/2023\/02\/email-300x260.png\" class=\"image wp-image-1026  attachment-medium size-medium\" alt=\"\" style=\"max-width: 100%; height: auto;\" srcset=\"https:\/\/zpe.uni-siegen.de\/unbrk-kommunal\/wp-content\/uploads\/sites\/2\/2023\/02\/email-300x260.png 300w, https:\/\/zpe.uni-siegen.de\/unbrk-kommunal\/wp-content\/uploads\/sites\/2\/2023\/02\/email.png 577w\" sizes=\"auto, (max-width: 300px) 100vw, 300px\" \/><\/div><\/div><\/div><\/div>\n\n\n<hr class=\"wp-block-separator has-alpha-channel-opacity\" \/>\n\n\n<div id=\"pl-gb730-69f1d0e1c070e\"  class=\"panel-layout wp-block-siteorigin-panels-layout-block panel-layout\" ><div id=\"pg-gb730-69f1d0e1c070e-0\"  class=\"panel-grid panel-has-style\" ><div class=\"panel-row-style panel-row-style-for-gb730-69f1d0e1c070e-0\" ><div id=\"pgc-gb730-69f1d0e1c070e-0-0\"  class=\"panel-grid-cell\" ><div id=\"panel-gb730-69f1d0e1c070e-0-0-0\" class=\"so-panel widget widget_text panel-first-child panel-last-child\" data-index=\"0\" ><div class=\"panel-widget-style panel-widget-style-for-gb730-69f1d0e1c070e-0-0-0\" >\t\t\t<div class=\"textwidget\"><p>Wir haben unseren Newsletter in Leichter Sprache zusammengefasst.<\/p>\n<p>Die Zusammenfassung finden Sie, <a href=\"https:\/\/zpe.uni-siegen.de\/unbrk-kommunal\/wp-content\/uploads\/sites\/2\/2024\/03\/UN-BRK-kommunal_Zusammenfassung_Newsletter_01_2023-LS.pdf\">wenn Sie auf diesen Text klicken<\/a>.<\/p>\n<\/div>\n\t\t<\/div><\/div><\/div><div id=\"pgc-gb730-69f1d0e1c070e-0-1\"  class=\"panel-grid-cell\" ><div id=\"panel-gb730-69f1d0e1c070e-0-1-0\" class=\"so-panel widget widget_media_image panel-first-child panel-last-child\" data-index=\"1\" ><img loading=\"lazy\" decoding=\"async\" width=\"300\" height=\"260\" src=\"https:\/\/zpe.uni-siegen.de\/unbrk-kommunal\/wp-content\/uploads\/sites\/2\/2023\/02\/email-300x260.png\" class=\"image wp-image-1026  attachment-medium size-medium\" alt=\"\" style=\"max-width: 100%; height: auto;\" srcset=\"https:\/\/zpe.uni-siegen.de\/unbrk-kommunal\/wp-content\/uploads\/sites\/2\/2023\/02\/email-300x260.png 300w, https:\/\/zpe.uni-siegen.de\/unbrk-kommunal\/wp-content\/uploads\/sites\/2\/2023\/02\/email.png 577w\" sizes=\"auto, (max-width: 300px) 100vw, 300px\" \/><\/div><\/div><\/div><\/div><\/div>\n\n\n<hr class=\"wp-block-separator has-alpha-channel-opacity\" \/>\n\n\n<div id=\"pl-gb730-69f1d0e1c0fe2\"  class=\"panel-layout wp-block-siteorigin-panels-layout-block panel-layout\" ><div id=\"pg-gb730-69f1d0e1c0fe2-0\"  class=\"panel-grid panel-no-style\" ><div id=\"pgc-gb730-69f1d0e1c0fe2-0-0\"  class=\"panel-grid-cell panel-grid-cell-mobile-last\" ><div id=\"panel-gb730-69f1d0e1c0fe2-0-0-0\" class=\"so-panel widget widget_text panel-first-child panel-last-child\" data-index=\"0\" ><div class=\"panel-widget-style panel-widget-style-for-gb730-69f1d0e1c0fe2-0-0-0\" >\t\t\t<div class=\"textwidget\"><p>Unser Team hat einen Vortrag gehalten! 9. Februar 2023<\/p>\n<\/div>\n\t\t<\/div><\/div><\/div><div id=\"pgc-gb730-69f1d0e1c0fe2-0-1\"  class=\"panel-grid-cell panel-grid-cell-empty\" ><\/div><\/div><div id=\"pg-gb730-69f1d0e1c0fe2-1\"  class=\"panel-grid panel-no-style\" ><div id=\"pgc-gb730-69f1d0e1c0fe2-1-0\"  class=\"panel-grid-cell\" ><div id=\"panel-gb730-69f1d0e1c0fe2-1-0-0\" class=\"so-panel widget widget_text panel-first-child panel-last-child\" data-index=\"1\" ><div class=\"panel-widget-style panel-widget-style-for-gb730-69f1d0e1c0fe2-1-0-0\" >\t\t\t<div class=\"textwidget\"><p>Unser Team war auf einer Veranstaltung in Z\u00fcrich.<\/p>\n<p>Die Veranstaltung hei\u00dft:<\/p>\n<p>\u201e36. Jahrestagung der Inklusionsforscher*innen.\u201c<\/p>\n<p>Die Abk\u00fcrzung hei\u00dft IFO 2023<\/p>\n<p>Auf der IFO 2023 haben sich Wissenschaftler und Wissenschaftlerinnen getroffen.<\/p>\n<\/div>\n\t\t<\/div><\/div><\/div><div id=\"pgc-gb730-69f1d0e1c0fe2-1-1\"  class=\"panel-grid-cell\" ><div id=\"panel-gb730-69f1d0e1c0fe2-1-1-0\" class=\"so-panel widget widget_media_image panel-first-child panel-last-child\" data-index=\"2\" ><img loading=\"lazy\" decoding=\"async\" width=\"618\" height=\"500\" src=\"https:\/\/zpe.uni-siegen.de\/unbrk-kommunal\/wp-content\/uploads\/sites\/2\/2023\/02\/tagung.png\" class=\"image wp-image-1342  attachment-full size-full\" alt=\"\" style=\"max-width: 100%; height: auto;\" srcset=\"https:\/\/zpe.uni-siegen.de\/unbrk-kommunal\/wp-content\/uploads\/sites\/2\/2023\/02\/tagung.png 618w, https:\/\/zpe.uni-siegen.de\/unbrk-kommunal\/wp-content\/uploads\/sites\/2\/2023\/02\/tagung-300x243.png 300w\" sizes=\"auto, (max-width: 618px) 100vw, 618px\" \/><\/div><\/div><\/div><div id=\"pg-gb730-69f1d0e1c0fe2-2\"  class=\"panel-grid panel-no-style\" ><div id=\"pgc-gb730-69f1d0e1c0fe2-2-0\"  class=\"panel-grid-cell\" ><div id=\"panel-gb730-69f1d0e1c0fe2-2-0-0\" class=\"so-panel widget widget_text panel-first-child panel-last-child\" data-index=\"3\" ><div class=\"panel-widget-style panel-widget-style-for-gb730-69f1d0e1c0fe2-2-0-0\" >\t\t\t<div class=\"textwidget\"><p>Die Wissenschaftler und Wissenschaftlerinnen haben \u00fcber Inklusion gesprochen.<\/p>\n<p>Es wurde viel \u00fcber die Inklusion in der Schule gesprochen.<\/p>\n<p>Unser Team hat einen Vortrag gehalten.<\/p>\n<p>In dem Vortrag ging es nicht um Schule.<\/p>\n<p>Im Vortrag ging es um die UN-Behindertenrechts-Konvention.<\/p>\n<p>Und um die Frage: Was k\u00f6nnen Kommunen f\u00fcr Inklusion machen.<\/p>\n<p>Kommunen sind zum Beispiel St\u00e4dte und Landkreise.<\/p>\n<\/div>\n\t\t<\/div><\/div><\/div><div id=\"pgc-gb730-69f1d0e1c0fe2-2-1\"  class=\"panel-grid-cell\" ><div id=\"panel-gb730-69f1d0e1c0fe2-2-1-0\" class=\"so-panel widget widget_media_image panel-first-child panel-last-child\" data-index=\"4\" ><img loading=\"lazy\" decoding=\"async\" width=\"648\" height=\"500\" src=\"https:\/\/zpe.uni-siegen.de\/unbrk-kommunal\/wp-content\/uploads\/sites\/2\/2022\/11\/inklusion-768x592.png\" class=\"image wp-image-551  attachment-648x500 size-648x500\" alt=\"\" style=\"max-width: 100%; height: auto;\" srcset=\"https:\/\/zpe.uni-siegen.de\/unbrk-kommunal\/wp-content\/uploads\/sites\/2\/2022\/11\/inklusion-768x592.png 768w, https:\/\/zpe.uni-siegen.de\/unbrk-kommunal\/wp-content\/uploads\/sites\/2\/2022\/11\/inklusion-300x231.png 300w, https:\/\/zpe.uni-siegen.de\/unbrk-kommunal\/wp-content\/uploads\/sites\/2\/2022\/11\/inklusion-1024x790.png 1024w, https:\/\/zpe.uni-siegen.de\/unbrk-kommunal\/wp-content\/uploads\/sites\/2\/2022\/11\/inklusion-1536x1184.png 1536w, https:\/\/zpe.uni-siegen.de\/unbrk-kommunal\/wp-content\/uploads\/sites\/2\/2022\/11\/inklusion-2048x1579.png 2048w\" sizes=\"auto, (max-width: 648px) 100vw, 648px\" \/><\/div><\/div><\/div><div id=\"pg-gb730-69f1d0e1c0fe2-3\"  class=\"panel-grid panel-no-style\" ><div id=\"pgc-gb730-69f1d0e1c0fe2-3-0\"  class=\"panel-grid-cell panel-grid-cell-mobile-last\" ><div id=\"panel-gb730-69f1d0e1c0fe2-3-0-0\" class=\"so-panel widget widget_text panel-first-child panel-last-child\" data-index=\"5\" ><div class=\"panel-widget-style panel-widget-style-for-gb730-69f1d0e1c0fe2-3-0-0\" >\t\t\t<div class=\"textwidget\"><p>Als erstes hat Albrecht Rohrmann einen Vortrag gehalten.<\/p>\n<p>Das hier hat er erz\u00e4hlt:<\/p>\n<\/div>\n\t\t<\/div><\/div><\/div><div id=\"pgc-gb730-69f1d0e1c0fe2-3-1\"  class=\"panel-grid-cell panel-grid-cell-empty\" ><\/div><\/div><div id=\"pg-gb730-69f1d0e1c0fe2-4\"  class=\"panel-grid panel-no-style\" ><div id=\"pgc-gb730-69f1d0e1c0fe2-4-0\"  class=\"panel-grid-cell\" ><div id=\"panel-gb730-69f1d0e1c0fe2-4-0-0\" class=\"so-panel widget widget_text panel-first-child panel-last-child\" data-index=\"6\" ><div class=\"panel-widget-style panel-widget-style-for-gb730-69f1d0e1c0fe2-4-0-0\" >\t\t\t<div class=\"textwidget\"><p>Deutschland hat die UN-Behindertenrechts-Konvention unterschrieben.<\/p>\n<p>Damit hat Deutschland versprochen: Wir setzen die UN-Behindertenrechts-Konvention um.<\/p>\n<p>Die Kommunen haben die UN-Behindertenrechts-Konvention nicht unterschrieben.<\/p>\n<p>Das geht auch gar nicht.<\/p>\n<p>Nur L\u00e4nder k\u00f6nnen die UN-Behindertenrechts-Konvention unterschreiben.<\/p>\n<p>Aber Menschen mit Behinderung in Deutschland leben direkt in den Kommunen.<\/p>\n<p>Deswegen sind die Kommunen f\u00fcr die Umsetzung von der UN-Behindertenrechts-Konvention wichtig.<\/p>\n<p>Aber die Kommunen entscheiden selbst: Was machen wir f\u00fcr die UN-Behindertenrechts-Konvention.<\/p>\n<\/div>\n\t\t<\/div><\/div><\/div><div id=\"pgc-gb730-69f1d0e1c0fe2-4-1\"  class=\"panel-grid-cell\" ><div id=\"panel-gb730-69f1d0e1c0fe2-4-1-0\" class=\"so-panel widget widget_media_image panel-first-child panel-last-child\" data-index=\"7\" ><img loading=\"lazy\" decoding=\"async\" width=\"404\" height=\"500\" src=\"https:\/\/zpe.uni-siegen.de\/unbrk-kommunal\/wp-content\/uploads\/sites\/2\/2023\/02\/deutschland.png\" class=\"image wp-image-1007  attachment-full size-full\" alt=\"\" style=\"max-width: 100%; height: auto;\" srcset=\"https:\/\/zpe.uni-siegen.de\/unbrk-kommunal\/wp-content\/uploads\/sites\/2\/2023\/02\/deutschland.png 404w, https:\/\/zpe.uni-siegen.de\/unbrk-kommunal\/wp-content\/uploads\/sites\/2\/2023\/02\/deutschland-242x300.png 242w\" sizes=\"auto, (max-width: 404px) 100vw, 404px\" \/><\/div><\/div><\/div><div id=\"pg-gb730-69f1d0e1c0fe2-5\"  class=\"panel-grid panel-has-style\" ><div class=\"panel-row-style panel-row-style-for-gb730-69f1d0e1c0fe2-5\" ><div id=\"pgc-gb730-69f1d0e1c0fe2-5-0\"  class=\"panel-grid-cell panel-grid-cell-mobile-last\" ><div id=\"panel-gb730-69f1d0e1c0fe2-5-0-0\" class=\"so-panel widget widget_text panel-first-child panel-last-child\" data-index=\"8\" ><div class=\"panel-widget-style panel-widget-style-for-gb730-69f1d0e1c0fe2-5-0-0\" >\t\t\t<div class=\"textwidget\"><p>Danach hat Matthias Kempf einen Vortrag gehalten.<\/p>\n<p>Das hier hat er erz\u00e4hlt:<\/p>\n<p>Viele Kommunen haben schon etwas zur Umsetzung von der UN-Behindertenrechts-Konvention gemacht.<\/p>\n<p>Was die Kommunen gemacht haben ist sehr unterschiedlich.<\/p>\n<p>Eine M\u00f6glichkeit ist: Sie k\u00f6nnen einen Plan machen.<\/p>\n<\/div>\n\t\t<\/div><\/div><\/div><div id=\"pgc-gb730-69f1d0e1c0fe2-5-1\"  class=\"panel-grid-cell panel-grid-cell-empty\" ><\/div><\/div><\/div><div id=\"pg-gb730-69f1d0e1c0fe2-6\"  class=\"panel-grid panel-has-style\" ><div class=\"panel-row-style panel-row-style-for-gb730-69f1d0e1c0fe2-6\" ><div id=\"pgc-gb730-69f1d0e1c0fe2-6-0\"  class=\"panel-grid-cell\" ><div id=\"panel-gb730-69f1d0e1c0fe2-6-0-0\" class=\"so-panel widget widget_text panel-first-child panel-last-child\" data-index=\"9\" ><div class=\"panel-widget-style panel-widget-style-for-gb730-69f1d0e1c0fe2-6-0-0\" >\t\t\t<div class=\"textwidget\"><p>An dem Plan arbeiten viele Menschen mit.<\/p>\n<p>Zum Beispiel Menschen aus der <strong>Verwaltung<\/strong> von der Kommune.<\/p>\n<p>In der Verwaltung werden die Sachen gemacht, die Politiker und Politikerinnen in der Kommune entschieden haben.<\/p>\n<p>Es machen aber auch Menschen mit, die nicht in der Verwaltung arbeiten.<\/p>\n<p>Zum Beispiel Fach-Leute.<\/p>\n<p>Oder Menschen mit Behinderung.<\/p>\n<\/div>\n\t\t<\/div><\/div><\/div><div id=\"pgc-gb730-69f1d0e1c0fe2-6-1\"  class=\"panel-grid-cell\" ><div id=\"panel-gb730-69f1d0e1c0fe2-6-1-0\" class=\"so-panel widget widget_media_image panel-first-child panel-last-child\" data-index=\"10\" ><img loading=\"lazy\" decoding=\"async\" width=\"690\" height=\"500\" src=\"https:\/\/zpe.uni-siegen.de\/unbrk-kommunal\/wp-content\/uploads\/sites\/2\/2023\/02\/sitzung-1.png\" class=\"image wp-image-1304  attachment-full size-full\" alt=\"\" style=\"max-width: 100%; height: auto;\" srcset=\"https:\/\/zpe.uni-siegen.de\/unbrk-kommunal\/wp-content\/uploads\/sites\/2\/2023\/02\/sitzung-1.png 690w, https:\/\/zpe.uni-siegen.de\/unbrk-kommunal\/wp-content\/uploads\/sites\/2\/2023\/02\/sitzung-1-300x217.png 300w\" sizes=\"auto, (max-width: 690px) 100vw, 690px\" \/><\/div><\/div><\/div><\/div><div id=\"pg-gb730-69f1d0e1c0fe2-7\"  class=\"panel-grid panel-has-style\" ><div class=\"panel-row-style panel-row-style-for-gb730-69f1d0e1c0fe2-7\" ><div id=\"pgc-gb730-69f1d0e1c0fe2-7-0\"  class=\"panel-grid-cell\" ><div id=\"panel-gb730-69f1d0e1c0fe2-7-0-0\" class=\"so-panel widget widget_text panel-first-child panel-last-child\" data-index=\"11\" ><div class=\"panel-widget-style panel-widget-style-for-gb730-69f1d0e1c0fe2-7-0-0\" >\t\t\t<div class=\"textwidget\"><p>In dem Plan schreiben die Kommunen Ziele auf.<\/p>\n<p>Sie schreiben auch auf: Was wollen sie machen, um die Ziele zu erreichen.<\/p>\n<p>Die Aktionen, mit denen sie die Ziele erreichen wollen, sind <strong>Ma\u00dfnahmen.<\/strong><\/p>\n<p>Die Kommunen in Deutschland sind ganz unterschiedlich.<\/p>\n<p>Mit einem Plan k\u00f6nnen Kommunen genau \u00fcberlegen:<\/p>\n<p>Was muss sich bei uns ver\u00e4ndern.<\/p>\n<p>Und wie k\u00f6nnen wir das bei uns schaffen.<\/p>\n<p>Der Plan soll genau zur Kommune passen.<\/p>\n<p>Deswegen ist ein Plan gut f\u00fcr die Umsetzung der UN-Behindertenrechts-Konvention.<\/p>\n<\/div>\n\t\t<\/div><\/div><\/div><div id=\"pgc-gb730-69f1d0e1c0fe2-7-1\"  class=\"panel-grid-cell\" ><div id=\"panel-gb730-69f1d0e1c0fe2-7-1-0\" class=\"so-panel widget widget_media_image panel-first-child panel-last-child\" data-index=\"12\" ><img loading=\"lazy\" decoding=\"async\" width=\"381\" height=\"500\" src=\"https:\/\/zpe.uni-siegen.de\/unbrk-kommunal\/wp-content\/uploads\/sites\/2\/2023\/02\/liste.png\" class=\"image wp-image-1189  attachment-full size-full\" alt=\"\" style=\"max-width: 100%; height: auto;\" srcset=\"https:\/\/zpe.uni-siegen.de\/unbrk-kommunal\/wp-content\/uploads\/sites\/2\/2023\/02\/liste.png 381w, https:\/\/zpe.uni-siegen.de\/unbrk-kommunal\/wp-content\/uploads\/sites\/2\/2023\/02\/liste-229x300.png 229w\" sizes=\"auto, (max-width: 381px) 100vw, 381px\" \/><\/div><\/div><\/div><\/div><div id=\"pg-gb730-69f1d0e1c0fe2-8\"  class=\"panel-grid panel-has-style\" ><div class=\"panel-row-style panel-row-style-for-gb730-69f1d0e1c0fe2-8\" ><div id=\"pgc-gb730-69f1d0e1c0fe2-8-0\"  class=\"panel-grid-cell panel-grid-cell-mobile-last\" ><div id=\"panel-gb730-69f1d0e1c0fe2-8-0-0\" class=\"so-panel widget widget_text panel-first-child panel-last-child\" data-index=\"13\" ><div class=\"panel-widget-style panel-widget-style-for-gb730-69f1d0e1c0fe2-8-0-0\" >\t\t\t<div class=\"textwidget\"><p>Am Ende hat Lena Bertelmann einen Vortrag gehalten.<\/p>\n<p>Das hier hat sie erz\u00e4hlt:<\/p>\n<p>Dass viele verschiedene Menschen an einem Plan arbeiten, ist manchmal kompliziert.<\/p>\n<p>Deswegen bestimmen manche Kommunen einen Chef oder eine Chefin.<\/p>\n<p>Der Chef oder die Chefin kommt aus der Verwaltung.<\/p>\n<p>Der Chef oder die Chefin hat die gr\u00f6\u00dfte Verantwortung f\u00fcr den Plan.<\/p>\n<\/div>\n\t\t<\/div><\/div><\/div><div id=\"pgc-gb730-69f1d0e1c0fe2-8-1\"  class=\"panel-grid-cell panel-grid-cell-empty\" ><\/div><\/div><\/div><div id=\"pg-gb730-69f1d0e1c0fe2-9\"  class=\"panel-grid panel-has-style\" ><div class=\"panel-row-style panel-row-style-for-gb730-69f1d0e1c0fe2-9\" ><div id=\"pgc-gb730-69f1d0e1c0fe2-9-0\"  class=\"panel-grid-cell\" ><div id=\"panel-gb730-69f1d0e1c0fe2-9-0-0\" class=\"so-panel widget widget_text panel-first-child panel-last-child\" data-index=\"14\" ><div class=\"panel-widget-style panel-widget-style-for-gb730-69f1d0e1c0fe2-9-0-0\" >\t\t\t<div class=\"textwidget\"><p>Deshalb ist der Chef oder die Chefin die <strong>hauptverantwortliche Person.<\/strong><\/p>\n<p>Die hauptverantwortliche Person achtet darauf:<\/p>\n<ul>\n<li>Dass alle Menschen gut zusammenarbeiten.<\/li>\n<li>Dass alle Menschen sich um verschiedene Aufgaben k\u00fcmmern.<\/li>\n<\/ul>\n<p>Sie bringt die verschiedenen Menschen zusammen:<\/p>\n<ul>\n<li>Die Menschen, die in der Verwaltung arbeiten.<\/li>\n<li>Und die Menschen, die nicht in der Verwaltung arbeiten.<\/li>\n<\/ul>\n<\/div>\n\t\t<\/div><\/div><\/div><div id=\"pgc-gb730-69f1d0e1c0fe2-9-1\"  class=\"panel-grid-cell\" ><div id=\"panel-gb730-69f1d0e1c0fe2-9-1-0\" class=\"so-panel widget widget_media_image panel-first-child panel-last-child\" data-index=\"15\" ><img loading=\"lazy\" decoding=\"async\" width=\"690\" height=\"500\" src=\"https:\/\/zpe.uni-siegen.de\/unbrk-kommunal\/wp-content\/uploads\/sites\/2\/2023\/02\/sitzung_leitung.png\" class=\"image wp-image-1306  attachment-full size-full\" alt=\"\" style=\"max-width: 100%; height: auto;\" srcset=\"https:\/\/zpe.uni-siegen.de\/unbrk-kommunal\/wp-content\/uploads\/sites\/2\/2023\/02\/sitzung_leitung.png 690w, https:\/\/zpe.uni-siegen.de\/unbrk-kommunal\/wp-content\/uploads\/sites\/2\/2023\/02\/sitzung_leitung-300x217.png 300w\" sizes=\"auto, (max-width: 690px) 100vw, 690px\" \/><\/div><\/div><\/div><\/div><div id=\"pg-gb730-69f1d0e1c0fe2-10\"  class=\"panel-grid panel-no-style\" ><div id=\"pgc-gb730-69f1d0e1c0fe2-10-0\"  class=\"panel-grid-cell panel-grid-cell-mobile-last\" ><div id=\"panel-gb730-69f1d0e1c0fe2-10-0-0\" class=\"so-panel widget widget_text panel-first-child panel-last-child\" data-index=\"16\" ><div class=\"panel-widget-style panel-widget-style-for-gb730-69f1d0e1c0fe2-10-0-0\" >\t\t\t<div class=\"textwidget\"><p>Danach haben wir mit anderen Wissenschaftlern und Wissenschaftlerinnen \u00fcber unsere Vortr\u00e4ge gesprochen.<\/p>\n<p>Dar\u00fcber haben wir gesprochen:<\/p>\n<p>&nbsp;<\/p>\n<\/div>\n\t\t<\/div><\/div><\/div><div id=\"pgc-gb730-69f1d0e1c0fe2-10-1\"  class=\"panel-grid-cell panel-grid-cell-empty\" ><\/div><\/div><div id=\"pg-gb730-69f1d0e1c0fe2-11\"  class=\"panel-grid panel-no-style\" ><div id=\"pgc-gb730-69f1d0e1c0fe2-11-0\"  class=\"panel-grid-cell\" ><div id=\"panel-gb730-69f1d0e1c0fe2-11-0-0\" class=\"so-panel widget widget_text panel-first-child panel-last-child\" data-index=\"17\" ><div class=\"panel-widget-style panel-widget-style-for-gb730-69f1d0e1c0fe2-11-0-0\" >\t\t\t<div class=\"textwidget\"><p>Was klappt gut, wenn Kommunen einen Plan machen.<\/p>\n<p>Was klappt nicht gut, wenn Kommunen einen Plan machen.<\/p>\n<p>Wir haben auch erz\u00e4hlt:<\/p>\n<p>Niemand wei\u00df: Wie viele Kommunen haben in Deutschland schon einen Plan gemacht.<\/p>\n<p>In unserem Projekt k\u00f6nnen wir das herausfinden.<\/p>\n<\/div>\n\t\t<\/div><\/div><\/div><div id=\"pgc-gb730-69f1d0e1c0fe2-11-1\"  class=\"panel-grid-cell\" ><div id=\"panel-gb730-69f1d0e1c0fe2-11-1-0\" class=\"so-panel widget widget_media_image panel-first-child panel-last-child\" data-index=\"18\" ><img loading=\"lazy\" decoding=\"async\" width=\"286\" height=\"300\" src=\"https:\/\/zpe.uni-siegen.de\/unbrk-kommunal\/wp-content\/uploads\/sites\/2\/2023\/02\/smiley_traurig-286x300.png\" class=\"image wp-image-1310  attachment-medium size-medium\" alt=\"\" style=\"max-width: 100%; height: auto;\" srcset=\"https:\/\/zpe.uni-siegen.de\/unbrk-kommunal\/wp-content\/uploads\/sites\/2\/2023\/02\/smiley_traurig-286x300.png 286w, https:\/\/zpe.uni-siegen.de\/unbrk-kommunal\/wp-content\/uploads\/sites\/2\/2023\/02\/smiley_traurig.png 477w\" sizes=\"auto, (max-width: 286px) 100vw, 286px\" \/><\/div><\/div><div id=\"pgc-gb730-69f1d0e1c0fe2-11-2\"  class=\"panel-grid-cell\" ><div id=\"panel-gb730-69f1d0e1c0fe2-11-2-0\" class=\"so-panel widget widget_media_image panel-first-child panel-last-child\" data-index=\"19\" ><img loading=\"lazy\" decoding=\"async\" width=\"286\" height=\"300\" src=\"https:\/\/zpe.uni-siegen.de\/unbrk-kommunal\/wp-content\/uploads\/sites\/2\/2023\/02\/smiley_lachen-286x300.png\" class=\"image wp-image-1309  attachment-medium size-medium\" alt=\"\" style=\"max-width: 100%; height: auto;\" srcset=\"https:\/\/zpe.uni-siegen.de\/unbrk-kommunal\/wp-content\/uploads\/sites\/2\/2023\/02\/smiley_lachen-286x300.png 286w, https:\/\/zpe.uni-siegen.de\/unbrk-kommunal\/wp-content\/uploads\/sites\/2\/2023\/02\/smiley_lachen.png 477w\" sizes=\"auto, (max-width: 286px) 100vw, 286px\" \/><\/div><\/div><\/div><div id=\"pg-gb730-69f1d0e1c0fe2-12\"  class=\"panel-grid panel-no-style\" ><div id=\"pgc-gb730-69f1d0e1c0fe2-12-0\"  class=\"panel-grid-cell\" ><div id=\"panel-gb730-69f1d0e1c0fe2-12-0-0\" class=\"so-panel widget widget_media_image panel-first-child panel-last-child\" data-index=\"20\" ><div style=\"width: 1034px\" class=\"wp-caption alignnone\"><img loading=\"lazy\" decoding=\"async\" width=\"720\" height=\"480\" src=\"https:\/\/zpe.uni-siegen.de\/unbrk-kommunal\/wp-content\/uploads\/sites\/2\/2023\/02\/IFO-2023_2a-1024x682.jpg\" class=\"image wp-image-1594  attachment-large size-large\" alt=\"\" style=\"max-width: 100%; height: auto;\" srcset=\"https:\/\/zpe.uni-siegen.de\/unbrk-kommunal\/wp-content\/uploads\/sites\/2\/2023\/02\/IFO-2023_2a-1024x682.jpg 1024w, https:\/\/zpe.uni-siegen.de\/unbrk-kommunal\/wp-content\/uploads\/sites\/2\/2023\/02\/IFO-2023_2a-300x200.jpg 300w, https:\/\/zpe.uni-siegen.de\/unbrk-kommunal\/wp-content\/uploads\/sites\/2\/2023\/02\/IFO-2023_2a-768x512.jpg 768w, https:\/\/zpe.uni-siegen.de\/unbrk-kommunal\/wp-content\/uploads\/sites\/2\/2023\/02\/IFO-2023_2a-272x182.jpg 272w, https:\/\/zpe.uni-siegen.de\/unbrk-kommunal\/wp-content\/uploads\/sites\/2\/2023\/02\/IFO-2023_2a.jpg 1349w\" sizes=\"auto, (max-width: 720px) 100vw, 720px\" \/><p class=\"wp-caption-text\">\u201eDas Projekt-Team auf der IFO 2023 (v. l. n. r.): Malin Butschkau, Matthias Kempf, Albrecht Rohrmann, Lena Bertelmann<\/p><\/div><\/div><\/div><\/div><\/div>\n\n\n<p style=\"font-size:30px\">\u00a9 Lebenshilfe f\u00fcr Menschen mit geistiger Behinderung Bremen e.V., Illustrator Stefan Albers, Atelier Fleetinsel, 2013.<\/p>\n\n\n\n<hr class=\"wp-block-separator has-alpha-channel-opacity\" \/>\n\n\n<div id=\"pl-gb730-69f1d0e1c328c\"  class=\"panel-layout wp-block-siteorigin-panels-layout-block panel-layout\" ><div id=\"pg-gb730-69f1d0e1c328c-0\"  class=\"panel-grid panel-no-style\" ><div id=\"pgc-gb730-69f1d0e1c328c-0-0\"  class=\"panel-grid-cell\" ><div id=\"panel-gb730-69f1d0e1c328c-0-0-0\" class=\"so-panel widget widget_text panel-first-child panel-last-child\" data-index=\"0\" ><div class=\"panel-widget-style panel-widget-style-for-gb730-69f1d0e1c328c-0-0-0\" >\t\t\t<div class=\"textwidget\"><p>Unser Team h\u00e4lt einen Vortrag! Februar 2023<\/p>\n<\/div>\n\t\t<\/div><\/div><\/div><\/div><div id=\"pg-gb730-69f1d0e1c328c-1\"  class=\"panel-grid panel-has-style\" ><div class=\"panel-row-style panel-row-style-for-gb730-69f1d0e1c328c-1\" ><div id=\"pgc-gb730-69f1d0e1c328c-1-0\"  class=\"panel-grid-cell\" ><div id=\"panel-gb730-69f1d0e1c328c-1-0-0\" class=\"so-panel widget widget_text panel-first-child panel-last-child\" data-index=\"1\" ><div class=\"panel-widget-style panel-widget-style-for-gb730-69f1d0e1c328c-1-0-0\" >\t\t\t<div class=\"textwidget\"><p>Unser Team h\u00e4lt einen Vortrag auf einer Veranstaltung.<\/p>\n<p>Die Veranstaltung hei\u00dft:<\/p>\n<\/div>\n\t\t<\/div><\/div><\/div><div id=\"pgc-gb730-69f1d0e1c328c-1-1\"  class=\"panel-grid-cell\" ><div id=\"panel-gb730-69f1d0e1c328c-1-1-0\" class=\"so-panel widget widget_media_image panel-first-child panel-last-child\" data-index=\"2\" ><img loading=\"lazy\" decoding=\"async\" width=\"259\" height=\"300\" src=\"https:\/\/zpe.uni-siegen.de\/unbrk-kommunal\/wp-content\/uploads\/sites\/2\/2023\/02\/vortrag_gruppe-259x300.png\" class=\"image wp-image-1529  attachment-medium size-medium\" alt=\"\" style=\"max-width: 100%; height: auto;\" srcset=\"https:\/\/zpe.uni-siegen.de\/unbrk-kommunal\/wp-content\/uploads\/sites\/2\/2023\/02\/vortrag_gruppe-259x300.png 259w, https:\/\/zpe.uni-siegen.de\/unbrk-kommunal\/wp-content\/uploads\/sites\/2\/2023\/02\/vortrag_gruppe.png 431w\" sizes=\"auto, (max-width: 259px) 100vw, 259px\" \/><\/div><\/div><\/div><\/div><div id=\"pg-gb730-69f1d0e1c328c-2\"  class=\"panel-grid panel-no-style\" ><div id=\"pgc-gb730-69f1d0e1c328c-2-0\"  class=\"panel-grid-cell panel-grid-cell-mobile-last\" ><div id=\"panel-gb730-69f1d0e1c328c-2-0-0\" class=\"so-panel widget widget_text panel-first-child panel-last-child\" data-index=\"3\" ><div class=\"panel-widget-style panel-widget-style-for-gb730-69f1d0e1c328c-2-0-0\" >\t\t\t<div class=\"textwidget\"><p>\u201e<strong>36. <\/strong><strong>Jahrestag<\/strong><strong>ung<\/strong><strong> der Inklusionsforscher<\/strong><strong>*innen<\/strong><strong>.<\/strong>\u201c<\/p>\n<p>Die Abk\u00fcrzung hei\u00dft <strong>IFO2023<\/strong><\/p>\n<\/div>\n\t\t<\/div><\/div><\/div><div id=\"pgc-gb730-69f1d0e1c328c-2-1\"  class=\"panel-grid-cell panel-grid-cell-empty\" ><\/div><\/div><div id=\"pg-gb730-69f1d0e1c328c-3\"  class=\"panel-grid panel-no-style\" ><div id=\"pgc-gb730-69f1d0e1c328c-3-0\"  class=\"panel-grid-cell\" ><div id=\"panel-gb730-69f1d0e1c328c-3-0-0\" class=\"so-panel widget widget_text panel-first-child panel-last-child\" data-index=\"4\" ><div class=\"panel-widget-style panel-widget-style-for-gb730-69f1d0e1c328c-3-0-0\" >\t\t\t<div class=\"textwidget\"><p>Dar\u00fcber geht die Veranstaltung:<\/p>\n<p>Was haben Inklusion und <strong>Demokratie <\/strong>miteinander zu tun?<\/p>\n<p>Das Wort <strong>Demokratie <\/strong>ist griechisch.<\/p>\n<p>Es hei\u00dft auf deutsch: &#8222;Herrschaft des Volkes&#8220;<\/p>\n<p>Das hei\u00dft: In einem Land darf das Volk die Politik bestimmen.<\/p>\n<p>Daf\u00fcr w\u00e4hlt das Volk Politiker und Politikerinnen.<\/p>\n<p>Die Politik in Deutschland ist eine <strong>Demokratie<\/strong>.<\/p>\n<\/div>\n\t\t<\/div><\/div><\/div><div id=\"pgc-gb730-69f1d0e1c328c-3-1\"  class=\"panel-grid-cell\" ><div id=\"panel-gb730-69f1d0e1c328c-3-1-0\" class=\"so-panel widget widget_media_image panel-first-child panel-last-child\" data-index=\"5\" ><img loading=\"lazy\" decoding=\"async\" width=\"300\" height=\"294\" src=\"https:\/\/zpe.uni-siegen.de\/unbrk-kommunal\/wp-content\/uploads\/sites\/2\/2023\/02\/wahl-300x294.png\" class=\"image wp-image-1533  attachment-medium size-medium\" alt=\"\" style=\"max-width: 100%; height: auto;\" srcset=\"https:\/\/zpe.uni-siegen.de\/unbrk-kommunal\/wp-content\/uploads\/sites\/2\/2023\/02\/wahl-300x294.png 300w, https:\/\/zpe.uni-siegen.de\/unbrk-kommunal\/wp-content\/uploads\/sites\/2\/2023\/02\/wahl.png 511w\" sizes=\"auto, (max-width: 300px) 100vw, 300px\" \/><\/div><\/div><\/div><div id=\"pg-gb730-69f1d0e1c328c-4\"  class=\"panel-grid panel-no-style\" ><div id=\"pgc-gb730-69f1d0e1c328c-4-0\"  class=\"panel-grid-cell\" ><div id=\"panel-gb730-69f1d0e1c328c-4-0-0\" class=\"so-panel widget widget_text panel-first-child panel-last-child\" data-index=\"6\" ><div class=\"panel-widget-style panel-widget-style-for-gb730-69f1d0e1c328c-4-0-0\" >\t\t\t<div class=\"textwidget\"><p>Auf der Veranstaltung geht es auch darum:<\/p>\n<p>Was haben Inklusion und <strong>Chancengleichheit <\/strong>miteinander zu tun?<\/p>\n<p><strong>Chancengleichheit <\/strong>hei\u00dft: Alle Menschen haben die gleichen M\u00f6glichkeiten.<\/p>\n<p>Zum Beispiel k\u00f6nnen alle Menschen studieren gehen.<\/p>\n<\/div>\n\t\t<\/div><\/div><\/div><div id=\"pgc-gb730-69f1d0e1c328c-4-1\"  class=\"panel-grid-cell\" ><div id=\"panel-gb730-69f1d0e1c328c-4-1-0\" class=\"so-panel widget widget_media_image panel-first-child panel-last-child\" data-index=\"7\" ><img loading=\"lazy\" decoding=\"async\" width=\"300\" height=\"272\" src=\"https:\/\/zpe.uni-siegen.de\/unbrk-kommunal\/wp-content\/uploads\/sites\/2\/2023\/02\/gleichberechtigung-300x272.png\" class=\"image wp-image-1103  attachment-medium size-medium\" alt=\"\" style=\"max-width: 100%; height: auto;\" srcset=\"https:\/\/zpe.uni-siegen.de\/unbrk-kommunal\/wp-content\/uploads\/sites\/2\/2023\/02\/gleichberechtigung-300x272.png 300w, https:\/\/zpe.uni-siegen.de\/unbrk-kommunal\/wp-content\/uploads\/sites\/2\/2023\/02\/gleichberechtigung.png 552w\" sizes=\"auto, (max-width: 300px) 100vw, 300px\" \/><\/div><\/div><\/div><div id=\"pg-gb730-69f1d0e1c328c-5\"  class=\"panel-grid panel-no-style\" ><div id=\"pgc-gb730-69f1d0e1c328c-5-0\"  class=\"panel-grid-cell\" ><div id=\"panel-gb730-69f1d0e1c328c-5-0-0\" class=\"so-panel widget widget_text panel-first-child panel-last-child\" data-index=\"8\" ><div class=\"panel-widget-style panel-widget-style-for-gb730-69f1d0e1c328c-5-0-0\" >\t\t\t<div class=\"textwidget\"><p>Die Veranstaltung findet in Z\u00fcrich statt.<\/p>\n<p>Z\u00fcrich ist eine Stadt in der Schweiz.<\/p>\n<p>Bei dieser Veranstaltung treffen sich Forscher und Forscherinnen aus vielen L\u00e4ndern.<\/p>\n<\/div>\n\t\t<\/div><\/div><\/div><div id=\"pgc-gb730-69f1d0e1c328c-5-1\"  class=\"panel-grid-cell\" ><div id=\"panel-gb730-69f1d0e1c328c-5-1-0\" class=\"so-panel widget widget_media_image panel-first-child panel-last-child\" data-index=\"9\" ><img loading=\"lazy\" decoding=\"async\" width=\"300\" height=\"217\" src=\"https:\/\/zpe.uni-siegen.de\/unbrk-kommunal\/wp-content\/uploads\/sites\/2\/2023\/02\/versammlung-300x217.png\" class=\"image wp-image-1520  attachment-medium size-medium\" alt=\"\" style=\"max-width: 100%; height: auto;\" srcset=\"https:\/\/zpe.uni-siegen.de\/unbrk-kommunal\/wp-content\/uploads\/sites\/2\/2023\/02\/versammlung-300x217.png 300w, https:\/\/zpe.uni-siegen.de\/unbrk-kommunal\/wp-content\/uploads\/sites\/2\/2023\/02\/versammlung.png 690w\" sizes=\"auto, (max-width: 300px) 100vw, 300px\" \/><\/div><\/div><\/div><div id=\"pg-gb730-69f1d0e1c328c-6\"  class=\"panel-grid panel-no-style\" ><div id=\"pgc-gb730-69f1d0e1c328c-6-0\"  class=\"panel-grid-cell panel-grid-cell-mobile-last\" ><div id=\"panel-gb730-69f1d0e1c328c-6-0-0\" class=\"so-panel widget widget_text panel-first-child panel-last-child\" data-index=\"10\" ><div class=\"panel-widget-style panel-widget-style-for-gb730-69f1d0e1c328c-6-0-0\" >\t\t\t<div class=\"textwidget\"><p>Am 9. Februar halten wir den Vortrag.<\/p>\n<\/div>\n\t\t<\/div><\/div><\/div><div id=\"pgc-gb730-69f1d0e1c328c-6-1\"  class=\"panel-grid-cell panel-grid-cell-empty\" ><\/div><\/div><div id=\"pg-gb730-69f1d0e1c328c-7\"  class=\"panel-grid panel-no-style\" ><div id=\"pgc-gb730-69f1d0e1c328c-7-0\"  class=\"panel-grid-cell\" ><div id=\"panel-gb730-69f1d0e1c328c-7-0-0\" class=\"so-panel widget widget_text panel-first-child panel-last-child\" data-index=\"11\" ><div class=\"panel-widget-style panel-widget-style-for-gb730-69f1d0e1c328c-7-0-0\" >\t\t\t<div class=\"textwidget\"><p>Dar\u00fcber geht der Vortrag:<\/p>\n<p>Wir sprechen \u00fcber die UN-Behindertenrechts-Konvention.<\/p>\n<p>Und wir sprechen dar\u00fcber: Was k\u00f6nnen Kommunen f\u00fcr Inklusion machen.<\/p>\n<p>Kommunen sind zum Beispiel St\u00e4dte und Landkreise.<\/p>\n<p>Wir sprechen \u00fcber die Forschung, die wir schon gemacht haben.<\/p>\n<p>Die Forschung benutzen wir f\u00fcr unser Projekt.<\/p>\n<\/div>\n\t\t<\/div><\/div><\/div><div id=\"pgc-gb730-69f1d0e1c328c-7-1\"  class=\"panel-grid-cell\" ><div id=\"panel-gb730-69f1d0e1c328c-7-1-0\" class=\"so-panel widget widget_media_image panel-first-child panel-last-child\" data-index=\"12\" ><img loading=\"lazy\" decoding=\"async\" width=\"300\" height=\"249\" src=\"https:\/\/zpe.uni-siegen.de\/unbrk-kommunal\/wp-content\/uploads\/sites\/2\/2022\/11\/dorf-300x249.png\" class=\"image wp-image-548  attachment-medium size-medium\" alt=\"\" style=\"max-width: 100%; height: auto;\" srcset=\"https:\/\/zpe.uni-siegen.de\/unbrk-kommunal\/wp-content\/uploads\/sites\/2\/2022\/11\/dorf-300x249.png 300w, https:\/\/zpe.uni-siegen.de\/unbrk-kommunal\/wp-content\/uploads\/sites\/2\/2022\/11\/dorf-1024x850.png 1024w, https:\/\/zpe.uni-siegen.de\/unbrk-kommunal\/wp-content\/uploads\/sites\/2\/2022\/11\/dorf-768x637.png 768w, https:\/\/zpe.uni-siegen.de\/unbrk-kommunal\/wp-content\/uploads\/sites\/2\/2022\/11\/dorf-1536x1275.png 1536w, https:\/\/zpe.uni-siegen.de\/unbrk-kommunal\/wp-content\/uploads\/sites\/2\/2022\/11\/dorf-2048x1700.png 2048w\" sizes=\"auto, (max-width: 300px) 100vw, 300px\" \/><\/div><\/div><\/div><\/div>\n\n\n<p style=\"font-size:30px\">\u00a9 Lebenshilfe f\u00fcr Menschen mit geistiger Behinderung Bremen e.V., Illustrator Stefan Albers, Atelier Fleetinsel, 2013.<\/p>\n\n\n\n<hr class=\"wp-block-separator has-alpha-channel-opacity\" \/>\n\n\n<div id=\"pl-gb730-69f1d0e1c4715\"  class=\"panel-layout wp-block-siteorigin-panels-layout-block panel-layout\" ><div id=\"pg-gb730-69f1d0e1c4715-0\"  class=\"panel-grid panel-no-style\" ><div id=\"pgc-gb730-69f1d0e1c4715-0-0\"  class=\"panel-grid-cell panel-grid-cell-mobile-last\" ><div id=\"panel-gb730-69f1d0e1c4715-0-0-0\" class=\"so-panel widget widget_text panel-first-child panel-last-child\" data-index=\"0\" ><div class=\"panel-widget-style panel-widget-style-for-gb730-69f1d0e1c4715-0-0-0\" >\t\t\t<div class=\"textwidget\"><p>Unser Projekt w\u00e4chst! Januar 2023<\/p>\n<\/div>\n\t\t<\/div><\/div><\/div><div id=\"pgc-gb730-69f1d0e1c4715-0-1\"  class=\"panel-grid-cell panel-grid-cell-empty\" ><\/div><\/div><div id=\"pg-gb730-69f1d0e1c4715-1\"  class=\"panel-grid panel-no-style\" ><div id=\"pgc-gb730-69f1d0e1c4715-1-0\"  class=\"panel-grid-cell\" ><div id=\"panel-gb730-69f1d0e1c4715-1-0-0\" class=\"so-panel widget widget_text panel-first-child panel-last-child\" data-index=\"1\" ><div class=\"panel-widget-style panel-widget-style-for-gb730-69f1d0e1c4715-1-0-0\" >\t\t\t<div class=\"textwidget\"><p>Seit dem Anfang von diesem Jahr arbeitet eine neue Mitarbeiterin in unserem Projekt.<\/p>\n<p>Die Mitarbeiterin hei\u00dft Malin Butschkau.<\/p>\n<\/div>\n\t\t<\/div><\/div><\/div><div id=\"pgc-gb730-69f1d0e1c4715-1-1\"  class=\"panel-grid-cell\" ><div id=\"panel-gb730-69f1d0e1c4715-1-1-0\" class=\"so-panel widget widget_media_image panel-first-child panel-last-child\" data-index=\"2\" ><img loading=\"lazy\" decoding=\"async\" width=\"300\" height=\"200\" src=\"https:\/\/zpe.uni-siegen.de\/unbrk-kommunal\/wp-content\/uploads\/sites\/2\/2023\/01\/Bild-Malin--300x200.jpg\" class=\"image wp-image-694  attachment-medium size-medium\" alt=\"\" style=\"max-width: 100%; height: auto;\" srcset=\"https:\/\/zpe.uni-siegen.de\/unbrk-kommunal\/wp-content\/uploads\/sites\/2\/2023\/01\/Bild-Malin--300x200.jpg 300w, https:\/\/zpe.uni-siegen.de\/unbrk-kommunal\/wp-content\/uploads\/sites\/2\/2023\/01\/Bild-Malin--1024x683.jpg 1024w, https:\/\/zpe.uni-siegen.de\/unbrk-kommunal\/wp-content\/uploads\/sites\/2\/2023\/01\/Bild-Malin--768x512.jpg 768w, https:\/\/zpe.uni-siegen.de\/unbrk-kommunal\/wp-content\/uploads\/sites\/2\/2023\/01\/Bild-Malin--1536x1025.jpg 1536w, https:\/\/zpe.uni-siegen.de\/unbrk-kommunal\/wp-content\/uploads\/sites\/2\/2023\/01\/Bild-Malin--272x182.jpg 272w\" sizes=\"auto, (max-width: 300px) 100vw, 300px\" \/><\/div><\/div><\/div><div id=\"pg-gb730-69f1d0e1c4715-2\"  class=\"panel-grid panel-no-style\" ><div id=\"pgc-gb730-69f1d0e1c4715-2-0\"  class=\"panel-grid-cell\" ><div id=\"panel-gb730-69f1d0e1c4715-2-0-0\" class=\"so-panel widget widget_text panel-first-child panel-last-child\" data-index=\"3\" ><div class=\"panel-widget-style panel-widget-style-for-gb730-69f1d0e1c4715-2-0-0\" >\t\t\t<div class=\"textwidget\"><p>Malin Butschkau hat Erfahrung mit den W\u00fcnschen von Menschen mit Behinderung.<\/p>\n<p>Wir freuen uns auf die Zusammenarbeit mit Malin Butschkau!<\/p>\n<\/div>\n\t\t<\/div><\/div><\/div><div id=\"pgc-gb730-69f1d0e1c4715-2-1\"  class=\"panel-grid-cell\" ><div id=\"panel-gb730-69f1d0e1c4715-2-1-0\" class=\"so-panel widget widget_media_image panel-first-child panel-last-child\" data-index=\"4\" ><img loading=\"lazy\" decoding=\"async\" width=\"277\" height=\"300\" src=\"https:\/\/zpe.uni-siegen.de\/unbrk-kommunal\/wp-content\/uploads\/sites\/2\/2023\/02\/arbeitsgruppe_2-personen-277x300.png\" class=\"image wp-image-875  attachment-medium size-medium\" alt=\"\" style=\"max-width: 100%; height: auto;\" srcset=\"https:\/\/zpe.uni-siegen.de\/unbrk-kommunal\/wp-content\/uploads\/sites\/2\/2023\/02\/arbeitsgruppe_2-personen-277x300.png 277w, https:\/\/zpe.uni-siegen.de\/unbrk-kommunal\/wp-content\/uploads\/sites\/2\/2023\/02\/arbeitsgruppe_2-personen.png 461w\" sizes=\"auto, (max-width: 277px) 100vw, 277px\" \/><\/div><\/div><\/div><\/div>\n\n\n<p style=\"font-size:30px\">\u00a9 Lebenshilfe f\u00fcr Menschen mit geistiger Behinderung Bremen e.V., Illustrator Stefan Albers, Atelier Fleetinsel, 2013.<\/p>\n\n\n\n<hr class=\"wp-block-separator has-alpha-channel-opacity\" \/>\n\n\n<div id=\"pl-gb730-69f1d0e1c517d\"  class=\"panel-layout wp-block-siteorigin-panels-layout-block panel-layout\" ><div id=\"pg-gb730-69f1d0e1c517d-0\"  class=\"panel-grid panel-has-style\" ><div class=\"panel-row-style panel-row-style-for-gb730-69f1d0e1c517d-0\" ><div id=\"pgc-gb730-69f1d0e1c517d-0-0\"  class=\"panel-grid-cell\" ><div id=\"panel-gb730-69f1d0e1c517d-0-0-0\" class=\"so-panel widget widget_text panel-first-child panel-last-child\" data-index=\"0\" >\t\t\t<div class=\"textwidget\"><p>Unser Beirat hat sich zum ersten Mal getroffen! November 2022<\/p>\n<\/div>\n\t\t<\/div><\/div><\/div><\/div><div id=\"pg-gb730-69f1d0e1c517d-1\"  class=\"panel-grid panel-no-style\" ><div id=\"pgc-gb730-69f1d0e1c517d-1-0\"  class=\"panel-grid-cell\" ><div id=\"panel-gb730-69f1d0e1c517d-1-0-0\" class=\"so-panel widget widget_text panel-first-child panel-last-child\" data-index=\"1\" ><div class=\"panel-widget-style panel-widget-style-for-gb730-69f1d0e1c517d-1-0-0\" >\t\t\t<div class=\"textwidget\"><p>Die Projekt-Gruppe hat sich mit dem Beirat getroffen.<\/p>\n<p>Eine Person aus der Politik war auch dabei.<\/p>\n<p>Die Person hei\u00dft Torsten Einstmann.<\/p>\n<p>&nbsp;<\/p>\n<\/div>\n\t\t<\/div><\/div><\/div><div id=\"pgc-gb730-69f1d0e1c517d-1-1\"  class=\"panel-grid-cell\" ><div id=\"panel-gb730-69f1d0e1c517d-1-1-0\" class=\"so-panel widget widget_media_image panel-first-child panel-last-child\" data-index=\"2\" ><img loading=\"lazy\" decoding=\"async\" width=\"300\" height=\"258\" src=\"https:\/\/zpe.uni-siegen.de\/unbrk-kommunal\/wp-content\/uploads\/sites\/2\/2022\/11\/mitwirkung-300x258.png\" class=\"image wp-image-560  attachment-medium size-medium\" alt=\"\" style=\"max-width: 100%; height: auto;\" srcset=\"https:\/\/zpe.uni-siegen.de\/unbrk-kommunal\/wp-content\/uploads\/sites\/2\/2022\/11\/mitwirkung-300x258.png 300w, https:\/\/zpe.uni-siegen.de\/unbrk-kommunal\/wp-content\/uploads\/sites\/2\/2022\/11\/mitwirkung-1024x880.png 1024w, https:\/\/zpe.uni-siegen.de\/unbrk-kommunal\/wp-content\/uploads\/sites\/2\/2022\/11\/mitwirkung-768x660.png 768w, https:\/\/zpe.uni-siegen.de\/unbrk-kommunal\/wp-content\/uploads\/sites\/2\/2022\/11\/mitwirkung-1536x1320.png 1536w, https:\/\/zpe.uni-siegen.de\/unbrk-kommunal\/wp-content\/uploads\/sites\/2\/2022\/11\/mitwirkung-2048x1760.png 2048w\" sizes=\"auto, (max-width: 300px) 100vw, 300px\" \/><\/div><\/div><\/div><div id=\"pg-gb730-69f1d0e1c517d-2\"  class=\"panel-grid panel-no-style\" ><div id=\"pgc-gb730-69f1d0e1c517d-2-0\"  class=\"panel-grid-cell\" ><div id=\"panel-gb730-69f1d0e1c517d-2-0-0\" class=\"so-panel widget widget_text panel-first-child panel-last-child\" data-index=\"3\" ><div class=\"panel-widget-style panel-widget-style-for-gb730-69f1d0e1c517d-2-0-0\" >\t\t\t<div class=\"textwidget\"><p>Herr Einstmann arbeitet im Ministerium f\u00fcr Arbeit und Soziales.<\/p>\n<p>Das Ministerium bezahlt das Projekt.<\/p>\n<\/div>\n\t\t<\/div><\/div><\/div><div id=\"pgc-gb730-69f1d0e1c517d-2-1\"  class=\"panel-grid-cell\" ><div id=\"panel-gb730-69f1d0e1c517d-2-1-0\" class=\"so-panel widget widget_media_image panel-first-child panel-last-child\" data-index=\"4\" ><img loading=\"lazy\" decoding=\"async\" width=\"300\" height=\"243\" src=\"https:\/\/zpe.uni-siegen.de\/unbrk-kommunal\/wp-content\/uploads\/sites\/2\/2022\/11\/geld_viel-300x243.png\" class=\"image wp-image-550  attachment-medium size-medium\" alt=\"\" style=\"max-width: 100%; height: auto;\" srcset=\"https:\/\/zpe.uni-siegen.de\/unbrk-kommunal\/wp-content\/uploads\/sites\/2\/2022\/11\/geld_viel-300x243.png 300w, https:\/\/zpe.uni-siegen.de\/unbrk-kommunal\/wp-content\/uploads\/sites\/2\/2022\/11\/geld_viel-1024x828.png 1024w, https:\/\/zpe.uni-siegen.de\/unbrk-kommunal\/wp-content\/uploads\/sites\/2\/2022\/11\/geld_viel-768x621.png 768w, https:\/\/zpe.uni-siegen.de\/unbrk-kommunal\/wp-content\/uploads\/sites\/2\/2022\/11\/geld_viel-1536x1242.png 1536w, https:\/\/zpe.uni-siegen.de\/unbrk-kommunal\/wp-content\/uploads\/sites\/2\/2022\/11\/geld_viel.png 1957w\" sizes=\"auto, (max-width: 300px) 100vw, 300px\" \/><\/div><\/div><\/div><div id=\"pg-gb730-69f1d0e1c517d-3\"  class=\"panel-grid panel-no-style\" ><div id=\"pgc-gb730-69f1d0e1c517d-3-0\"  class=\"panel-grid-cell panel-grid-cell-mobile-last\" ><div id=\"panel-gb730-69f1d0e1c517d-3-0-0\" class=\"so-panel widget widget_text panel-first-child panel-last-child\" data-index=\"5\" ><div class=\"panel-widget-style panel-widget-style-for-gb730-69f1d0e1c517d-3-0-0\" >\t\t\t<div class=\"textwidget\"><p>Das Treffen hat\u00a0in Berlin stattgefunden.<\/p>\n<\/div>\n\t\t<\/div><\/div><\/div><div id=\"pgc-gb730-69f1d0e1c517d-3-1\"  class=\"panel-grid-cell panel-grid-cell-empty\" ><\/div><\/div><div id=\"pg-gb730-69f1d0e1c517d-4\"  class=\"panel-grid panel-no-style\" ><div id=\"pgc-gb730-69f1d0e1c517d-4-0\"  class=\"panel-grid-cell\" ><div id=\"panel-gb730-69f1d0e1c517d-4-0-0\" class=\"so-panel widget widget_text panel-first-child panel-last-child\" data-index=\"6\" ><div class=\"panel-widget-style panel-widget-style-for-gb730-69f1d0e1c517d-4-0-0\" >\t\t\t<div class=\"textwidget\"><p>Der Beirat besteht aus Experten aus vielen Bereichen.<br \/>\nZum Beispiel aus Kommunen.<\/p>\n<p>Und aus der Politik und aus der Wissenschaft.<br \/>\nMenschen mit Behinderung sind auch im Beirat dabei.<\/p>\n<\/div>\n\t\t<\/div><\/div><\/div><div id=\"pgc-gb730-69f1d0e1c517d-4-1\"  class=\"panel-grid-cell\" ><div id=\"panel-gb730-69f1d0e1c517d-4-1-0\" class=\"so-panel widget widget_media_image panel-first-child panel-last-child\" data-index=\"7\" ><img loading=\"lazy\" decoding=\"async\" width=\"300\" height=\"275\" src=\"https:\/\/zpe.uni-siegen.de\/unbrk-kommunal\/wp-content\/uploads\/sites\/2\/2022\/11\/mitbestimmung-300x275.png\" class=\"image wp-image-554  attachment-medium size-medium\" alt=\"\" style=\"max-width: 100%; height: auto;\" srcset=\"https:\/\/zpe.uni-siegen.de\/unbrk-kommunal\/wp-content\/uploads\/sites\/2\/2022\/11\/mitbestimmung-300x275.png 300w, https:\/\/zpe.uni-siegen.de\/unbrk-kommunal\/wp-content\/uploads\/sites\/2\/2022\/11\/mitbestimmung-1024x939.png 1024w, https:\/\/zpe.uni-siegen.de\/unbrk-kommunal\/wp-content\/uploads\/sites\/2\/2022\/11\/mitbestimmung-768x704.png 768w, https:\/\/zpe.uni-siegen.de\/unbrk-kommunal\/wp-content\/uploads\/sites\/2\/2022\/11\/mitbestimmung-1536x1408.png 1536w, https:\/\/zpe.uni-siegen.de\/unbrk-kommunal\/wp-content\/uploads\/sites\/2\/2022\/11\/mitbestimmung-2048x1877.png 2048w\" sizes=\"auto, (max-width: 300px) 100vw, 300px\" \/><\/div><\/div><\/div><\/div>\n\n\n<p style=\"font-size:30px\">\u00a9 Lebenshilfe f\u00fcr Menschen mit geistiger Behinderung Bremen e.V., Illustrator Stefan Albers, Atelier Fleetinsel, 2013.<\/p>\n\n\n\n<hr class=\"wp-block-separator has-alpha-channel-opacity\" \/>\n\n\n<div id=\"pl-gb730-69f1d0e1c6110\"  class=\"panel-layout wp-block-siteorigin-panels-layout-block panel-layout\" ><div id=\"pg-gb730-69f1d0e1c6110-0\"  class=\"panel-grid panel-no-style\" ><div id=\"pgc-gb730-69f1d0e1c6110-0-0\"  class=\"panel-grid-cell\" ><div id=\"panel-gb730-69f1d0e1c6110-0-0-0\" class=\"so-panel widget widget_text panel-first-child panel-last-child\" data-index=\"0\" ><div class=\"panel-widget-style panel-widget-style-for-gb730-69f1d0e1c6110-0-0-0\" >\t\t\t<div class=\"textwidget\"><p>Unser Projekt f\u00e4ngt jetzt an! Oktober 2022<\/p>\n<\/div>\n\t\t<\/div><\/div><\/div><\/div><div id=\"pg-gb730-69f1d0e1c6110-1\"  class=\"panel-grid panel-no-style\" ><div id=\"pgc-gb730-69f1d0e1c6110-1-0\"  class=\"panel-grid-cell\" ><div id=\"panel-gb730-69f1d0e1c6110-1-0-0\" class=\"so-panel widget widget_text panel-first-child panel-last-child\" data-index=\"1\" ><div class=\"panel-widget-style panel-widget-style-for-gb730-69f1d0e1c6110-1-0-0\" >\t\t\t<div class=\"textwidget\"><p>Das Projekt hei\u00dft \u201eUN-Behindertenrechtskonvention in den Kommunen\u201c.<\/p>\n<p>Der kurze Name ist \u201eUN-BRK kommunal\u201c.<\/p>\n<p>Das Projekt soll drei Jahre lang dauern.<\/p>\n<p>Die Politik f\u00f6rdert unser Projekt.<\/p>\n<\/div>\n\t\t<\/div><\/div><\/div><div id=\"pgc-gb730-69f1d0e1c6110-1-1\"  class=\"panel-grid-cell\" ><div id=\"panel-gb730-69f1d0e1c6110-1-1-0\" class=\"so-panel widget widget_media_image panel-first-child panel-last-child\" data-index=\"2\" ><img loading=\"lazy\" decoding=\"async\" width=\"300\" height=\"260\" src=\"https:\/\/zpe.uni-siegen.de\/unbrk-kommunal\/wp-content\/uploads\/sites\/2\/2022\/11\/email-300x260.png\" class=\"image wp-image-558  attachment-medium size-medium\" alt=\"\" style=\"max-width: 100%; height: auto;\" srcset=\"https:\/\/zpe.uni-siegen.de\/unbrk-kommunal\/wp-content\/uploads\/sites\/2\/2022\/11\/email-300x260.png 300w, https:\/\/zpe.uni-siegen.de\/unbrk-kommunal\/wp-content\/uploads\/sites\/2\/2022\/11\/email-1024x888.png 1024w, https:\/\/zpe.uni-siegen.de\/unbrk-kommunal\/wp-content\/uploads\/sites\/2\/2022\/11\/email-768x666.png 768w, https:\/\/zpe.uni-siegen.de\/unbrk-kommunal\/wp-content\/uploads\/sites\/2\/2022\/11\/email-1536x1332.png 1536w, https:\/\/zpe.uni-siegen.de\/unbrk-kommunal\/wp-content\/uploads\/sites\/2\/2022\/11\/email.png 1949w\" sizes=\"auto, (max-width: 300px) 100vw, 300px\" \/><\/div><\/div><\/div><div id=\"pg-gb730-69f1d0e1c6110-2\"  class=\"panel-grid panel-no-style\" ><div id=\"pgc-gb730-69f1d0e1c6110-2-0\"  class=\"panel-grid-cell\" ><div id=\"panel-gb730-69f1d0e1c6110-2-0-0\" class=\"so-panel widget widget_text panel-first-child panel-last-child\" data-index=\"3\" ><div class=\"panel-widget-style panel-widget-style-for-gb730-69f1d0e1c6110-2-0-0\" >\t\t\t<div class=\"textwidget\"><p>Zwei Arbeits-Gruppen arbeiten in dem Projekt.<\/p>\n<p>Eine Gruppe kommt vom Zentrum f\u00fcr Planung und Entwicklung Sozialer Dienste an der Universit\u00e4t Siegen.<\/p>\n<p>Die zweite Gruppe kommt vom Deutschen Institut f\u00fcr Menschenrechte in Berlin.<\/p>\n<\/div>\n\t\t<\/div><\/div><\/div><div id=\"pgc-gb730-69f1d0e1c6110-2-1\"  class=\"panel-grid-cell\" ><div id=\"panel-gb730-69f1d0e1c6110-2-1-0\" class=\"so-panel widget widget_media_image panel-first-child panel-last-child\" data-index=\"4\" ><img loading=\"lazy\" decoding=\"async\" width=\"300\" height=\"258\" src=\"https:\/\/zpe.uni-siegen.de\/unbrk-kommunal\/wp-content\/uploads\/sites\/2\/2022\/11\/mitwirkung-300x258.png\" class=\"image wp-image-560  attachment-medium size-medium\" alt=\"\" style=\"max-width: 100%; height: auto;\" srcset=\"https:\/\/zpe.uni-siegen.de\/unbrk-kommunal\/wp-content\/uploads\/sites\/2\/2022\/11\/mitwirkung-300x258.png 300w, https:\/\/zpe.uni-siegen.de\/unbrk-kommunal\/wp-content\/uploads\/sites\/2\/2022\/11\/mitwirkung-1024x880.png 1024w, https:\/\/zpe.uni-siegen.de\/unbrk-kommunal\/wp-content\/uploads\/sites\/2\/2022\/11\/mitwirkung-768x660.png 768w, https:\/\/zpe.uni-siegen.de\/unbrk-kommunal\/wp-content\/uploads\/sites\/2\/2022\/11\/mitwirkung-1536x1320.png 1536w, https:\/\/zpe.uni-siegen.de\/unbrk-kommunal\/wp-content\/uploads\/sites\/2\/2022\/11\/mitwirkung-2048x1760.png 2048w\" sizes=\"auto, (max-width: 300px) 100vw, 300px\" \/><\/div><\/div><div id=\"pgc-gb730-69f1d0e1c6110-2-2\"  class=\"panel-grid-cell\" ><div id=\"panel-gb730-69f1d0e1c6110-2-2-0\" class=\"so-panel widget widget_media_image panel-first-child panel-last-child\" data-index=\"5\" ><img loading=\"lazy\" decoding=\"async\" width=\"300\" height=\"268\" src=\"https:\/\/zpe.uni-siegen.de\/unbrk-kommunal\/wp-content\/uploads\/sites\/2\/2022\/11\/frage-300x268.png\" class=\"image wp-image-559  attachment-medium size-medium\" alt=\"\" style=\"max-width: 100%; height: auto;\" srcset=\"https:\/\/zpe.uni-siegen.de\/unbrk-kommunal\/wp-content\/uploads\/sites\/2\/2022\/11\/frage-300x268.png 300w, https:\/\/zpe.uni-siegen.de\/unbrk-kommunal\/wp-content\/uploads\/sites\/2\/2022\/11\/frage-1024x916.png 1024w, https:\/\/zpe.uni-siegen.de\/unbrk-kommunal\/wp-content\/uploads\/sites\/2\/2022\/11\/frage-768x687.png 768w, https:\/\/zpe.uni-siegen.de\/unbrk-kommunal\/wp-content\/uploads\/sites\/2\/2022\/11\/frage-1536x1373.png 1536w, https:\/\/zpe.uni-siegen.de\/unbrk-kommunal\/wp-content\/uploads\/sites\/2\/2022\/11\/frage-2048x1831.png 2048w\" sizes=\"auto, (max-width: 300px) 100vw, 300px\" \/><\/div><\/div><\/div><div id=\"pg-gb730-69f1d0e1c6110-3\"  class=\"panel-grid panel-no-style\" ><div id=\"pgc-gb730-69f1d0e1c6110-3-0\"  class=\"panel-grid-cell\" ><div id=\"panel-gb730-69f1d0e1c6110-3-0-0\" class=\"so-panel widget widget_text panel-first-child panel-last-child\" data-index=\"6\" ><div class=\"panel-widget-style panel-widget-style-for-gb730-69f1d0e1c6110-3-0-0\" >\t\t\t<div class=\"textwidget\"><p>Wir reden \u00fcber Kommunen.<\/p>\n<p>Kommunen sind zum Beispiel Gemeinden.<\/p>\n<p>Landkreise sind auch Kommunen.<\/p>\n<\/div>\n\t\t<\/div><\/div><\/div><div id=\"pgc-gb730-69f1d0e1c6110-3-1\"  class=\"panel-grid-cell\" ><div id=\"panel-gb730-69f1d0e1c6110-3-1-0\" class=\"so-panel widget widget_media_image panel-first-child panel-last-child\" data-index=\"7\" ><img loading=\"lazy\" decoding=\"async\" width=\"300\" height=\"249\" src=\"https:\/\/zpe.uni-siegen.de\/unbrk-kommunal\/wp-content\/uploads\/sites\/2\/2022\/11\/dorf-300x249.png\" class=\"image wp-image-548  attachment-medium size-medium\" alt=\"\" style=\"max-width: 100%; height: auto;\" srcset=\"https:\/\/zpe.uni-siegen.de\/unbrk-kommunal\/wp-content\/uploads\/sites\/2\/2022\/11\/dorf-300x249.png 300w, https:\/\/zpe.uni-siegen.de\/unbrk-kommunal\/wp-content\/uploads\/sites\/2\/2022\/11\/dorf-1024x850.png 1024w, https:\/\/zpe.uni-siegen.de\/unbrk-kommunal\/wp-content\/uploads\/sites\/2\/2022\/11\/dorf-768x637.png 768w, https:\/\/zpe.uni-siegen.de\/unbrk-kommunal\/wp-content\/uploads\/sites\/2\/2022\/11\/dorf-1536x1275.png 1536w, https:\/\/zpe.uni-siegen.de\/unbrk-kommunal\/wp-content\/uploads\/sites\/2\/2022\/11\/dorf-2048x1700.png 2048w\" sizes=\"auto, (max-width: 300px) 100vw, 300px\" \/><\/div><\/div><\/div><div id=\"pg-gb730-69f1d0e1c6110-4\"  class=\"panel-grid panel-no-style\" ><div id=\"pgc-gb730-69f1d0e1c6110-4-0\"  class=\"panel-grid-cell panel-grid-cell-mobile-last\" ><div id=\"panel-gb730-69f1d0e1c6110-4-0-0\" class=\"so-panel widget widget_text panel-first-child panel-last-child\" data-index=\"8\" ><div class=\"panel-widget-style panel-widget-style-for-gb730-69f1d0e1c6110-4-0-0\" >\t\t\t<div class=\"textwidget\"><p>Viele Kommunen wollen die Rechte von Menschen mit Behinderung st\u00e4rken.<\/p>\n<p>Daf\u00fcr benutzen die Kommunen einen Plan.<\/p>\n<p>Dieser Plan wird Aktionsplan genannt.<\/p>\n<\/div>\n\t\t<\/div><\/div><\/div><div id=\"pgc-gb730-69f1d0e1c6110-4-1\"  class=\"panel-grid-cell panel-grid-cell-empty\" ><\/div><\/div><div id=\"pg-gb730-69f1d0e1c6110-5\"  class=\"panel-grid panel-no-style\" ><div id=\"pgc-gb730-69f1d0e1c6110-5-0\"  class=\"panel-grid-cell panel-grid-cell-mobile-last\" ><div id=\"panel-gb730-69f1d0e1c6110-5-0-0\" class=\"so-panel widget widget_text panel-first-child panel-last-child\" data-index=\"9\" ><div class=\"panel-widget-style panel-widget-style-for-gb730-69f1d0e1c6110-5-0-0\" >\t\t\t<div class=\"textwidget\"><p>Das Projekt untersucht, was die Kommunen jetzt schon getan haben.<\/p>\n<p>Das Projekt untersucht auch, was in den Aktionspl\u00e4nen steht.<\/p>\n<p>Das Projekt m\u00f6chte am Schluss den Kommunen helfen.<\/p>\n<p>Damit Kommunen den Menschen mit Behinderung besser helfen k\u00f6nnen.<\/p>\n<\/div>\n\t\t<\/div><\/div><\/div><div id=\"pgc-gb730-69f1d0e1c6110-5-1\"  class=\"panel-grid-cell panel-grid-cell-empty\" ><\/div><\/div><div id=\"pg-gb730-69f1d0e1c6110-6\"  class=\"panel-grid panel-no-style\" ><div id=\"pgc-gb730-69f1d0e1c6110-6-0\"  class=\"panel-grid-cell\" ><div id=\"panel-gb730-69f1d0e1c6110-6-0-0\" class=\"so-panel widget widget_text panel-first-child panel-last-child\" data-index=\"10\" ><div class=\"panel-widget-style panel-widget-style-for-gb730-69f1d0e1c6110-6-0-0\" >\t\t\t<div class=\"textwidget\"><p>Im Projekt hilft noch eine Arbeits-Gruppe mit.<\/p>\n<p>Diese Gruppe hei\u00dft Beirat.<\/p>\n<p>Der Beirat trifft sich am 11 November 2022 zum ersten Mal.<\/p>\n<\/div>\n\t\t<\/div><\/div><\/div><div id=\"pgc-gb730-69f1d0e1c6110-6-1\"  class=\"panel-grid-cell\" ><div id=\"panel-gb730-69f1d0e1c6110-6-1-0\" class=\"so-panel widget widget_media_image panel-first-child panel-last-child\" data-index=\"11\" ><img loading=\"lazy\" decoding=\"async\" width=\"300\" height=\"275\" src=\"https:\/\/zpe.uni-siegen.de\/unbrk-kommunal\/wp-content\/uploads\/sites\/2\/2022\/11\/mitbestimmung-300x275.png\" class=\"image wp-image-554  attachment-medium size-medium\" alt=\"\" style=\"max-width: 100%; height: auto;\" srcset=\"https:\/\/zpe.uni-siegen.de\/unbrk-kommunal\/wp-content\/uploads\/sites\/2\/2022\/11\/mitbestimmung-300x275.png 300w, https:\/\/zpe.uni-siegen.de\/unbrk-kommunal\/wp-content\/uploads\/sites\/2\/2022\/11\/mitbestimmung-1024x939.png 1024w, https:\/\/zpe.uni-siegen.de\/unbrk-kommunal\/wp-content\/uploads\/sites\/2\/2022\/11\/mitbestimmung-768x704.png 768w, https:\/\/zpe.uni-siegen.de\/unbrk-kommunal\/wp-content\/uploads\/sites\/2\/2022\/11\/mitbestimmung-1536x1408.png 1536w, https:\/\/zpe.uni-siegen.de\/unbrk-kommunal\/wp-content\/uploads\/sites\/2\/2022\/11\/mitbestimmung-2048x1877.png 2048w\" sizes=\"auto, (max-width: 300px) 100vw, 300px\" \/><\/div><\/div><\/div><div id=\"pg-gb730-69f1d0e1c6110-7\"  class=\"panel-grid panel-no-style\" ><div id=\"pgc-gb730-69f1d0e1c6110-7-0\"  class=\"panel-grid-cell\" ><div id=\"panel-gb730-69f1d0e1c6110-7-0-0\" class=\"so-panel widget widget_text panel-first-child panel-last-child\" data-index=\"12\" ><div class=\"panel-widget-style panel-widget-style-for-gb730-69f1d0e1c6110-7-0-0\" >\t\t\t<div class=\"textwidget\"><p>\u00a9 Lebenshilfe f\u00fcr Menschen mit geistiger Behinderung Bremen e.V., Illustrator Stefan Albers, Atelier Fleetinsel, 2013.<\/p>\n<\/div>\n\t\t<\/div><\/div><\/div><\/div><\/div>\n\n\n<hr class=\"wp-block-separator has-alpha-channel-opacity\" \/>\n","protected":false},"excerpt":{"rendered":"<p>Es gibt einen neuen Newsletter (Oktober 2025) Wir haben einen neuen Newsletter gemacht. Das ist der sechste und letzte Newsletter von unserem Projekt: Das Projekt ist jetzt zu Ende. Der [&hellip;]<\/p>\n","protected":false},"author":44,"featured_media":0,"parent":0,"menu_order":0,"comment_status":"closed","ping_status":"closed","template":"","meta":{"footnotes":""},"class_list":["post-730","page","type-page","status-publish","hentry","post"],"_links":{"self":[{"href":"https:\/\/zpe.uni-siegen.de\/unbrk-kommunal\/wp-json\/wp\/v2\/pages\/730","targetHints":{"allow":["GET"]}}],"collection":[{"href":"https:\/\/zpe.uni-siegen.de\/unbrk-kommunal\/wp-json\/wp\/v2\/pages"}],"about":[{"href":"https:\/\/zpe.uni-siegen.de\/unbrk-kommunal\/wp-json\/wp\/v2\/types\/page"}],"author":[{"embeddable":true,"href":"https:\/\/zpe.uni-siegen.de\/unbrk-kommunal\/wp-json\/wp\/v2\/users\/44"}],"replies":[{"embeddable":true,"href":"https:\/\/zpe.uni-siegen.de\/unbrk-kommunal\/wp-json\/wp\/v2\/comments?post=730"}],"version-history":[{"count":119,"href":"https:\/\/zpe.uni-siegen.de\/unbrk-kommunal\/wp-json\/wp\/v2\/pages\/730\/revisions"}],"predecessor-version":[{"id":2230,"href":"https:\/\/zpe.uni-siegen.de\/unbrk-kommunal\/wp-json\/wp\/v2\/pages\/730\/revisions\/2230"}],"wp:attachment":[{"href":"https:\/\/zpe.uni-siegen.de\/unbrk-kommunal\/wp-json\/wp\/v2\/media?parent=730"}],"curies":[{"name":"wp","href":"https:\/\/api.w.org\/{rel}","templated":true}]}}