 
{"id":154,"date":"2025-09-30T10:22:41","date_gmt":"2025-09-30T08:22:41","guid":{"rendered":"https:\/\/zpe.uni-siegen.de\/teilhabekongress2026\/?page_id=154"},"modified":"2026-04-17T12:15:50","modified_gmt":"2026-04-17T10:15:50","slug":"programm","status":"publish","type":"page","link":"https:\/\/zpe.uni-siegen.de\/teilhabekongress2026\/programm\/","title":{"rendered":"Programm"},"content":{"rendered":"\n<h1 class=\"wp-block-heading\"><strong>4. Kongress der Teilhabeforschung<\/strong><\/h1>\n\n\n\n<p>Termin: 10. und 11. September 2026<br><br>Ort: Universit\u00e4t Siegen, Campus Unteres Schlo\u00df &#8211; H\u00f6rsaalzentrum (US-C), Unteres Schlo\u00df 3, 57072 Siegen<\/p>\n\n\n\n<ul class=\"wp-block-list\">\n<li>\n  <a href=\"https:\/\/www.uni-siegen.de\/start\/kontakt\/anfahrt_und_lageplaene\/campus_siegen_mitte.html\">\n    Hinweise zur Anreise zum Campus Siegen Mitte\n  <\/a>\n<\/li>\n\n\n\n<li>\n  <a href=\"https:\/\/uni-siegen.sciebo.de\/s\/ERXPdAboG5kN8Xj\" aria-label=\"Lageplan des Campus Siegen Mitte anzeigen\">\n    Lageplan des Campus Siegen Mitte\n  <\/a>\n<\/li>\n<\/ul>\n\n\n\n<div style=\"height:57px\" aria-hidden=\"true\" class=\"wp-block-spacer\"><\/div>\n\n\n\n<h1 class=\"wp-block-heading\"><Strong>Programm<\/strong><\/h1>\n\n\n\n<h4 class=\"wp-block-heading\"><strong>Donnerstag, 10. September 2026<\/strong><\/h4>\n\n\n\n<style>\n  table.has-fixed-layout {\n    border-collapse: separate;\n    border-spacing: 0 12px; \/* vertikaler Abstand zwischen Zeilen *\/\n    border: none;\n  }\n\n  table.has-fixed-layout td {\n    padding: 8px 20px;\n    border: none;\n    vertical-align: top;\n  }\n\n  table.has-fixed-layout td:first-child {\n    width: 120px;\n    text-align: right;\n    white-space: nowrap;\n  }\n\n  table.has-fixed-layout td:nth-child(2) {\n    text-align: left;\n  }\n<\/style>\n\n<figure class=\"wp-block-table\">\n  <table class=\"has-fixed-layout\">\n    <tbody>\n      <tr><td>9:30 Uhr<\/td><td>Check\u2011in | Garderobe | Kaffee<\/td><\/tr>\n      <tr><td>10:30 Uhr<\/td><td>Gru\u00dfworte | Inhaltliche\/organisatorische Einf\u00fchrung<br><strong>(Friedrich-Schadeberg-H\u00f6rsaal, Raum US-C 116)<\/strong><\/td><\/tr>\n      <tr><td>11:00 Uhr<\/td><td>Keynote I: Prof. Dr.&#8217;in Theresia Degener<br><a href=\"https:\/\/zpe.uni-siegen.de\/teilhabekongress2026\/keynotes\/\">Zwanzig Jahre UN-Behindertenrechtskonvention<\/a><br><strong>(Friedrich-Schadeberg-H\u00f6rsaal, Raum US-C 116)<\/strong><\/td><\/tr>\n<tr><td>12:00 Uhr<\/td><td>Keynote II: Prof. Dr.&#8217;in Tsitsi Chataika<br><a href=\"https:\/\/zpe.uni-siegen.de\/teilhabekongress2026\/keynotes\/\">\n    From Global Commitments to Local Realities: Decolonising Participation and Reclaiming Community Agency Twenty Years after the CRPD\n<\/a><br><strong>(Friedrich-Schadeberg-H\u00f6rsaal, Raum US-C 116)<\/strong><\/td><\/tr>\n      <tr><td>13:00 Uhr<\/td><td><strong>\u2013 Mittagspause \u2013<\/strong><\/td><\/tr>\n      <tr><td>13:45 Uhr<\/td><td>Themenforen<\/td><\/tr>\n      <tr><td>15:30 Uhr<\/td><td><strong>Kaffeepause | Postersession<\/strong><\/td><\/tr>\n      <tr><td>16:15-17:45 Uhr<\/td><td>Forschungswerkst\u00e4tten<\/td><\/tr>\n      <tr><td>18:00 Uhr<\/td><td><strong>Jahreshauptversammlung Akionsb\u00fcndnis Teilhabeforschung<\/strong><\/td><\/tr>\n<tr><td>20:00 Uhr<\/td><td>Gemeinsames Abendessen<br><strong>(Siegerlandhalle)<\/strong><\/td><\/tr>\n    <\/tbody>\n  <\/table>\n<\/figure>\n\n\n\n<div style=\"height:24px\" aria-hidden=\"true\" class=\"wp-block-spacer\"><\/div>\n\n\n\n<h3 class=\"wp-block-heading\"><strong>Freitag, 11. September 2026<\/strong><\/h3>\n\n\n\n<style>\n  table.has-fixed-layout {\n    border-collapse: separate;\n    border-spacing: 0 12px; \/* vertikaler Abstand zwischen Zeilen *\/\n    border: none;\n  }\n\n  table.has-fixed-layout td {\n    padding: 8px 20px;\n    border: none;\n    vertical-align: top;\n  }\n\n  table.has-fixed-layout td:first-child {\n    width: 120px;\n    text-align: right;\n    white-space: nowrap;\n  }\n\n  table.has-fixed-layout td:nth-child(2) {\n    text-align: left;\n  }\n<\/style>\n\n<figure class=\"wp-block-table\">\n  <table class=\"has-fixed-layout\">\n    <tbody>\n<tr><td>9:15 Uhr<\/td><td>Begr\u00fc\u00dfung | Einf\u00fchrung in den Tagesablauf<\/td>\n      <tr><td>9:30 Uhr<\/td><td>Keynote III \u2013 Prof. Dr. Albrecht Rohrmann<br>\n<a href=\"https:\/\/zpe.uni-siegen.de\/teilhabekongress2026\/keynotes\/\">\n    Die Umsetzung der UN-Behindertenrechtskonvention als Herausforderung f\u00fcr Kommunen und soziale Dienste\n<\/a>\n\n<br>Im Anschluss: Dialogrunde mit Vertreterinnen des MAGS NRW<br><strong>(Friedrich-Schadeberg-H\u00f6rsaal, Raum US-C 116)<\/strong><\/td><\/tr>\n      <tr><td>10:45 Uhr<\/td><td>Themenforen<\/td><\/tr>\n      <tr><td>12:15 Uhr<\/td><td><strong>\u2013 Mittagspause \u2013<\/strong><\/td><\/tr>\n      <tr><td>13:15 Uhr<\/td><td>Keynote IV \u2013 Dr.&#8217;in\u0160\u00e1rka K\u00e1\u0148ov\u00e1 <br>\n<strong>(Friedrich-Schadeberg-H\u00f6rsaal, Raum US-C 116)<\/strong><\/td><\/tr>\n      <tr><td>14:15 Uhr<\/td><td><strong>\u2013 Kaffeepause\u2013<\/strong><\/td>\n<tr><td>14:30\u201316:00 Uhr<\/td><td>Themenforen<\/td><\/tr>\n      <tr><td>16:15 Uhr<\/td><td>Gemeinsamer Ausklang<br><strong>(Friedrich-Schadeberg-H\u00f6rsaal, Raum US-C 116)<\/strong><\/td><\/tr>\n<tr><td>17:00 Uhr<\/td><td>Abreise<\/td>\n    <\/tbody>\n  <\/table>\n<\/figure>\n\n\n\n<p>Hinweis: Das Programm wird fortlaufend aktualisiert.<\/p>\n","protected":false},"excerpt":{"rendered":"<p>4. Kongress der Teilhabeforschung Termin: 10. und 11. September 2026 Ort: Universit\u00e4t Siegen, Campus Unteres Schlo\u00df &#8211; H\u00f6rsaalzentrum (US-C), Unteres Schlo\u00df 3, 57072 Siegen Programm Donnerstag, 10. September 2026 9:30 [&hellip;]<\/p>\n","protected":false},"author":12,"featured_media":0,"parent":0,"menu_order":0,"comment_status":"closed","ping_status":"closed","template":"","meta":{"footnotes":""},"class_list":["post-154","page","type-page","status-publish","hentry","post"],"_links":{"self":[{"href":"https:\/\/zpe.uni-siegen.de\/teilhabekongress2026\/wp-json\/wp\/v2\/pages\/154","targetHints":{"allow":["GET"]}}],"collection":[{"href":"https:\/\/zpe.uni-siegen.de\/teilhabekongress2026\/wp-json\/wp\/v2\/pages"}],"about":[{"href":"https:\/\/zpe.uni-siegen.de\/teilhabekongress2026\/wp-json\/wp\/v2\/types\/page"}],"author":[{"embeddable":true,"href":"https:\/\/zpe.uni-siegen.de\/teilhabekongress2026\/wp-json\/wp\/v2\/users\/12"}],"replies":[{"embeddable":true,"href":"https:\/\/zpe.uni-siegen.de\/teilhabekongress2026\/wp-json\/wp\/v2\/comments?post=154"}],"version-history":[{"count":66,"href":"https:\/\/zpe.uni-siegen.de\/teilhabekongress2026\/wp-json\/wp\/v2\/pages\/154\/revisions"}],"predecessor-version":[{"id":624,"href":"https:\/\/zpe.uni-siegen.de\/teilhabekongress2026\/wp-json\/wp\/v2\/pages\/154\/revisions\/624"}],"wp:attachment":[{"href":"https:\/\/zpe.uni-siegen.de\/teilhabekongress2026\/wp-json\/wp\/v2\/media?parent=154"}],"curies":[{"name":"wp","href":"https:\/\/api.w.org\/{rel}","templated":true}]}}