 
{"id":1519,"date":"2026-08-21T14:22:24","date_gmt":"2026-08-21T12:22:24","guid":{"rendered":"https:\/\/zpe.uni-siegen.de\/teilhabekongress2026\/?page_id=1519"},"modified":"2026-09-01T12:38:27","modified_gmt":"2026-09-01T10:38:27","slug":"themenforen-forschungswerkstaetten","status":"publish","type":"page","link":"https:\/\/zpe.uni-siegen.de\/teilhabekongress2026\/themenforen-forschungswerkstaetten\/","title":{"rendered":"Themenforen\/Forschungswerkst\u00e4tten"},"content":{"rendered":"\n<h2 class=\"wp-block-heading\">Donnerstag, 10. September 2026, 13:45\u201315:15 Uhr<\/h2>\n\n\n\n<figure class=\"wp-block-table\">\n  <figure class=\"wp-block-table\">\n  <\/figure><table style=\"width:100%; table-layout:fixed; border-collapse:collapse;\">\n    <colgroup>\n      <col style=\"width:10%;\">\n      <col style=\"width:45%;\">\n      <col style=\"width:45%;\">\n    <\/colgroup>\n\n    <tbody>\n\n      <tr>\n        <td style=\"border:none; border-bottom:1px solid #ccc;\">&nbsp;<\/td>\n        <td style=\"border:none; border-bottom:1px solid #ccc;\">&nbsp;<\/td>\n        <td style=\"border:none; border-bottom:1px solid #ccc;\">&nbsp;<\/td>\n      <\/tr>\n\n      <tr>\n        <td style=\"border:none; border-bottom:1px solid #ccc;\"><strong>A1<\/strong><\/td>\n        <td style=\"border:none; border-bottom:1px solid #ccc;\" colspan=\"2\">\n          <strong>Themenforum Politik &amp; Planung: Herausforderungen und Perspektiven in der kommunalen Aktionsplanung zur Umsetzung der UN-BRK<\/strong><br>\n          <em>Moderation: Lena Bertelmann<\/em>\n        <\/td>\n      <\/tr>\n\n   \n\n      <tr>\n        <td style=\"border:none; border-bottom:1px solid #ccc;\">&nbsp;<\/td>\n        <td style=\"border:none; border-bottom:1px solid #ccc;\">Die UN-BRK als Innovation!? Stolpersteine und f\u00f6rderliche Faktoren kommunaler Planungen<\/td>\n        <td style=\"border:none; border-bottom:1px solid #ccc;\">Matthias Kempf<\/td>\n      <\/tr>\n\n      <tr>\n        <td style=\"border:none; border-bottom:1px solid #ccc;\">&nbsp;<\/td>\n        <td style=\"border:none; border-bottom:1px solid #ccc;\">Im \u201aMaschinenraum\u2018: Verwaltungsorganisation als Herausforderung kommunaler Aktivit\u00e4ten und Planungen zur Umsetzung der UN-BRK \u2013 aufgezeigt an operativ Verantwortlichen<\/td>\n        <td style=\"border:none; border-bottom:1px solid #ccc;\">Lena Bertelmann<\/td>\n      <\/tr>\n\n      <tr>\n        <td style=\"border:none; border-bottom:1px solid #ccc;\">&nbsp;<\/td>\n        <td style=\"border:none; border-bottom:1px solid #ccc;\">Einheit in Vielfalt: Diversit\u00e4t als Herausforderung kommunaler Aktionsplanung \u2013 aufgezeigt am Beispiel suchtkranker Menschen<\/td>\n        <td style=\"border:none; border-bottom:1px solid #ccc;\">Tove Emmert, Matthias Laub<\/td>\n      <\/tr>\n\n      <tr>\n        <td style=\"border:none; border-bottom:1px solid #ccc;\">&nbsp;<\/td>\n        <td style=\"border:none; border-bottom:1px solid #ccc;\">&nbsp;<\/td>\n        <td style=\"border:none; border-bottom:1px solid #ccc;\">&nbsp;<\/td>\n      <\/tr>\n\n      <tr>\n        <td style=\"border:none; border-bottom:1px solid #ccc;\"><strong>A2<\/strong><\/td>\n        <td style=\"border:none; border-bottom:1px solid #ccc;\" colspan=\"2\">\n          <strong>Themenforum Arbeit: Chancen des Zugangs zum Arbeitsmarkt verbessern<\/strong>\n          <br><em>Moderation: Benjamin G\u00f6rgen\n        <\/em><\/td>\n      <\/tr>\n\n   \n\n      <tr>\n        <td style=\"border:none; border-bottom:1px solid #ccc;\">&nbsp;<\/td>\n        <td style=\"border:none; border-bottom:1px solid #ccc;\">Erwerbsbeteiligung von Frauen mit Behinderungen. Ergebnisse eines systematischen Reviews<\/td>\n        <td style=\"border:none; border-bottom:1px solid #ccc;\">Benjamin G\u00f6rgen, Sandra Kirvel, Martina Schubert<\/td>\n      <\/tr>\n\n      <tr>\n        <td style=\"border:none; border-bottom:1px solid #ccc;\">&nbsp;<\/td>\n        <td style=\"border:none; border-bottom:1px solid #ccc;\">F\u00fcr einen inklusiven Arbeitsmarkt: I-AM &#8211; ein Forschungsvorhaben zum Potential der Einheitlichen Ansprechstellen f\u00fcr Arbeitgeber (EAA)<\/td>\n        <td style=\"border:none; border-bottom:1px solid #ccc;\">Jessica Klein, Julia Klinger<\/td>\n      <\/tr>\n\n      <tr>\n        <td style=\"border:none; border-bottom:1px solid #ccc;\">&nbsp;<\/td>\n        <td style=\"border:none; border-bottom:1px solid #ccc;\">&nbsp;<\/td>\n        <td style=\"border:none; border-bottom:1px solid #ccc;\">&nbsp;<\/td>\n      <\/tr>\n\n      <tr>\n        <td style=\"border:none; border-bottom:1px solid #ccc;\"><strong>A4<\/strong><\/td>\n        <td style=\"border:none; border-bottom:1px solid #ccc;\" colspan=\"2\">\n          <strong>Themenforum Schule &amp; Ausbildung: \u00dcberg\u00e4nge Schule \u2013 Beruf<\/strong>\n          <br><em>Moderation: Lars Wissenbach<\/em>\n        <\/td>\n      <\/tr>\n\n     \n\n      <tr>\n        <td style=\"border:none; border-bottom:1px solid #ccc;\">&nbsp;<\/td>\n        <td style=\"border:none; border-bottom:1px solid #ccc;\">Lebenswirklichkeiten junger unterst\u00fctzt kommunizierender Erwachsener mit komplexen Beeintr\u00e4chtigungen im \u00dcbergang Schule \u2013 Beruf: Erkenntnisse aus der Wissenschaft Soziale Arbeit<\/td>\n        <td style=\"border:none; border-bottom:1px solid #ccc;\">Tanja Schenck zu Schweinsberg<\/td>\n      <\/tr>\n\n      <tr>\n        <td style=\"border:none; border-bottom:1px solid #ccc;\">&nbsp;<\/td>\n        <td style=\"border:none; border-bottom:1px solid #ccc;\">Berufsbildung f\u00fcr Menschen mit wesentlichen intellektuellen Behinderungen<\/td>\n        <td style=\"border:none; border-bottom:1px solid #ccc;\">Gregor Renner<\/td>\n      <\/tr>\n\n      <tr>\n        <td style=\"border:none; border-bottom:1px solid #ccc;\">&nbsp;<\/td>\n        <td style=\"border:none; border-bottom:1px solid #ccc;\">Zur Datenlage zu Menschen mit Behinderungen am \u00dcbergang Schule \u2013 Beruf: Relevante Datens\u00e4tze und ihr Potenzial f\u00fcr die Forschung<\/td>\n        <td style=\"border:none; border-bottom:1px solid #ccc;\">Sabrina Inez Weller<\/td>\n      <\/tr>\n  <tr>\n        <td style=\"border:none; border-bottom:1px solid #ccc;\">&nbsp;<\/td>\n        <td style=\"border:none; border-bottom:1px solid #ccc;\">&nbsp;<\/td>\n        <td style=\"border:none; border-bottom:1px solid #ccc;\">&nbsp;<\/td>\n      <\/tr>\n\n      <tr>\n        <td style=\"border:none; border-bottom:1px solid #ccc;\"><strong>A5<\/strong><\/td>\n        <td style=\"border:none; border-bottom:1px solid #ccc;\" colspan=\"2\">\n          <strong>Themenforum Eltern &amp; Kinder: Inklusion in der Kinder- und Jugendhilfe<\/strong>\n         <br> <em>Moderation: Benedikt Hopmann<\/em>\n        <\/td>\n      <\/tr>\n\n      \n      <tr>\n        <td style=\"border:none; border-bottom:1px solid #ccc;\">&nbsp;<\/td>\n        <td style=\"border:none; border-bottom:1px solid #ccc;\">Inklusive Hilfeplanung<\/td>\n        <td style=\"border:none; border-bottom:1px solid #ccc;\">Benedikt Hopmann<\/td>\n      <\/tr>\n\n      <tr>\n        <td style=\"border:none; border-bottom:1px solid #ccc;\">&nbsp;<\/td>\n        <td style=\"border:none; border-bottom:1px solid #ccc;\">Kinder- und Jugendhilfe zwischen Erm\u00f6glichung und Behinderung von Elternschaft<\/td>\n        <td style=\"border:none; border-bottom:1px solid #ccc;\">Bettina Ritter<\/td>\n      <\/tr>\n\n      <tr>\n        <td style=\"border:none; border-bottom:1px solid #ccc;\">&nbsp;<\/td>\n        <td style=\"border:none; border-bottom:1px solid #ccc;\">Selbstvertretung und -organisationen in der Jugendhilfeplanung und in Jugendhilfeaussch\u00fcssen<\/td>\n        <td style=\"border:none; border-bottom:1px solid #ccc;\">Katharina Heinrich, Wolfgang Schr\u00f6er<\/td>\n      <\/tr>\n\n      <tr>\n        <td style=\"border:none; border-bottom:1px solid #ccc;\">&nbsp;<\/td>\n        <td style=\"border:none; border-bottom:1px solid #ccc;\">&nbsp;<\/td>\n        <td style=\"border:none; border-bottom:1px solid #ccc;\">&nbsp;<\/td>\n      <\/tr>\n\n      <tr>\n        <td style=\"border:none; border-bottom:1px solid #ccc;\"><strong>A6<\/strong><\/td>\n        <td style=\"border:none; border-bottom:1px solid #ccc;\" colspan=\"2\">\n          <strong>Themenforum Gesundheit: Gesundheitsversorgung und Barrieren<\/strong>\n          <br><em>Moderation: Sarah Lorber<\/em>\n        <\/td>\n      <\/tr>\n\n      \n\n      <tr>\n        <td style=\"border:none; border-bottom:1px solid #ccc;\">&nbsp;<\/td>\n        <td style=\"border:none; border-bottom:1px solid #ccc;\">Menschenrechtsbasierte Kompetenzstandards f\u00fcr Gesundheitspersonal f\u00fcr eine barrierefreie, inklusive Gesundheitsversorgung von Menschen mit Behinderungen<\/td>\n        <td style=\"border:none; border-bottom:1px solid #ccc;\">Lea G\u00f6lz, Kaloyan Kemenov, Birgit Prodinger<\/td>\n      <\/tr>\n\n      <tr>\n        <td style=\"border:none; border-bottom:1px solid #ccc;\">&nbsp;<\/td>\n        <td style=\"border:none; border-bottom:1px solid #ccc;\">Einfl\u00fcsse von Partizipation bei Behandlungsentscheidungen auf das Gesundheitserleben und -verhalten \u2013 am Beispiel der Demenzpr\u00e4vention<\/td>\n        <td style=\"border:none; border-bottom:1px solid #ccc;\">Julia Haberstroh, Ronja M\u00fcller-Sp\u00e4th<\/td>\n      <\/tr>\n\n      <tr>\n        <td style=\"border:none; border-bottom:1px solid #ccc;\">&nbsp;<\/td>\n        <td style=\"border:none; border-bottom:1px solid #ccc;\">Priority Setting Partnership zur Versorgung von erwachsenen Menschen mit einer angeborenen oder in der fr\u00fchen Kindheit erworbenen kognitiven Beeintr\u00e4chtigung im Krankenhaus (PRISMA)<\/td>\n        <td style=\"border:none; border-bottom:1px solid #ccc;\">Tanja Fritsch, Birgit Prodinger, Antonia Scheffel<\/td>\n      <\/tr>\n\n      <tr>\n        <td style=\"border:none; border-bottom:1px solid #ccc;\">&nbsp;<\/td>\n        <td style=\"border:none; border-bottom:1px solid #ccc;\">&nbsp;<\/td>\n        <td style=\"border:none; border-bottom:1px solid #ccc;\">&nbsp;<\/td>\n      <\/tr>\n\n      <tr>\n        <td style=\"border:none; border-bottom:1px solid #ccc;\"><strong>A7<\/strong><\/td>\n        <td style=\"border:none; border-bottom:1px solid #ccc;\" colspan=\"2\">\n          <strong>Forschungswerkstatt Forschung &amp; Diskurs: Ethische Reflexionen zu teilhabeorientierter Forschung mit Menschen mit komplexen Behinderungen<\/strong>\n         <br> <em>Moderation: .\/.<\/em>\n        <\/td>\n      <\/tr>\n\n      \n\n      <tr>\n        <td style=\"border:none; border-bottom:1px solid #ccc;\">&nbsp;<\/td>\n        <td style=\"border:none; border-bottom:1px solid #ccc;\">Ethische Reflexionen zu teilhabeorientierter Forschung mit Menschen mit komplexen Behinderungen<\/td>\n        <td style=\"border:none; border-bottom:1px solid #ccc;\">Christian Huppert, Caren Keeley, Vera Munde<\/td>\n      <\/tr>\n\n      <tr>\n        <td style=\"border:none; border-bottom:1px solid #ccc;\">&nbsp;<\/td>\n        <td style=\"border:none; border-bottom:1px solid #ccc;\">&nbsp;<\/td>\n        <td style=\"border:none; border-bottom:1px solid #ccc;\">&nbsp;<\/td>\n      <\/tr>\n\n      <tr>\n        <td style=\"border:none; border-bottom:1px solid #ccc;\"><strong>A8<\/strong><\/td>\n        <td style=\"border:none; border-bottom:1px solid #ccc;\" colspan=\"2\">\n          <strong>Themenforum Digitales: Co-Design und partizipative Technologieentwicklung<\/strong>\n          <br><em>Moderation: Johannes Sch\u00e4dler<\/em>\n        <\/td>\n      <\/tr>\n\n    \n\n      <tr>\n        <td style=\"border:none; border-bottom:1px solid #ccc;\">&nbsp;<\/td>\n        <td style=\"border:none; border-bottom:1px solid #ccc;\">Technologie-Entwicklung: so inklusiv wie m\u00f6glich durch Co-Design<\/td>\n        <td style=\"border:none; border-bottom:1px solid #ccc;\">Diana C\u00fcrlis<\/td>\n      <\/tr>\n\n      <tr>\n        <td style=\"border:none; border-bottom:1px solid #ccc;\">&nbsp;<\/td>\n        <td style=\"border:none; border-bottom:1px solid #ccc;\">Partizipation von Menschen mit Behinderung an der Entwicklung von kommunal eingebetteten Sorgetechnologien \u2013 Gelingensbedingungen zwischen methodischen und strukturellen Fragen<\/td>\n        <td style=\"border:none; border-bottom:1px solid #ccc;\">Iris Nowak<\/td>\n      <\/tr>\n\n      <tr>\n        <td style=\"border:none; border-bottom:1px solid #ccc;\">&nbsp;<\/td>\n        <td style=\"border:none; border-bottom:1px solid #ccc;\">PInG-Partizipativer Index f\u00fcr Gewaltschutz<\/td>\n        <td style=\"border:none; border-bottom:1px solid #ccc;\">Katharina Tielke, Kathrin R\u00f6misch, Anne Wohlfarth<\/td>\n      <\/tr>\n\n      <tr>\n        <td style=\"border:none; border-bottom:1px solid #ccc;\">&nbsp;<\/td>\n        <td style=\"border:none; border-bottom:1px solid #ccc;\">&nbsp;<\/td>\n        <td style=\"border:none; border-bottom:1px solid #ccc;\">&nbsp;<\/td>\n      <\/tr>\n\n      <tr>\n        <td style=\"border:none; border-bottom:1px solid #ccc;\"><strong>A9<\/strong><\/td>\n        <td style=\"border:none; border-bottom:1px solid #ccc;\" colspan=\"2\">\n          <strong>Forschungswerkstatt Digitales: Barrierearme Beteiligung in kommunalen Planungsprozessen<\/strong>\n          <br><em>Moderation: .\/.<\/em>\n        <\/td>\n      <\/tr>\n\n     \n\n      <tr>\n        <td style=\"border:none; border-bottom:1px solid #ccc;\">&nbsp;<\/td>\n        <td style=\"border:none; border-bottom:1px solid #ccc;\">\u201eDigitale Kommune f\u00fcr Alle (DiKomAll): Barrierearme Beteiligung in kommunalen Planungsprozessen\u201c<\/td>\n        <td style=\"border:none; border-bottom:1px solid #ccc;\">Stefan Fleck, Heike K\u00f6ckler, Anna-Marie Rosenkranz, Christian Walter-Klose<\/td>\n      <\/tr>\n\n      <tr>\n        <td style=\"border:none; border-bottom:1px solid #ccc;\">&nbsp;<\/td>\n        <td style=\"border:none; border-bottom:1px solid #ccc;\">&nbsp;<\/td>\n        <td style=\"border:none; border-bottom:1px solid #ccc;\">&nbsp;<\/td>\n      <\/tr>\n\n      <tr>\n        <td style=\"border:none; border-bottom:1px solid #ccc;\"><strong>A10<\/strong><\/td>\n        <td style=\"border:none; border-bottom:1px solid #ccc;\" colspan=\"2\">\n          <strong>Themenforum Sozialraum: Sozialraum und Gemeinwesen<\/strong>\n         <br> <em>Moderation: Friedrich Dieckmann<\/em>\n        <\/td>\n      <\/tr>\n\n   \n\n      <tr>\n        <td style=\"border:none; border-bottom:1px solid #ccc;\">&nbsp;<\/td>\n        <td style=\"border:none; border-bottom:1px solid #ccc;\">Begegnungen im Gemeinwesen. Analyse sozialer Interaktionen zwischen Menschen mit und ohne Behinderung(en) in Behavior-Settings.<\/td>\n        <td style=\"border:none; border-bottom:1px solid #ccc;\">Friedrich Dieckmann, Yannick Nannen<\/td>\n      <\/tr>\n\n      <tr>\n        <td style=\"border:none; border-bottom:1px solid #ccc;\">&nbsp;<\/td>\n        <td style=\"border:none; border-bottom:1px solid #ccc;\">Priorisierung von Angebotsl\u00fccken im Sozialraum von Menschen mit Beeintr\u00e4chtigung unter Anwendung der Verfahren \u201eMaxDiff\u201c und \u201eZipf-Transformation\u201c<\/td>\n        <td style=\"border:none; border-bottom:1px solid #ccc;\">Stefan Sandner, Phillip Oettel, Matthias Tobies<\/td>\n      <\/tr>\n\n      <tr>\n        <td style=\"border:none; border-bottom:1px solid #ccc;\">&nbsp;<\/td>\n        <td style=\"border:none; border-bottom:1px solid #ccc;\">Netzwerkanalytische Betrachtung der Sozialr\u00e4ume in der Initiative \u201eInklusion vor Ort\u201c<\/td>\n        <td style=\"border:none; border-bottom:1px solid #ccc;\">Melanie Niestroj, Carolina Zibell<\/td>\n      <\/tr>\n\n      <tr>\n        <td style=\"border:none; border-bottom:1px solid #ccc;\">&nbsp;<\/td>\n        <td style=\"border:none; border-bottom:1px solid #ccc;\">&nbsp;<\/td>\n        <td style=\"border:none; border-bottom:1px solid #ccc;\">&nbsp;<\/td>\n      <\/tr>\n\n      <tr>\n        <td style=\"border:none; border-bottom:1px solid #ccc;\"><strong>A11<\/strong><\/td>\n        <td style=\"border:none; border-bottom:1px solid #ccc;\" colspan=\"2\">\n          <strong>Forschungswerkstatt Freizeit &amp; \u00d6ffentliches Leben: Bewegung im Alltag von Menschen mit komplexer Behinderung<\/strong>\n         <br> <em>Moderation: .\/.<\/em>\n        <\/td>\n      <\/tr>\n\n      <tr>\n        <td style=\"border:none; border-bottom:1px solid #ccc;\">&nbsp;<\/td>\n        <td style=\"border:none; border-bottom:1px solid #ccc;\">&nbsp;<\/td>\n        <td style=\"border:none; border-bottom:1px solid #ccc;\">&nbsp;<\/td>\n      <\/tr>\n\n      <tr>\n        <td style=\"border:none; border-bottom:1px solid #ccc;\">&nbsp;<\/td>\n        <td style=\"border:none; border-bottom:1px solid #ccc;\">Projekt InBeKo \u2013 Bewegung im Alltag von Menschen mit komplexer Behinderung<\/td>\n        <td style=\"border:none; border-bottom:1px solid #ccc;\">Mira Gollwitzer, Minh-Thu Huynh<\/td>\n      <\/tr>\n\n   \n\n      <tr>\n        <td style=\"border:none; border-bottom:1px solid #ccc;\"><strong>A12<\/strong><\/td>\n        <td style=\"border:none; border-bottom:1px solid #ccc;\" colspan=\"2\">\n          <strong>Forschungswerkstatt Freizeit &amp; \u00d6ffentliches Leben: F\u00f6rderung von Sport mit Menschen mit Lernschwierigkeiten<\/strong>\n          <br><em>Moderation: .\/.<\/em>\n        <\/td>\n      <\/tr>\n\n           <tr>\n        <td style=\"border:none; border-bottom:1px solid #ccc;\">&nbsp;<\/td>\n        <td style=\"border:none; border-bottom:1px solid #ccc;\">Mit Schwung und Energie 2.0. F\u00f6rderung von k\u00f6rperlicher Aktivit\u00e4t und Sport mit Menschen mit Lernschwierigkeiten (PASpo-ID).<\/td>\n        <td style=\"border:none; border-bottom:1px solid #ccc;\">Dirk Bruland, Christina Ising, Christoph Kreinbucher-Bekerle, Jerome Major, M. Sommerauer, P. Sommerauer, Sophie Tatzer<\/td>\n      <\/tr>\n\n    \n\n    <\/tbody>\n  <\/table>\n<\/figure>\n\n\n\n<h2 class=\"wp-block-heading\">Donnerstag, 10. September 2026, 16:15\u201317:45 Uhr<\/h2>\n\n\n\n<figure class=\"wp-block-table\">\n  <figure class=\"wp-block-table\">\n  <\/figure><table style=\"width:100%; table-layout:fixed; border-collapse:collapse;\">\n    <colgroup>\n      <col style=\"width:10%;\">\n      <col style=\"width:45%;\">\n      <col style=\"width:45%;\">\n    <\/colgroup>\n\n    <tbody>\n\n      <tr>\n        <td style=\"border:none; border-bottom:1px solid #ccc;\">&nbsp;<\/td>\n        <td style=\"border:none; border-bottom:1px solid #ccc;\">&nbsp;<\/td>\n        <td style=\"border:none; border-bottom:1px solid #ccc;\">&nbsp;<\/td>\n      <\/tr>\n\n      <tr>\n        <td style=\"border:none; border-bottom:1px solid #ccc;\"><strong>B11<\/strong><\/td>\n        <td style=\"border:none; border-bottom:1px solid #ccc;\" colspan=\"2\">\n          <strong>Forschungswerkstatt Politik &amp; Planung: Perspektiven partizipativer Gesundheitsforschung<\/strong>\n          <br><em>Moderation: .\/.<\/em>\n        <\/td>\n      <\/tr>\n\n      <tr>\n        <td style=\"border:none; border-bottom:1px solid #ccc;\">&nbsp;<\/td>\n        <td style=\"border:none; border-bottom:1px solid #ccc;\">Strukturwandel, Partizipation und Inklusion: Kommunale Innovationsr\u00e4ume aus TPG und KPTG im Spiegel der UN-BRK<\/td>\n        <td style=\"border:none; border-bottom:1px solid #ccc;\">Paula Brake, Jerry Olear<\/td>\n      <\/tr>\n\n      <tr>\n        <td style=\"border:none; border-bottom:1px solid #ccc;\">&nbsp;<\/td>\n        <td style=\"border:none; border-bottom:1px solid #ccc;\">&nbsp;<\/td>\n        <td style=\"border:none; border-bottom:1px solid #ccc;\">&nbsp;<\/td>\n      <\/tr>\n\n      <tr>\n        <td style=\"border:none; border-bottom:1px solid #ccc;\"><strong>B12<\/strong><\/td>\n        <td style=\"border:none; border-bottom:1px solid #ccc;\" colspan=\"2\">\n          <strong>Forschungswerkstatt Arbeit: Inklusion in Unternehmen<\/strong>\n          <br><em>Moderation: .\/.<\/em>\n        <\/td>\n      <\/tr>\n\n      <tr>\n        <td style=\"border:none; border-bottom:1px solid #ccc;\">&nbsp;<\/td>\n        <td style=\"border:none; border-bottom:1px solid #ccc;\">Faktoren von Kultur und deren Einfluss auf Inklusion in Unternehmen. Inklusionsunterst\u00fctzende Praktiken der Unternehmenskultur<\/td>\n        <td style=\"border:none; border-bottom:1px solid #ccc;\">Sven Bittenbinder, Claudius Cl\u00fcver, Claudia M\u00fcller<\/td>\n      <\/tr>\n\n      <tr>\n        <td style=\"border:none; border-bottom:1px solid #ccc;\">&nbsp;<\/td>\n        <td style=\"border:none; border-bottom:1px solid #ccc;\">&nbsp;<\/td>\n        <td style=\"border:none; border-bottom:1px solid #ccc;\">&nbsp;<\/td>\n      <\/tr>\n\n      <tr>\n        <td style=\"border:none; border-bottom:1px solid #ccc;\"><strong>B13<\/strong><\/td>\n        <td style=\"border:none; border-bottom:1px solid #ccc;\" colspan=\"2\">\n          <strong>Themenforum Arbeit: Gesch\u00fctzte Besch\u00e4ftigung \u2013 europ\u00e4ische Perspektiven<\/strong>\n          <br><em>Moderation: Lars Wissenbach<\/em>\n        <\/td>\n      <\/tr>\n\n      <tr>\n        <td style=\"border:none; border-bottom:1px solid #ccc;\">&nbsp;<\/td>\n        <td style=\"border:none; border-bottom:1px solid #ccc;\">Erasmus+ -Projekt Include\u00b3 \u2013 Wege zur Inklusion. \u00dcberg\u00e4nge von Menschen mit kognitiven Behinderungen aus gesch\u00fctzter Besch\u00e4ftigung in den regul\u00e4ren Arbeitsmarkt: Identifizierung, Verbreitung und Umsetzung guter Praxis in Europa<\/td>\n        <td style=\"border:none; border-bottom:1px solid #ccc;\">Silvia Keller<\/td>\n      <\/tr>\n\n      <tr>\n        <td style=\"border:none; border-bottom:1px solid #ccc;\">&nbsp;<\/td>\n        <td style=\"border:none; border-bottom:1px solid #ccc;\">Listening Differently: Multidisciplinary and Arts-Based Approaches to Researching Transition in Young People with Intellectual and Developmental Disabilities<\/td>\n        <td style=\"border:none; border-bottom:1px solid #ccc;\">\u0160\u00e1rka K\u00e1\u0148ov\u00e1, Jan \u0160i\u0161ka<\/td>\n      <\/tr>\n\n      <tr>\n        <td style=\"border:none; border-bottom:1px solid #ccc;\">&nbsp;<\/td>\n        <td style=\"border:none; border-bottom:1px solid #ccc;\">&nbsp;<\/td>\n        <td style=\"border:none; border-bottom:1px solid #ccc;\">&nbsp;<\/td>\n      <\/tr>\n\n      <tr>\n        <td style=\"border:none; border-bottom:1px solid #ccc;\"><strong>B15<\/strong><\/td>\n        <td style=\"border:none; border-bottom:1px solid #ccc;\" colspan=\"2\">\n          <strong>Themenforum Eltern &amp; Kinder: Kinderschutz und Inklusion<\/strong>\n          <br><em>Moderation: Bettina Ritter<\/em>\n        <\/td>\n      <\/tr>\n\n      <tr>\n        <td style=\"border:none; border-bottom:1px solid #ccc;\">&nbsp;<\/td>\n        <td style=\"border:none; border-bottom:1px solid #ccc;\">Inklusiven Kinderschutz lokal gestalten \u2013 Chancen und Herausforderungen der Entwicklung von Netzwerkstrukturen<\/td>\n        <td style=\"border:none; border-bottom:1px solid #ccc;\">Ursula B\u00f6ing, Judith Sellmeyer<\/td>\n      <\/tr>\n\n      <tr>\n        <td style=\"border:none; border-bottom:1px solid #ccc;\">&nbsp;<\/td>\n        <td style=\"border:none; border-bottom:1px solid #ccc;\">\u201eAll means all\u201c \u2013 auch im kommunalen Kinderschutz<\/td>\n        <td style=\"border:none; border-bottom:1px solid #ccc;\">Sabine Sch\u00e4per, Heike Wiemert<\/td>\n      <\/tr>\n\n      <tr>\n        <td style=\"border:none; border-bottom:1px solid #ccc;\">&nbsp;<\/td>\n        <td style=\"border:none; border-bottom:1px solid #ccc;\">&nbsp;<\/td>\n        <td style=\"border:none; border-bottom:1px solid #ccc;\">&nbsp;<\/td>\n      <\/tr>\n\n      <tr>\n        <td style=\"border:none; border-bottom:1px solid #ccc;\"><strong>B16<\/strong><\/td>\n        <td style=\"border:none; border-bottom:1px solid #ccc;\" colspan=\"2\">\n          <strong>Themenforum Freizeit &amp; \u00d6ffentliches Leben: Teilhabe an \u00f6ffentlichen Angeboten und Orten<\/strong>\n          <br><em>Moderation: Sarah Lorber<\/em>\n        <\/td>\n      <\/tr>\n\n      <tr>\n        <td style=\"border:none; border-bottom:1px solid #ccc;\">&nbsp;<\/td>\n        <td style=\"border:none; border-bottom:1px solid #ccc;\">Teilhabe an Freizeit- und kulturellen Aktivit\u00e4ten: W\u00fcnsche und Barrieren aus Sicht von Erwachsenen mit und ohne Beeintr\u00e4chtigungen<\/td>\n        <td style=\"border:none; border-bottom:1px solid #ccc;\">Anne St\u00f6cker<\/td>\n      <\/tr>\n\n      <tr>\n        <td style=\"border:none; border-bottom:1px solid #ccc;\">&nbsp;<\/td>\n        <td style=\"border:none; border-bottom:1px solid #ccc;\">Die Teilhabe am Sport von Menschen mit Behinderung \u2013 Ergebnisse einer deutschlandweiten Befragung<\/td>\n        <td style=\"border:none; border-bottom:1px solid #ccc;\">Marc B\u00f6hme, Anne Z\u00fcll<\/td>\n      <\/tr>\n\n      <tr>\n        <td style=\"border:none; border-bottom:1px solid #ccc;\">&nbsp;<\/td>\n        <td style=\"border:none; border-bottom:1px solid #ccc;\">Bed\u00fcrfnisse von Menschen mit Behinderung bei Extremwetterereignissen: HEAT (Hitze, Erfahrungen, Anpassung, Teilhabe)<\/td>\n        <td style=\"border:none; border-bottom:1px solid #ccc;\">Raissa Hinderer, Antonia Pfl\u00fcger, Birgit Prodinger<\/td>\n      <\/tr>\n\n      <tr>\n        <td style=\"border:none; border-bottom:1px solid #ccc;\">&nbsp;<\/td>\n        <td style=\"border:none; border-bottom:1px solid #ccc;\">&nbsp;<\/td>\n        <td style=\"border:none; border-bottom:1px solid #ccc;\">&nbsp;<\/td>\n      <\/tr>\n\n      <tr>\n        <td style=\"border:none; border-bottom:1px solid #ccc;\"><strong>B17<\/strong><\/td>\n        <td style=\"border:none; border-bottom:1px solid #ccc;\" colspan=\"2\">\n          <strong>Forschungswerkstatt Forschung &amp; Diskurs: Methodenreflexion in der Teilhabeforschung \u2013 vier Beispiele aus GISS-Projekten<\/strong>\n          <br><em>Moderation: .\/.<\/em>\n        <\/td>\n      <\/tr>\n\n      <tr>\n        <td style=\"border:none; border-bottom:1px solid #ccc;\">&nbsp;<\/td>\n        <td style=\"border:none; border-bottom:1px solid #ccc;\">Methodenreflexion in der Teilhabeforschung<\/td>\n        <td style=\"border:none; border-bottom:1px solid #ccc;\">Eike B\u00f6sing, Katharina Br\u00fcchmann<\/td>\n      <\/tr>\n\n      <tr>\n        <td style=\"border:none; border-bottom:1px solid #ccc;\">&nbsp;<\/td>\n        <td style=\"border:none; border-bottom:1px solid #ccc;\">&nbsp;<\/td>\n        <td style=\"border:none; border-bottom:1px solid #ccc;\">&nbsp;<\/td>\n      <\/tr>\n\n      <tr>\n        <td style=\"border:none; border-bottom:1px solid #ccc;\"><strong>B18<\/strong><\/td>\n        <td style=\"border:none; border-bottom:1px solid #ccc;\" colspan=\"2\">\n          <strong>Themenforum Digitales: Nutzungserfahrungen und digitale Diskriminierungsrisiken<\/strong>\n          <br><em>Moderation: Konrad Meisner<\/em>\n        <\/td>\n      <\/tr>\n\n      <tr>\n        <td style=\"border:none; border-bottom:1px solid #ccc;\">&nbsp;<\/td>\n        <td style=\"border:none; border-bottom:1px solid #ccc;\">\u201eIch muss ein Ger\u00e4t finden, was ich auch wirklich benutze&#8220; \u2013 Erfahrungen von Menschen mit Taubblindheit und H\u00f6rsehbehinderung in Bezug auf Techniknutzung und Teilhabe<\/td>\n        <td style=\"border:none; border-bottom:1px solid #ccc;\">Carolin Gravel<\/td>\n      <\/tr>\n\n      <tr>\n        <td style=\"border:none; border-bottom:1px solid #ccc;\">&nbsp;<\/td>\n        <td style=\"border:none; border-bottom:1px solid #ccc;\">Digitale Transformation in der Sozialen Arbeit: Belastungs- und Entlastungsfaktoren f\u00fcr die berufliche Teilhabe von Fachkr\u00e4ften<\/td>\n        <td style=\"border:none; border-bottom:1px solid #ccc;\">Nadine van der Meulen<\/td>\n      <\/tr>\n\n      <tr>\n        <td style=\"border:none; border-bottom:1px solid #ccc;\">&nbsp;<\/td>\n        <td style=\"border:none; border-bottom:1px solid #ccc;\">Digitale Kluft am Arbeitsplatz? Techniknutzung von Erwerbst\u00e4tigen mit und ohne Behinderung<\/td>\n        <td style=\"border:none; border-bottom:1px solid #ccc;\">Sabrina Inez Weller<\/td>\n      <\/tr>\n\n      <tr>\n        <td style=\"border:none; border-bottom:1px solid #ccc;\">&nbsp;<\/td>\n        <td style=\"border:none; border-bottom:1px solid #ccc;\">&nbsp;<\/td>\n        <td style=\"border:none; border-bottom:1px solid #ccc;\">&nbsp;<\/td>\n      <\/tr>\n\n      <tr>\n        <td style=\"border:none; border-bottom:1px solid #ccc;\"><strong>B19<\/strong><\/td>\n        <td style=\"border:none; border-bottom:1px solid #ccc;\" colspan=\"2\">\n          <strong>Themenforum Wohnen &amp; Sozialraum: Spezifische Lebenslagen und Versorgungsstrukturen<\/strong>\n          <br><em>Moderation: Martin Reichstein<\/em>\n        <\/td>\n      <\/tr>\n\n      <tr>\n        <td style=\"border:none; border-bottom:1px solid #ccc;\">&nbsp;<\/td>\n        <td style=\"border:none; border-bottom:1px solid #ccc;\">Zwischen Fachkr\u00e4ftemangel und Teilhaberechten: Unerw\u00fcnschte Personalfluktuation in professionellen Betreuungssettings f\u00fcr Menschen mit Beeintr\u00e4chtigung und herausforderndem Verhalten<\/td>\n        <td style=\"border:none; border-bottom:1px solid #ccc;\">Elisabeth Ra\u00df<\/td>\n      <\/tr>\n\n          <tr>\n        <td style=\"border:none; border-bottom:1px solid #ccc;\">&nbsp;<\/td>\n        <td style=\"border:none; border-bottom:1px solid #ccc;\">Vorbild Ontario? \u2013 Zur Bedeutung der kommunalen Ebene f\u00fcr gelingende Deinstitutionalisierung<\/td>\n        <td style=\"border:none; border-bottom:1px solid #ccc;\">Wiebke Falk<\/td>\n      <\/tr>\n\n      <tr>\n        <td style=\"border:none; border-bottom:1px solid #ccc;\">&nbsp;<\/td>\n        <td style=\"border:none; border-bottom:1px solid #ccc;\">&nbsp;<\/td>\n        <td style=\"border:none; border-bottom:1px solid #ccc;\">&nbsp;<\/td>\n      <\/tr>\n\n      <tr>\n        <td style=\"border:none; border-bottom:1px solid #ccc;\"><strong>B20<\/strong><\/td>\n        <td style=\"border:none; border-bottom:1px solid #ccc;\" colspan=\"2\">\n          <strong>Themenforum Wohnen &amp; Sozialraum: Konstruktionen und Logiken von Teilhabe in unterschiedlichen Settings und Lebenslagen<\/strong>\n          <br><em>Moderation: Malin Butschkau<\/em>\n        <\/td>\n      <\/tr>\n\n      <tr>\n        <td style=\"border:none; border-bottom:1px solid #ccc;\">&nbsp;<\/td>\n        <td style=\"border:none; border-bottom:1px solid #ccc;\">Zur Therapeutisierung und P\u00e4dagogisierung von Teilhabe im Feld der Autismus-Therapie<\/td>\n        <td style=\"border:none; border-bottom:1px solid #ccc;\">Julia Tierbach<\/td>\n      <\/tr>\n\n      <tr>\n        <td style=\"border:none; border-bottom:1px solid #ccc;\">&nbsp;<\/td>\n        <td style=\"border:none; border-bottom:1px solid #ccc;\">EiLeBe \u2013 Einsamkeit im Leben von Menschen mit sogenannter geistiger Behinderung \u2013 Ein partizipativer Ansatz<\/td>\n        <td style=\"border:none; border-bottom:1px solid #ccc;\">Alexander Tix, Erik Weber<\/td>\n      <\/tr>\n\n      <tr>\n        <td style=\"border:none; border-bottom:1px solid #ccc;\">&nbsp;<\/td>\n        <td style=\"border:none; border-bottom:1px solid #ccc;\">Behinderung und Teilhabe am Lebensende: Regionale Inklusion in Caring Communities?<\/td>\n        <td style=\"border:none; border-bottom:1px solid #ccc;\">Kristin Fellbaum, Sven Jennessen<\/td>\n      <\/tr>\n\n    <\/tbody>\n  <\/table>\n<\/figure>\n\n\n\n<h2 class=\"wp-block-heading\">Freitag, 11. September 2026, 10:45\u201312:15 Uhr<\/h2>\n\n\n\n<figure class=\"wp-block-table\">\n  <figure class=\"wp-block-table\">\n  <\/figure><table style=\"width:100%; table-layout:fixed; border-collapse:collapse;\">\n    <colgroup>\n      <col style=\"width:10%;\">\n      <col style=\"width:45%;\">\n      <col style=\"width:45%;\">\n    <\/colgroup>\n\n    <tbody>\n\n      <tr>\n        <td style=\"border:none; border-bottom:1px solid #ccc;\">&nbsp;<\/td>\n        <td style=\"border:none; border-bottom:1px solid #ccc;\">&nbsp;<\/td>\n        <td style=\"border:none; border-bottom:1px solid #ccc;\">&nbsp;<\/td>\n      <\/tr>\n\n      <tr>\n        <td style=\"border:none; border-bottom:1px solid #ccc;\"><strong>C21<\/strong><\/td> \n<td style=\"border:none; border-bottom:1px solid #ccc;\" colspan=\"2\">\n          <strong>Themenforum Politik &amp; Planung: Interessenvertretung zwischen Alibi und aktiver Einbeziehung?<\/strong>\n          <br><em>Moderation: Matthias Kempf<\/em>\n        <\/td><\/tr>\n\n   <tr>\n        <td style=\"border:none; border-bottom:1px solid #ccc;\">&nbsp;<\/td>\n        <td style=\"border:none; border-bottom:1px solid #ccc;\">Interessenvertretung zwischen Alibi und aktiver Einbeziehung? \u2013 Partizipation an systematischen Planungsprozessen zur Umsetzung der UN-BRK in Kommunen<\/td>\n <td style=\"border:none; border-bottom:1px solid #ccc;\">Lena Bertelmann, Malin Butschkau, Matthias Kempf<\/td><\/tr>\n\n<tr>\n        <td style=\"border:none; border-bottom:1px solid #ccc;\">&nbsp;<\/td>\n        <td style=\"border:none; border-bottom:1px solid #ccc;\">Die Evaluation des Teilhabeplans der Stadt Leipzig als praxisnahes Fallbeispiel<\/td><td style=\"border:none; border-bottom:1px solid #ccc;\">Patrick Frankenbach, Marie Schliesser<\/td><\/tr>\n<tr>\n        <td style=\"border:none; border-bottom:1px solid #ccc;\">&nbsp;<\/td>\n        <td style=\"border:none; border-bottom:1px solid #ccc;\">Teilhabe gestalten: Von der Gremienarbeit zu transdisziplin\u00e4ren Kooperationen zwischen Forschung und Praxis am Beispiel von Nordrhein-Westfalen<\/td><td style=\"border:none; border-bottom:1px solid #ccc;\">Julia Fischer-Suhr, Oliver Totter<\/td><\/tr>\n        <tr>\n        <td style=\"border:none; border-bottom:1px solid #ccc;\">&nbsp;<\/td>\n        <td style=\"border:none; border-bottom:1px solid #ccc;\">&nbsp;<\/td>\n        <td style=\"border:none; border-bottom:1px solid #ccc;\">&nbsp;<\/td>\n      <\/tr>\n\n      <tr>\n        <td style=\"border:none; border-bottom:1px solid #ccc;\"><strong>C22<\/strong><\/td><td style=\"border:none; border-bottom:1px solid #ccc;\" colspan=\"2\">\n          <strong>Themenforum Arbeit: Berufliche Teilhabe von Menschen mit psychischen Erkrankungen<\/strong>\n          <br><em>Moderation: Dieter R\u00f6h<\/em>\n        <\/td><\/tr>\n\n       \n\n   <tr>\n        <td style=\"border:none; border-bottom:1px solid #ccc;\">&nbsp;<\/td>\n        <td style=\"border:none; border-bottom:1px solid #ccc;\">Zur Vertikalen Bearbeitung biografischer Krisen des Arbeitens \u2013 Erkenntnisse aus einem subjektorientierten Forschungsprojekt zu Verl\u00e4ufen Adressat:innen der gemeindepsychiatrischen Eingliederungshilfe<\/td><td style=\"border:none; border-bottom:1px solid #ccc;\">Moritz Tebbe<\/td><\/tr>\n<tr>\n        <td style=\"border:none; border-bottom:1px solid #ccc;\">&nbsp;<\/td>\n        <td style=\"border:none; border-bottom:1px solid #ccc;\">Netzwerke und Kooperationen in der beruflichen Rehabilitation von Menschen mit psychischen Erkrankungen<\/td><td style=\"border:none; border-bottom:1px solid #ccc;\">Dieter R\u00f6h<\/td><\/tr>\n     \n       \n      <tr>\n        <td style=\"border:none; border-bottom:1px solid #ccc;\">&nbsp;<\/td>\n        <td style=\"border:none; border-bottom:1px solid #ccc;\">&nbsp;<\/td>\n        <td style=\"border:none; border-bottom:1px solid #ccc;\">&nbsp;<\/td>\n      <\/tr>\n\n      <tr>\n        <td style=\"border:none; border-bottom:1px solid #ccc;\"><strong>C23<\/strong><\/td><td style=\"border:none; border-bottom:1px solid #ccc;\" colspan=\"2\">\n          <strong>Themenforum Arbeit: Erfassung und Verst\u00e4ndnis von Bed\u00fcrfnissen f\u00fcr berufliche Teilhabe<\/strong>\n          <br><em>Moderation: Caren Keeley<\/em>\n        <\/td><\/tr>\n<tr>\n        <td style=\"border:none; border-bottom:1px solid #ccc;\">&nbsp;<\/td>\n        <td style=\"border:none; border-bottom:1px solid #ccc;\">Arbeitsbedingungen inklusiv erfassen: Entwicklung eines Befragungskonzepts zur beruflichen Teilhabe von Menschen mit Behinderungen<\/td><td style=\"border:none; border-bottom:1px solid #ccc;\">Lena H\u00fcnefeld, Sophie Teborg<\/td><\/tr>\n<tr>\n        <td style=\"border:none; border-bottom:1px solid #ccc;\">&nbsp;<\/td>\n        <td style=\"border:none; border-bottom:1px solid #ccc;\">Forschung gemeinsam gestalten: Teilhabeorientierte Ermittlung arbeitsbezogener Bed\u00fcrfnisse von Menschen mit komplexen Behinderungen im Projekt \u201eGemeinsam Perspektiven schaffen (GPS)\u201c<\/td><td style=\"border:none; border-bottom:1px solid #ccc;\">Caren Keeley<\/td><\/tr>\n<tr>\n        \n      <tr>\n        <td style=\"border:none; border-bottom:1px solid #ccc;\">&nbsp;<\/td>\n        <td style=\"border:none; border-bottom:1px solid #ccc;\">&nbsp;<\/td>\n        <td style=\"border:none; border-bottom:1px solid #ccc;\">&nbsp;<\/td>\n      <\/tr>\n\n      <tr>\n        <td style=\"border:none; border-bottom:1px solid #ccc;\"><strong>C24<\/strong><\/td><td style=\"border:none; border-bottom:1px solid #ccc;\" colspan=\"2\">\n          <strong>Forschungswerkstatt Schule &amp; Ausbildung: Partizipation von Menschen mit Lernschwierigkeiten an Hochschulen<\/strong>\n          <br><em>Moderation: .\/.<\/em>\n        <\/td><\/tr><tr>\n        <td style=\"border:none; border-bottom:1px solid #ccc;\">&nbsp;<\/td>\n        <td style=\"border:none; border-bottom:1px solid #ccc;\">Partizipationsm\u00f6glichkeiten von Menschen mit Lernschwierigkeiten an Hochschulen \u2013 drei Forschungsprojekte im Diskurs<\/td><td style=\"border:none; border-bottom:1px solid #ccc;\">Anke Gro\u00df-Kunkel, Laura R\u00f6lkes, Jenny Werres<\/td><\/tr>\n      <tr>\n        <td style=\"border:none; border-bottom:1px solid #ccc;\">&nbsp;<\/td>\n        <td style=\"border:none; border-bottom:1px solid #ccc;\">&nbsp;<\/td>\n        <td style=\"border:none; border-bottom:1px solid #ccc;\">&nbsp;<\/td>\n      <\/tr>\n\n      <tr>\n        <td style=\"border:none; border-bottom:1px solid #ccc;\"><strong>C25<\/strong><\/td><td style=\"border:none; border-bottom:1px solid #ccc;\" colspan=\"2\">\n          <strong>Themenforum Eltern &amp; Kinder: Elternperspektiven auf Angebote und Unterst\u00fctzungssysteme<\/strong>\n          <br><em>Moderation: Bettina Ritter<\/em>\n        <\/td><\/tr>\n<tr>\n        <td style=\"border:none; border-bottom:1px solid #ccc;\">&nbsp;<\/td>\n        <td style=\"border:none; border-bottom:1px solid #ccc;\">\u201eH\u00f6rt uns zu!\u201c \u2013 Elternerfahrungen als Kompass f\u00fcr bedarfsgerechte Unterst\u00fctzungssysteme<\/td><td style=\"border:none; border-bottom:1px solid #ccc;\">Christian Walter-Klose<\/td><\/tr>\n<tr>\n        <td style=\"border:none; border-bottom:1px solid #ccc;\">&nbsp;<\/td>\n        <td style=\"border:none; border-bottom:1px solid #ccc;\">emPOWERment \u2013 Erfahrungen von Familien mit einem Kind mit Trisomie 18 oder 13 mit (medizinischen) Fachkr\u00e4ften<\/td><td style=\"border:none; border-bottom:1px solid #ccc;\">Vera Munde, Julia Scherpf<\/td><\/tr>\n<tr>\n        <td style=\"border:none; border-bottom:1px solid #ccc;\">&nbsp;<\/td>\n        <td style=\"border:none; border-bottom:1px solid #ccc;\">Zusammenarbeit zwischen Eltern junger Menschen mit Behinderungen und Fachkr\u00e4ften im Kontext inklusiver Kinder- und Jugendarbeit zur F\u00f6rderung von Teilhabe<\/td><td style=\"border:none; border-bottom:1px solid #ccc;\">Katharina Przybylski<\/td><\/tr>\n      <tr>\n        <td style=\"border:none; border-bottom:1px solid #ccc;\">&nbsp;<\/td>\n        <td style=\"border:none; border-bottom:1px solid #ccc;\">&nbsp;<\/td>\n        <td style=\"border:none; border-bottom:1px solid #ccc;\">&nbsp;<\/td>\n      <\/tr>\n\n      <tr>\n        <td style=\"border:none; border-bottom:1px solid #ccc;\"><strong>C27<\/strong><\/td><td style=\"border:none; border-bottom:1px solid #ccc;\" colspan=\"2\">\n          <strong>Themenforum Forschung &amp; Diskurs: Entwicklung und Ausrichtung der Teilhabeforschung<\/strong>\n          <br><em>Moderation: Albrecht Rohrmann<\/em>\n        <\/td><\/tr>\n<tr>\n        <td style=\"border:none; border-bottom:1px solid #ccc;\">&nbsp;<\/td>\n        <td style=\"border:none; border-bottom:1px solid #ccc;\">Teilhabe im vers\u00e4ulten Sozialstaat \u2013 ein weiter Auftrag f\u00fcr Teilhabeforschung<\/td><td style=\"border:none; border-bottom:1px solid #ccc;\">Peter Bartelheimer<\/td><\/tr>\n<tr>\n        <td style=\"border:none; border-bottom:1px solid #ccc;\">&nbsp;<\/td>\n        <td style=\"border:none; border-bottom:1px solid #ccc;\">Fortschritte der Teilhabeforschung \u2013 Eine wissenschaftssoziologische Betrachtung ihrer Institutionalisierung<\/td><td style=\"border:none; border-bottom:1px solid #ccc;\">Markus Sch\u00e4fers, Gudrun Wansing<\/td><\/tr>\n      <tr>\n        <td style=\"border:none; border-bottom:1px solid #ccc;\">&nbsp;<\/td>\n        <td style=\"border:none; border-bottom:1px solid #ccc;\">&nbsp;<\/td>\n        <td style=\"border:none; border-bottom:1px solid #ccc;\">&nbsp;<\/td>\n      <\/tr>\n\n      <tr>\n        <td style=\"border:none; border-bottom:1px solid #ccc;\"><strong>C28<\/strong><\/td><td style=\"border:none; border-bottom:1px solid #ccc;\" colspan=\"2\">\n          <strong>Themenforum Digitales: KI, Ableism und berufliche Teilhabe<\/strong>\n          <br><em>Moderation: Konrad Meisner<\/em>\n        <\/td><\/tr>\n<tr>\n        <td style=\"border:none; border-bottom:1px solid #ccc;\">&nbsp;<\/td>\n        <td style=\"border:none; border-bottom:1px solid #ccc;\">Zwischen Partizipation und Automatisierung \u2013 Ableistische Muster in KI-generierter Sprache erkennen<\/td><td style=\"border:none; border-bottom:1px solid #ccc;\">Christian Huppert<\/td><\/tr>\n<tr>\n        <td style=\"border:none; border-bottom:1px solid #ccc;\">&nbsp;<\/td>\n        <td style=\"border:none; border-bottom:1px solid #ccc;\">\u201eZwischen Leistungsnorm und Selbstbestimmung\u201c \u2013 Digitale Reflexionshilfe zu Aushandlungen von Teilhabe im Arbeitsleben chronisch erkrankter Menschen<\/td><td style=\"border:none; border-bottom:1px solid #ccc;\">Marie Heide, Mathilde Niehaus<\/td><\/tr>\n<tr>\n        <td style=\"border:none; border-bottom:1px solid #ccc;\">&nbsp;<\/td>\n        <td style=\"border:none; border-bottom:1px solid #ccc;\">Digitale Unterst\u00fctzung zu inklusiver Teilhabe (DUziT): Adressat:innenorientierte Technologieentwicklung und kooperative Wissensproduktion im Kontext der UN-BRK<\/td><td style=\"border:none; border-bottom:1px solid #ccc;\">Mario Schreiner<\/td><\/tr>\n      <tr>\n        <td style=\"border:none; border-bottom:1px solid #ccc;\">&nbsp;<\/td>\n        <td style=\"border:none; border-bottom:1px solid #ccc;\">&nbsp;<\/td>\n        <td style=\"border:none; border-bottom:1px solid #ccc;\">&nbsp;<\/td>\n      <\/tr>\n\n      <tr>\n        <td style=\"border:none; border-bottom:1px solid #ccc;\"><strong>C29<\/strong><\/td><td style=\"border:none; border-bottom:1px solid #ccc;\" colspan=\"2\">\n          <strong>Forschungswerkstatt Digitales: Partizipative App-Entwicklung aus transdisziplin\u00e4rer Perspektive<\/strong>\n          <br><em>Moderation: .\/.<\/em>\n        <\/td><\/tr><tr>\n        <td style=\"border:none; border-bottom:1px solid #ccc;\">&nbsp;<\/td>\n        <td style=\"border:none; border-bottom:1px solid #ccc;\">Partizipative App-Entwicklung aus transdisziplin\u00e4rer Perspektive: Zur besseren Verst\u00e4ndlichkeit von Texten durch die KI-gest\u00fctzte App KARLA f\u00fcr und mit Menschen mit Lernschwierigkeiten<\/td><td style=\"border:none; border-bottom:1px solid #ccc;\">Lukas Baumann, Stefanie Frings, Marie-Christin Lueg, Cosima Nellen, Julia Nicklas<\/td><\/tr>\n      <tr>\n        <td style=\"border:none; border-bottom:1px solid #ccc;\">&nbsp;<\/td>\n        <td style=\"border:none; border-bottom:1px solid #ccc;\">&nbsp;<\/td>\n        <td style=\"border:none; border-bottom:1px solid #ccc;\">&nbsp;<\/td>\n      <\/tr>\n\n      <tr>\n        <td style=\"border:none; border-bottom:1px solid #ccc;\"><strong>C30<\/strong><\/td><td style=\"border:none; border-bottom:1px solid #ccc;\" colspan=\"2\">\n          <strong>Themenforum Wohnen &amp; Sozialraum: Partizipation und Mitgestaltung<\/strong>\n          <br><em>Moderation: Julia Tierbach<\/em>\n        <\/td><\/tr><tr>\n        <td style=\"border:none; border-bottom:1px solid #ccc;\">&nbsp;<\/td>\n        <td style=\"border:none; border-bottom:1px solid #ccc;\">elbstvertretung als besonderes Moment sozialr\u00e4umlicher Inklusion<\/td><td style=\"border:none; border-bottom:1px solid #ccc;\">Ken Mertens, Matthias M\u00fcller<\/td><\/tr>\n<tr>\n        <td style=\"border:none; border-bottom:1px solid #ccc;\">&nbsp;<\/td>\n        <td style=\"border:none; border-bottom:1px solid #ccc;\">&gt;Mitbestimmung als Motor f\u00fcr strukturellen Wandel in Organisationen der Eingliederungshilfe \u2013 Erkenntnisse aus dem Projekt \u201eTeilhabe st\u00e4rken \u2013 Wir sind mutig!\u201c<\/td><td style=\"border:none; border-bottom:1px solid #ccc;\">Jessica Bartels, Jana Senger<\/td><\/tr>\n<tr>\n        <td style=\"border:none; border-bottom:1px solid #ccc;\">&nbsp;<\/td>\n        <td style=\"border:none; border-bottom:1px solid #ccc;\">Die k\u00fcnstlerische Bedarfserhebung als co-kreativer Auftakt f\u00fcr inklusive Transformationen in Kunst und Kultur auf kommunaler Ebene<\/td><td style=\"border:none; border-bottom:1px solid #ccc;\">Romi Domkowsky<\/td><\/tr>\n      <tr>\n        <td style=\"border:none; border-bottom:1px solid #ccc;\">&nbsp;<\/td>\n        <td style=\"border:none; border-bottom:1px solid #ccc;\">&nbsp;<\/td>\n        <td style=\"border:none; border-bottom:1px solid #ccc;\">&nbsp;<\/td>\n      <\/tr>\n\n      <tr>\n        <td style=\"border:none; border-bottom:1px solid #ccc;\"><strong>C31<\/strong><\/td><td style=\"border:none; border-bottom:1px solid #ccc;\" colspan=\"2\">\n          <strong>Themenforum Arbeit: Role Modells<\/strong>\n          <br><em>Moderation: Mathilde Niehaus<\/em>\n        <\/td><\/tr>\n<tr>\n        <td style=\"border:none; border-bottom:1px solid #ccc;\">&nbsp;<\/td>\n        <td style=\"border:none; border-bottom:1px solid #ccc;\">Tr\u00e4ume, Visionen und Machbarkeiten \u2013 P\u00e4dagogische Fachkraft mit Trisomie 21<\/td><td style=\"border:none; border-bottom:1px solid #ccc;\">Ulrike Barth, Charlotte Henning<\/td><\/tr>\n<tr>\n        <td style=\"border:none; border-bottom:1px solid #ccc;\">&nbsp;<\/td>\n        <td style=\"border:none; border-bottom:1px solid #ccc;\">Wer profitiert von Role Models mit Behinderungen im Arbeitskontext?<\/td><td style=\"border:none; border-bottom:1px solid #ccc;\">Jana Bauer, Jana Buckermann, Rebecca Gro\u00df, Lea Helmrich, Mathilde Niehaus, Karoline Rhein<\/td><\/tr><\/tbody><\/table><\/figure>\n\n\n\n<h2 class=\"wp-block-heading\">Freitag, 11. September 2026, 14:30\u201316:00 Uhr<\/h2>\n\n\n\n<figure class=\"wp-block-table\">\n  <figure class=\"wp-block-table\">\n  <\/figure><table style=\"width:100%; table-layout:fixed; border-collapse:collapse;\">\n    <colgroup>\n      <col style=\"width:10%;\">\n      <col style=\"width:45%;\">\n      <col style=\"width:45%;\">\n    <\/colgroup>\n\n    <tbody>\n\n      <tr>\n        <td style=\"border:none; border-bottom:1px solid #ccc;\">&nbsp;<\/td>\n        <td style=\"border:none; border-bottom:1px solid #ccc;\">&nbsp;<\/td>\n        <td style=\"border:none; border-bottom:1px solid #ccc;\">&nbsp;<\/td>\n      <\/tr>\n\n      <tr>\n        <td style=\"border:none; border-bottom:1px solid #ccc;\"><strong>D31<\/strong><\/td>\n        <td style=\"border:none; border-bottom:1px solid #ccc;\" colspan=\"2\">\n          <strong>Themenforum Politik &amp; Planung: Lokale Teilhabe- und Selbstvertretungsstrukturen: Kommunale Realit\u00e4t zwischen allt\u00e4glicher Selbstverst\u00e4ndlichkeit und Unzug\u00e4nglichkeit<\/strong>\n          <br><em>Moderation: Lena Bertelmann<\/em>\n        <\/td>\n      <\/tr>\n\n      <tr>\n        <td style=\"border:none; border-bottom:1px solid #ccc;\">&nbsp;<\/td>\n        <td style=\"border:none; border-bottom:1px solid #ccc;\">Wie entsteht politische Teilhabe? Wirkmechanismen eines partizipationsf\u00f6rdernden Umfelds in kleinen Gemeinden<\/td>\n        <td style=\"border:none; border-bottom:1px solid #ccc;\">Eva Konieczny<\/td>\n      <\/tr>\n\n      <tr>\n        <td style=\"border:none; border-bottom:1px solid #ccc;\">&nbsp;<\/td>\n        <td style=\"border:none; border-bottom:1px solid #ccc;\">Un_Zug\u00e4nglichkeiten von Selbstvertretungen. Erfahrungen junger Menschen in der Kinder- und Jugendhilfe und der Eingliederungshilfe<\/td>\n        <td style=\"border:none; border-bottom:1px solid #ccc;\">Alexandra Klein, Stephanie Langer, Kathrin Schulze<\/td>\n      <\/tr>\n\n      <tr>\n        <td style=\"border:none; border-bottom:1px solid #ccc;\">&nbsp;<\/td>\n        <td style=\"border:none; border-bottom:1px solid #ccc;\">&nbsp;<\/td>\n        <td style=\"border:none; border-bottom:1px solid #ccc;\">&nbsp;<\/td>\n      <\/tr>\n\n      <!-- D32 -->\n      <tr>\n        <td style=\"border:none; border-bottom:1px solid #ccc;\"><strong>D32<\/strong><\/td>\n        <td style=\"border:none; border-bottom:1px solid #ccc;\" colspan=\"2\">\n          <strong>Themenforum Arbeit: Barrierefreie Arbeitsgestaltung<\/strong>\n          <br><em>Moderation: Gudrun Wansing<\/em>\n        <\/td>\n      <\/tr>\n\n      <tr>\n        <td style=\"border:none; border-bottom:1px solid #ccc;\">&nbsp;<\/td>\n        <td style=\"border:none; border-bottom:1px solid #ccc;\">Teilhabe am Arbeitsplatz: Wie behinderte Besch\u00e4ftigte soziale Ressourcen bei der Arbeit beziehen und gestalten<\/td>\n        <td style=\"border:none; border-bottom:1px solid #ccc;\">Tomke S. Gerdes, Lena H\u00fcnefeld, Sophie Teborg<\/td>\n      <\/tr>\n\n      <tr>\n        <td style=\"border:none; border-bottom:1px solid #ccc;\">&nbsp;<\/td>\n        <td style=\"border:none; border-bottom:1px solid #ccc;\">\u201eOhne Sprache ist es schwer, zu arbeiten und zu leben\u201c \u2013 der Zugang zu Arbeit von Menschen mit Behinderungen und Einwanderungsgeschichte<\/td>\n        <td style=\"border:none; border-bottom:1px solid #ccc;\">Ulrike Peters, Tonia Rambausek-Ha\u00df, Gudrun Wansing<\/td>\n      <\/tr>\n\n      <tr>\n        <td style=\"border:none; border-bottom:1px solid #ccc;\">&nbsp;<\/td>\n        <td style=\"border:none; border-bottom:1px solid #ccc;\">Barrierefreier Zugang zu Schulgeb\u00e4uden in \u00f6ffentlicher Tr\u00e4gerschaft \u2013 einfach L\u00e4ndersache (?)<\/td>\n        <td style=\"border:none; border-bottom:1px solid #ccc;\">Berit Kristin Dose<\/td>\n      <\/tr>\n\n      <tr>\n        <td style=\"border:none; border-bottom:1px solid #ccc;\">&nbsp;<\/td>\n        <td style=\"border:none; border-bottom:1px solid #ccc;\">&nbsp;<\/td>\n        <td style=\"border:none; border-bottom:1px solid #ccc;\">&nbsp;<\/td>\n      <\/tr>\n\n      <!-- D33 -->\n      <tr>\n        <td style=\"border:none; border-bottom:1px solid #ccc;\"><strong>D33<\/strong><\/td>\n        <td style=\"border:none; border-bottom:1px solid #ccc;\" colspan=\"2\">\n          <strong>Themenforum Eingliederungshilfe: Teilhabe und Verfahren f\u00fcr Menschen mit Behinderungen<\/strong>\n          <br><em>Moderation: Anna-Lena Neufeld<\/em>\n        <\/td>\n      <\/tr>\n\n      <tr>\n        <td style=\"border:none; border-bottom:1px solid #ccc;\">&nbsp;<\/td>\n        <td style=\"border:none; border-bottom:1px solid #ccc;\">Teilhabe von Menschen mit Behinderung im Gesamtplanverfahren nach \u00a7\u00a7 117 ff. SGB IX durch ein leistungserbringerverortetes Teilhabemanagement<\/td>\n        <td style=\"border:none; border-bottom:1px solid #ccc;\">Anna-Lena Neufeld<\/td>\n      <\/tr>\n\n      <tr>\n        <td style=\"border:none; border-bottom:1px solid #ccc;\">&nbsp;<\/td>\n        <td style=\"border:none; border-bottom:1px solid #ccc;\">Demokratisierung und Machtransfer in der Eingliederungshilfe \u2013 Powersharing als Anspruch an und Herausforderung f\u00fcr die Heilp\u00e4dagogik<\/td>\n        <td style=\"border:none; border-bottom:1px solid #ccc;\">Simon Baumann<\/td>\n      <\/tr>\n\n      <tr>\n        <td style=\"border:none; border-bottom:1px solid #ccc;\">&nbsp;<\/td>\n        <td style=\"border:none; border-bottom:1px solid #ccc;\">\u201eUnabdingbar und herausfordernd \u2013 Elternassistenz aus Sicht von Assistenznehmenden\u201c<\/td>\n        <td style=\"border:none; border-bottom:1px solid #ccc;\">Birgit Behrisch<\/td>\n      <\/tr>\n\n      <tr>\n        <td style=\"border:none; border-bottom:1px solid #ccc;\">&nbsp;<\/td>\n        <td style=\"border:none; border-bottom:1px solid #ccc;\">&nbsp;<\/td>\n        <td style=\"border:none; border-bottom:1px solid #ccc;\">&nbsp;<\/td>\n      <\/tr>\n\n      <!-- D34 -->\n      <tr>\n        <td style=\"border:none; border-bottom:1px solid #ccc;\"><strong>D34<\/strong><\/td>\n        <td style=\"border:none; border-bottom:1px solid #ccc;\">\n          <strong>Themenforum Schule &amp; Ausbildung: Schulbegleitung und die Gestaltung von \u00dcberg\u00e4ngen<\/strong>\n          <br><em>Moderation: Hanna Weinbach<\/em>\n        <\/td>\n        <td style=\"border:none; border-bottom:1px solid #ccc;\">&nbsp;<\/td>\n      <\/tr>\n\n\n\n     \n\n      <tr>\n        <td style=\"border:none; border-bottom:1px solid #ccc;\">&nbsp;<\/td>\n        <td style=\"border:none; border-bottom:1px solid #ccc;\">\u201eDie guten Geister\u201c \u2013 systemische Schulbegleitungen aus Kindersicht<\/td>\n        <td style=\"border:none; border-bottom:1px solid #ccc;\">Kathrin Aghamiri, Ellen Bogorinsky<\/td>\n      <\/tr>\n\n      <tr>\n        <td style=\"border:none; border-bottom:1px solid #ccc;\">&nbsp;<\/td>\n        <td style=\"border:none; border-bottom:1px solid #ccc;\">&nbsp;<\/td>\n        <td style=\"border:none; border-bottom:1px solid #ccc;\">&nbsp;<\/td>\n      <\/tr>\n\n      <!-- D35 -->\n      <tr>\n        <td style=\"border:none; border-bottom:1px solid #ccc;\"><strong>D35<\/strong><\/td>\n        <td style=\"border:none; border-bottom:1px solid #ccc;\" colspan=\"2\">\n          <strong>Themenforum Alter: Alter, Kognition und Vulnerabilit\u00e4t<\/strong>\n          <br><em>Moderation: Julia Tierbach<\/em>\n        <\/td>\n      <\/tr>\n\n      <tr>\n        <td style=\"border:none; border-bottom:1px solid #ccc;\">&nbsp;<\/td>\n        <td style=\"border:none; border-bottom:1px solid #ccc;\">Kommunikative Vulnerabilit\u00e4t im Alter: Zur Fragilit\u00e4t von Verst\u00e4ndigung bei geistiger und komplexer Behinderung<\/td>\n        <td style=\"border:none; border-bottom:1px solid #ccc;\">Timo Dins, Alina Meierjohann<\/td>\n      <\/tr>\n\n      <tr>\n        <td style=\"border:none; border-bottom:1px solid #ccc;\">&nbsp;<\/td>\n        <td style=\"border:none; border-bottom:1px solid #ccc;\">Teilhabe- und Alter(n)sforschung vereint: M\u00f6glichkeiten, Grenzen und erste Ergebnisse aus Sekund\u00e4rdatenanalysen des Teilhabesurveys der Bundesregierung<\/td>\n        <td style=\"border:none; border-bottom:1px solid #ccc;\">Pia Friedrichs, Lara Wittek<\/td>\n      <\/tr>\n\n      <tr>\n        <td style=\"border:none; border-bottom:1px solid #ccc;\">&nbsp;<\/td>\n        <td style=\"border:none; border-bottom:1px solid #ccc;\">Partizipative Sozialraumanalyse im l\u00e4ndlichen Raum: Potenziale der App-basierten Photovoice-Methode<\/td>\n        <td style=\"border:none; border-bottom:1px solid #ccc;\">Anne Banzhaf<\/td>\n      <\/tr>\n\n      <tr>\n        <td style=\"border:none; border-bottom:1px solid #ccc;\">&nbsp;<\/td>\n        <td style=\"border:none; border-bottom:1px solid #ccc;\">&nbsp;<\/td>\n        <td style=\"border:none; border-bottom:1px solid #ccc;\">&nbsp;<\/td>\n      <\/tr>\n\n      <!-- D37 -->\n      <tr>\n        <td style=\"border:none; border-bottom:1px solid #ccc;\"><strong>D37<\/strong><\/td>\n        <td style=\"border:none; border-bottom:1px solid #ccc;\" colspan=\"2\">\n          <strong>Forschungswerkstatt Forschung &amp; Diskurs: Schutz von sog. vulnerablen Gruppen in der Teilhabeforschung \u2013 Institutionelle Schutzkonzepte als sinnvoller Baustein<\/strong>\n          <br><em>Moderation: .\/.<\/em>\n        <\/td>\n      <\/tr>\n\n      <tr>\n        <td style=\"border:none; border-bottom:1px solid #ccc;\">&nbsp;<\/td>\n        <td style=\"border:none; border-bottom:1px solid #ccc;\">Institutionelle Schutzkonzepte in der Forschung \u2013 ein sinnvoller Baustein zum Schutz von sog. vulnerablen Gruppen in der Teilhabeforschung<\/td>\n        <td style=\"border:none; border-bottom:1px solid #ccc;\">Ursula B\u00f6ing, Sabine Sch\u00e4per, Judith Sellmeyer, Heike Wiemert<\/td>\n      <\/tr>\n\n      <tr>\n        <td style=\"border:none; border-bottom:1px solid #ccc;\">&nbsp;<\/td>\n        <td style=\"border:none; border-bottom:1px solid #ccc;\">&nbsp;<\/td>\n        <td style=\"border:none; border-bottom:1px solid #ccc;\">&nbsp;<\/td>\n      <\/tr>\n\n      <!-- D38 -->\n      <tr>\n        <td style=\"border:none; border-bottom:1px solid #ccc;\"><strong>D38<\/strong><\/td>\n        <td style=\"border:none; border-bottom:1px solid #ccc;\" colspan=\"2\">\n          <strong>Forschungswerkstatt Digitales: KI-gest\u00fctzte Assistenzsysteme f\u00fcr Teilhabe am Arbeitsleben \u2013 KI-Technologien erleben, Potenziale und Herausforderungen erkennen, Einsatzszenarien entwickeln<\/strong>\n          <br><em>Moderation: .\/.<\/em>\n        <\/td>\n      <\/tr>\n\n      <tr>\n        <td style=\"border:none; border-bottom:1px solid #ccc;\">&nbsp;<\/td>\n        <td style=\"border:none; border-bottom:1px solid #ccc;\">KI-gest\u00fctzte Assistenzsysteme f\u00fcr Teilhabe am Arbeitsleben \u2013 KI-Technologien erleben, Potenziale und Herausforderungen erkennen, Einsatzszenarien entwickeln<\/td>\n        <td style=\"border:none; border-bottom:1px solid #ccc;\">Barbara Lippa, Petko Maznev<\/td>\n      <\/tr>\n\n      <tr>\n        <td style=\"border:none; border-bottom:1px solid #ccc;\">&nbsp;<\/td>\n        <td style=\"border:none; border-bottom:1px solid #ccc;\">&nbsp;<\/td>\n        <td style=\"border:none; border-bottom:1px solid #ccc;\">&nbsp;<\/td>\n      <\/tr>\n\n      <!-- D39 -->\n      <tr>\n        <td style=\"border:none; border-bottom:1px solid #ccc;\"><strong>D39<\/strong><\/td>\n        <td style=\"border:none; border-bottom:1px solid #ccc;\" colspan=\"2\">\n          <strong>Themenforum Wohnen &amp; Sozialraum: Teilhabe unter stark ver\u00e4nderten Lebensbedingungen<\/strong>\n          <br><em>Moderation: Annette Sterr<\/em>\n        <\/td>\n      <\/tr>\n\n      <tr>\n        <td style=\"border:none; border-bottom:1px solid #ccc;\">&nbsp;<\/td>\n        <td style=\"border:none; border-bottom:1px solid #ccc;\">Zusammenhang zwischen Teilhabebeeintr\u00e4chtigungen und Lebensqualit\u00e4t nach erworbenen Hirnsch\u00e4digungen beim \u00dcbergang in den Sozialraum<\/td>\n        <td style=\"border:none; border-bottom:1px solid #ccc;\">A. Clemens, C. Dohle, D. Kelle, Annette Sterr, Maja Wiest, L. Z\u00fchl<\/td>\n      <\/tr>\n\n      <tr>\n        <td style=\"border:none; border-bottom:1px solid #ccc;\">&nbsp;<\/td>\n        <td style=\"border:none; border-bottom:1px solid #ccc;\">Gelebte Partizipation nach erfahrener Hirnsch\u00e4digung \u2013 Eine fruchtbare Verzahnung von Teilhabe- und Netzwerkforschung<\/td>\n        <td style=\"border:none; border-bottom:1px solid #ccc;\">Katrin Lake<\/td>\n      <\/tr>\n\n      <tr>\n        <td style=\"border:none; border-bottom:1px solid #ccc;\">&nbsp;<\/td>\n        <td style=\"border:none; border-bottom:1px solid #ccc;\">&nbsp;<\/td>\n        <td style=\"border:none; border-bottom:1px solid #ccc;\">&nbsp;<\/td>\n      <\/tr>\n\n      <!-- D40 -->\n      <tr>\n        <td style=\"border:none; border-bottom:1px solid #ccc;\"><strong>D40<\/strong><\/td>\n        <td style=\"border:none; border-bottom:1px solid #ccc;\" colspan=\"2\">\n          <strong>Themenforum Forschung &amp; Diskurs: Teilhabe in Zahlen \u2013 Surveys nach Art. 31 UN-BRK<\/strong>\n          <br><em>Moderation: Markus Sch\u00e4fers<\/em>\n        <\/td>\n      <\/tr>\n\n      <tr>\n        <td style=\"border:none; border-bottom:1px solid #ccc;\">&nbsp;<\/td>\n        <td style=\"border:none; border-bottom:1px solid #ccc;\">Surveys zu Behinderung und Teilhabe \u2013 ein internationaler Vergleich<\/td>\n        <td style=\"border:none; border-bottom:1px solid #ccc;\">Markus Sch\u00e4fers<\/td>\n      <\/tr>\n\n      <tr>\n        <td style=\"border:none; border-bottom:1px solid #ccc;\">&nbsp;<\/td>\n        <td style=\"border:none; border-bottom:1px solid #ccc;\">Der Teilhabesurvey in zwei Wellen: Studiendesign, methodische Herausforderungen und zentrale Befunde<\/td>\n        <td style=\"border:none; border-bottom:1px solid #ccc;\">Julia Harand<\/td>\n      <\/tr>\n\n      <tr>\n        <td style=\"border:none; border-bottom:1px solid #ccc;\">&nbsp;<\/td>\n        <td style=\"border:none; border-bottom:1px solid #ccc;\">&nbsp;<\/td>\n        <td style=\"border:none; border-bottom:1px solid #ccc;\">&nbsp;<\/td>\n      <\/tr>\n\n      <!-- D41 -->\n      <tr>\n        <td style=\"border:none; border-bottom:1px solid #ccc;\"><strong>D41<\/strong><\/td>\n        <td style=\"border:none; border-bottom:1px solid #ccc;\" colspan=\"2\">\n          <strong>Forschungswerkstatt Schule &amp; Ausbildung: Teilhabe in Ausbildung und Arbeit<\/strong>\n          <br><em>Moderation: .\/.<\/em>\n        <\/td>\n      <\/tr>\n\n      <tr>\n        <td style=\"border:none; border-bottom:1px solid #ccc;\">&nbsp;<\/td>\n        <td style=\"border:none; border-bottom:1px solid #ccc;\">Forschungswerkstatt zur Teilhabe junger Menschen mit Behinderung in Ausbildung und Arbeit<\/td>\n        <td style=\"border:none; border-bottom:1px solid #ccc;\">Marie Heide, Mathilde Niehaus<\/td>\n      <\/tr>\n\n      <tr>\n        <td style=\"border:none; border-bottom:1px solid #ccc;\">&nbsp;<\/td>\n        <td style=\"border:none; border-bottom:1px solid #ccc;\">&nbsp;<\/td>\n        <td style=\"border:none; border-bottom:1px solid #ccc;\">&nbsp;<\/td>\n      <\/tr>\n\n    <\/tbody>\n  <\/table>\n<\/figure>\n","protected":false},"excerpt":{"rendered":"<p>Donnerstag, 10. September 2026, 13:45\u201315:15 Uhr &nbsp; &nbsp; &nbsp; A1 Themenforum Politik &amp; Planung: Herausforderungen und Perspektiven in der kommunalen Aktionsplanung zur Umsetzung der UN-BRK Moderation: Lena Bertelmann &nbsp; Die UN-BRK als Innovation!? Stolpersteine und f\u00f6rderliche Faktoren kommunaler Planungen Matthias Kempf &nbsp; Im \u201aMaschinenraum\u2018: Verwaltungsorganisation als Herausforderung kommunaler Aktivit\u00e4ten und Planungen zur Umsetzung der UN-BRK [&hellip;]<\/p>\n","protected":false},"author":12,"featured_media":0,"parent":0,"menu_order":0,"comment_status":"closed","ping_status":"closed","template":"","meta":{"footnotes":""},"class_list":["post-1519","page","type-page","status-publish","hentry","post"],"_links":{"self":[{"href":"https:\/\/zpe.uni-siegen.de\/teilhabekongress2026\/wp-json\/wp\/v2\/pages\/1519","targetHints":{"allow":["GET"]}}],"collection":[{"href":"https:\/\/zpe.uni-siegen.de\/teilhabekongress2026\/wp-json\/wp\/v2\/pages"}],"about":[{"href":"https:\/\/zpe.uni-siegen.de\/teilhabekongress2026\/wp-json\/wp\/v2\/types\/page"}],"author":[{"embeddable":true,"href":"https:\/\/zpe.uni-siegen.de\/teilhabekongress2026\/wp-json\/wp\/v2\/users\/12"}],"replies":[{"embeddable":true,"href":"https:\/\/zpe.uni-siegen.de\/teilhabekongress2026\/wp-json\/wp\/v2\/comments?post=1519"}],"version-history":[{"count":67,"href":"https:\/\/zpe.uni-siegen.de\/teilhabekongress2026\/wp-json\/wp\/v2\/pages\/1519\/revisions"}],"predecessor-version":[{"id":1634,"href":"https:\/\/zpe.uni-siegen.de\/teilhabekongress2026\/wp-json\/wp\/v2\/pages\/1519\/revisions\/1634"}],"wp:attachment":[{"href":"https:\/\/zpe.uni-siegen.de\/teilhabekongress2026\/wp-json\/wp\/v2\/media?parent=1519"}],"curies":[{"name":"wp","href":"https:\/\/api.w.org\/{rel}","templated":true}]}}